{"id":163,"date":"2012-07-17T19:02:35","date_gmt":"2012-07-17T17:02:35","guid":{"rendered":"http:\/\/campus.usal.es\/~gimmlaser\/?page_id=163"},"modified":"2018-01-29T12:40:17","modified_gmt":"2018-01-29T11:40:17","slug":"servicios","status":"publish","type":"page","link":"https:\/\/laser.usal.es\/alf\/es\/servicios\/","title":{"rendered":"Servicios"},"content":{"rendered":"<section class=\"section  text-normal section-text-no-shadow section-inner-no-shadow section-normal section-opaque\"  id=\"servicios\" >\n    \n    <div class=\"background-overlay grid-overlay-0 \" style=\"background-color: rgba(0,0,0,0);\"><\/div>\n\n    <div class=\"container container-vertical-default\">\n        <div class=\"row vertical-default\">\n            <div class=\"col-md-12     text-default small-screen-default\"  ><div class=\"divider-wrapper \" style=\"visibility:hidden;background-color:#FFFFFF\">\n    <div class=\"visible-xs\" style=\"height:24px;\"><\/div>\n    <div class=\"visible-sm\" style=\"height:24px;\"><\/div>\n    <div class=\"visible-md\" style=\"height:24px;\"><\/div>\n    <div class=\"visible-lg\" style=\"height:24px;\"><\/div>\n<\/div><div class=\"divider-border  divider-border-center element-top-20 element-bottom-20\" data-os-animation=\"none\" data-os-animation-delay=\"0s\" >\n    <div class=\"divider-border-inner\"  style=\"background:rgba(153, 0, 0, 0.8); \"><\/div>\n<\/div><p class=\"lead text-center center  text-normal element-top-20 element-bottom-20\" data-os-animation=\"none\" data-os-animation-delay=\"0s\">Nuestro grupo ofrece una serie de servicios cuyo objetivo es el fomento de la transferencia de la tecnolog\u00eda de pulsos l\u00e1ser ultracortos a la industria, m\u00e1s all\u00e1 de la disposici\u00f3n siempre existente a establecer nuevas colaboraciones cient\u00edficas a nivel de ciencia b\u00e1sica o aplicaciones tecnol\u00f3gicas.<\/p>\n<p>Si est\u00e1 interesado en solicitar nuestros servicios, contacte con nosotros, en las direcciones de correo electr\u00f3nico que le proporcionamos. Estudiaremos su propuesta, haremos una primera valoraci\u00f3n y si fuera el caso, pruebas preliminares sin coste y un presupuesto dise\u00f1ado para sus necesidades.<\/p><div class=\"col-text-1 text-normal  element-top-20 element-bottom-20\" data-os-animation=\"none\" data-os-animation-delay=\"0s\">\n    <p>Como referencia, nuestras tarifas para 2015 son (incluyendo mano de obra y utilizaci\u00f3n de nuestro equipos):<\/p>\n<\/div>\n<div class=\"panel panel-info  element-top-20 element-bottom-20\" data-os-animation=\"none\" data-os-animation-delay=\"0s\">\n        <div class=\"panel-body\">\n        <ul class=\"pricing-item-list  text-normal element-top-20 element-bottom-20\" data-os-animation=\"none\" data-os-animation-delay=\"0s\">\n    <li class=\"pricing-cirle  element-top-20 element-bottom-20 \" data-os-animation=\"none\" data-os-animation-delay=\"0s\">    <div class=\"pricing-item-list-content\">\n        <h3>\n            Universidad de Salamanca <span>50\u20ac \/ hora<\/span>\n        <\/h3>    <\/div>\n<\/li><li class=\"pricing-cirle  element-top-20 element-bottom-20 \" data-os-animation=\"none\" data-os-animation-delay=\"0s\">    <div class=\"pricing-item-list-content\">\n        <h3>\n            Organismos p\u00fablicos de investigaci\u00f3n <span>75\u20ac \/ hora<\/span>\n        <\/h3>    <\/div>\n<\/li><li class=\"pricing-cirle  element-top-20 element-bottom-20 \" data-os-animation=\"none\" data-os-animation-delay=\"0s\">    <div class=\"pricing-item-list-content\">\n        <h3>\n            Empresas y Centros Tecnol\u00f3gicos <span>100\u20ac \/ hora<\/span>\n        <\/h3>    <\/div>\n<\/li><\/ul>    <\/div>\n<\/div><hr class=\" element-top-20 element-bottom-20\" data-os-animation=\"none\" data-os-animation-delay=\"0s\"><div class=\"col-text-1 text-normal  element-top-20 element-bottom-20\" data-os-animation=\"none\" data-os-animation-delay=\"0s\">\n    <h2 style=\"text-align: center;\">De forma resumida, los servicios que ofrecemos son:<\/h2>\n<\/div>\n<div class=\"row \"><div class=\"col-md-2     text-default small-screen-default\"  ><\/div><div class=\"col-md-8     text-default small-screen-default\"  ><div class=\"col-text-1 text-normal  element-top-20 element-bottom-20\" data-os-animation=\"none\" data-os-animation-delay=\"0s\">\n    <h3><strong>Procesado de materiales de inter\u00e9s industrial:<\/strong><\/h3>\n<p>Contacto: Pablo Moreno (<a href=\"mailto:pmoreno@usal.es\">pmoreno@usal.es<\/a>)<\/p>\n<\/div>\n<\/div><div class=\"col-md-2     text-default small-screen-default\"  ><\/div><\/div><div class=\"list-container row  element-top-20 element-bottom-20\" data-os-animation=\"none\" data-os-animation-delay=\"0s\">\n<div class=\"col-md-3 text-normal element-top-0 element-bottom-20 text-center\" data-os-animation=\"none\" data-os-animation-delay=\"0s\">\n                    <div class=\"box box-rect box-big box-simple\">\n            <div class=\"box-dummy\"><\/div>\n                            <a class=\"box-inner grid-overlay-0\" href=\"https:\/\/laser.usal.es\/alf\/our-services\/micromecanizado-mediante-ablacion-laser-ultrarrapida-de-todo-tipo-de-materiales\/\" target=\"_self\" >\n                        <div class=\"box-animate\" data-animation=\"bounce\">\n                                    <img fetchpriority=\"high\" decoding=\"async\" width=\"534\" height=\"385\" src=\"https:\/\/laser.usal.es\/alf\/wp-content\/uploads\/2017\/05\/PorosSEM.jpg\" class=\"attachment-rect-image size-rect-image\" alt=\"Micromecanizado mediante ablaci\u00f3n l\u00e1ser ultrarr\u00e1pida de todo tipo de materiales\" srcset=\"https:\/\/laser.usal.es\/alf\/wp-content\/uploads\/2017\/05\/PorosSEM.jpg 534w, https:\/\/laser.usal.es\/alf\/wp-content\/uploads\/2017\/05\/PorosSEM-300x216.jpg 300w\" sizes=\"(max-width: 534px) 100vw, 534px\" \/>                            <\/div>\n                            <\/a>\n                    <\/div>\n                        <h3>\n                            <a href=\"https:\/\/laser.usal.es\/alf\/our-services\/micromecanizado-mediante-ablacion-laser-ultrarrapida-de-todo-tipo-de-materiales\/\" target=\"_self\">\n                        Micromecanizado mediante ablaci\u00f3n l\u00e1ser ultrarr\u00e1pida de todo tipo de materiales                            <\/a>\n                    <\/h3>\n                <p><\/p>\n        <\/div><div class=\"col-md-3 text-normal element-top-0 element-bottom-20 text-center\" data-os-animation=\"none\" data-os-animation-delay=\"0s\">\n                    <div class=\"box box-rect box-big box-simple\">\n            <div class=\"box-dummy\"><\/div>\n                            <a class=\"box-inner grid-overlay-0\" href=\"https:\/\/laser.usal.es\/alf\/our-services\/micro-y-nanoestructurado-de-superficies\/\" target=\"_self\" >\n                        <div class=\"box-animate\" data-animation=\"bounce\">\n                                    <img decoding=\"async\" width=\"768\" height=\"576\" data-src=\"https:\/\/laser.usal.es\/alf\/wp-content\/uploads\/2017\/05\/Si1x10000.jpg\" class=\"attachment-rect-image size-rect-image lazyload\" alt=\"Micro- y nanoestructurado de superficies\" data-srcset=\"https:\/\/laser.usal.es\/alf\/wp-content\/uploads\/2017\/05\/Si1x10000.jpg 768w, https:\/\/laser.usal.es\/alf\/wp-content\/uploads\/2017\/05\/Si1x10000-300x225.jpg 300w\" data-sizes=\"(max-width: 768px) 100vw, 768px\" src=\"data:image\/svg+xml;base64,PHN2ZyB3aWR0aD0iMSIgaGVpZ2h0PSIxIiB4bWxucz0iaHR0cDovL3d3dy53My5vcmcvMjAwMC9zdmciPjwvc3ZnPg==\" style=\"--smush-placeholder-width: 768px; --smush-placeholder-aspect-ratio: 768\/576;\" \/>                            <\/div>\n                            <\/a>\n                    <\/div>\n                        <h3>\n                            <a href=\"https:\/\/laser.usal.es\/alf\/our-services\/micro-y-nanoestructurado-de-superficies\/\" target=\"_self\">\n                        Micro- y nanoestructurado de superficies                            <\/a>\n                    <\/h3>\n                <p><\/p>\n        <\/div><div class=\"col-md-3 text-normal element-top-0 element-bottom-20 text-center\" data-os-animation=\"none\" data-os-animation-delay=\"0s\">\n                    <div class=\"box box-rect box-big box-simple\">\n            <div class=\"box-dummy\"><\/div>\n                            <a class=\"box-inner grid-overlay-0\" href=\"https:\/\/laser.usal.es\/alf\/our-services\/espectroscopia-libs-con-femtosegundos-analisis-elemental-superficial-y-depth-profiling-en-materiales-multicapa\/\" target=\"_self\" >\n                        <div class=\"box-animate\" data-animation=\"bounce\">\n                                    <img decoding=\"async\" width=\"768\" height=\"576\" data-src=\"https:\/\/laser.usal.es\/alf\/wp-content\/uploads\/2017\/03\/Proc.jpg\" class=\"attachment-rect-image size-rect-image lazyload\" alt=\"Espectroscopia LIBS con femtosegundos: an\u00e1lisis elemental superficial y depth profiling en materiales multicapa\" data-srcset=\"https:\/\/laser.usal.es\/alf\/wp-content\/uploads\/2017\/03\/Proc.jpg 768w, https:\/\/laser.usal.es\/alf\/wp-content\/uploads\/2017\/03\/Proc-300x225.jpg 300w\" data-sizes=\"(max-width: 768px) 100vw, 768px\" src=\"data:image\/svg+xml;base64,PHN2ZyB3aWR0aD0iMSIgaGVpZ2h0PSIxIiB4bWxucz0iaHR0cDovL3d3dy53My5vcmcvMjAwMC9zdmciPjwvc3ZnPg==\" style=\"--smush-placeholder-width: 768px; --smush-placeholder-aspect-ratio: 768\/576;\" \/>                            <\/div>\n                            <\/a>\n                    <\/div>\n                        <h3>\n                            <a href=\"https:\/\/laser.usal.es\/alf\/our-services\/espectroscopia-libs-con-femtosegundos-analisis-elemental-superficial-y-depth-profiling-en-materiales-multicapa\/\" target=\"_self\">\n                        Espectroscopia LIBS con femtosegundos: an\u00e1lisis elemental superficial y depth profiling en materiales multicapa                            <\/a>\n                    <\/h3>\n                <p><\/p>\n        <\/div><div class=\"col-md-3 text-normal element-top-0 element-bottom-20 text-center\" data-os-animation=\"none\" data-os-animation-delay=\"0s\">\n                    <div class=\"box box-rect box-big box-simple\">\n            <div class=\"box-dummy\"><\/div>\n                            <a class=\"box-inner grid-overlay-0\" href=\"https:\/\/laser.usal.es\/alf\/our-services\/produccion-de-distribuciones-coloidales-monodispersas-de-nanoparticulas-de-metales-semiconductores-polimeros-cristales-opticos-ceramicos-etc\/\" target=\"_self\" >\n                        <div class=\"box-animate\" data-animation=\"bounce\">\n                                    <img decoding=\"async\" width=\"1024\" height=\"1024\" data-src=\"https:\/\/laser.usal.es\/alf\/wp-content\/uploads\/2017\/05\/image08.jpg\" class=\"attachment-rect-image size-rect-image lazyload\" alt=\"Producci\u00f3n de distribuciones coloidales monodispersas de nanopart\u00edculas de metales, semiconductores, pol\u00edmeros, cristales \u00f3pticos, cer\u00e1micos, etc\" data-srcset=\"https:\/\/laser.usal.es\/alf\/wp-content\/uploads\/2017\/05\/image08.jpg 1024w, https:\/\/laser.usal.es\/alf\/wp-content\/uploads\/2017\/05\/image08-150x150.jpg 150w, https:\/\/laser.usal.es\/alf\/wp-content\/uploads\/2017\/05\/image08-300x300.jpg 300w, https:\/\/laser.usal.es\/alf\/wp-content\/uploads\/2017\/05\/image08-768x768.jpg 768w, https:\/\/laser.usal.es\/alf\/wp-content\/uploads\/2017\/05\/image08-600x600.jpg 600w\" data-sizes=\"(max-width: 1024px) 100vw, 1024px\" src=\"data:image\/svg+xml;base64,PHN2ZyB3aWR0aD0iMSIgaGVpZ2h0PSIxIiB4bWxucz0iaHR0cDovL3d3dy53My5vcmcvMjAwMC9zdmciPjwvc3ZnPg==\" style=\"--smush-placeholder-width: 1024px; --smush-placeholder-aspect-ratio: 1024\/1024;\" \/>                            <\/div>\n                            <\/a>\n                    <\/div>\n                        <h3>\n                            <a href=\"https:\/\/laser.usal.es\/alf\/our-services\/produccion-de-distribuciones-coloidales-monodispersas-de-nanoparticulas-de-metales-semiconductores-polimeros-cristales-opticos-ceramicos-etc\/\" target=\"_self\">\n                        Producci\u00f3n de distribuciones coloidales monodispersas de nanopart\u00edculas de metales, semiconductores, pol\u00edmeros, cristales \u00f3pticos, cer\u00e1micos, etc                            <\/a>\n                    <\/h3>\n                <p><\/p>\n        <\/div><\/div><div class=\"row \"><div class=\"col-md-2     text-default small-screen-default\"  ><\/div><div class=\"col-md-8     text-default small-screen-default\"  ><div class=\"col-text-1 text-normal  element-top-20 element-bottom-20\" data-os-animation=\"none\" data-os-animation-delay=\"0s\">\n    <h3><strong>Fabricaci\u00f3n y caracterizaci\u00f3n de dispositivos fot\u00f3nicos:<\/strong><\/h3>\n<p>Contacto: Javier Rodr\u00edguez (<a href=\"mailto:jrval@usal.es\">jrval@usal.es<\/a>)<\/p>\n<\/div>\n<\/div><div class=\"col-md-2     text-default small-screen-default\"  ><\/div><\/div><div class=\"list-container row  element-top-20 element-bottom-20\" data-os-animation=\"none\" data-os-animation-delay=\"0s\">\n<div class=\"col-md-3 text-normal element-top-0 element-bottom-20 text-center\" data-os-animation=\"none\" data-os-animation-delay=\"0s\">\n                    <div class=\"box box-rect box-big box-simple\">\n            <div class=\"box-dummy\"><\/div>\n                            <a class=\"box-inner grid-overlay-0\" href=\"https:\/\/laser.usal.es\/alf\/our-services\/fabricacion-y-caracterizacion-de-dispositivos-fotonicos-integrados-en-vidrios-y-cristales-guias-de-onda-elementos-difractivos-modificacion-de-indice-o-de-relieve\/\" target=\"_self\" >\n                        <div class=\"box-animate\" data-animation=\"bounce\">\n                                    <img decoding=\"async\" width=\"974\" height=\"666\" data-src=\"https:\/\/laser.usal.es\/alf\/wp-content\/uploads\/2017\/05\/writting1.jpg\" class=\"attachment-rect-image size-rect-image lazyload\" alt=\"Fabricaci\u00f3n y caracterizaci\u00f3n de dispositivos fot\u00f3nicos integrados en vidrios y cristales: gu\u00edas de onda, elementos difractivos (modificaci\u00f3n de \u00edndice o de relieve)\u2026\" data-srcset=\"https:\/\/laser.usal.es\/alf\/wp-content\/uploads\/2017\/05\/writting1.jpg 974w, https:\/\/laser.usal.es\/alf\/wp-content\/uploads\/2017\/05\/writting1-300x205.jpg 300w, https:\/\/laser.usal.es\/alf\/wp-content\/uploads\/2017\/05\/writting1-768x525.jpg 768w\" data-sizes=\"(max-width: 974px) 100vw, 974px\" src=\"data:image\/svg+xml;base64,PHN2ZyB3aWR0aD0iMSIgaGVpZ2h0PSIxIiB4bWxucz0iaHR0cDovL3d3dy53My5vcmcvMjAwMC9zdmciPjwvc3ZnPg==\" style=\"--smush-placeholder-width: 974px; --smush-placeholder-aspect-ratio: 974\/666;\" \/>                            <\/div>\n                            <\/a>\n                    <\/div>\n                        <h3>\n                        Fabricaci\u00f3n y caracterizaci\u00f3n de dispositivos fot\u00f3nicos integrados en vidrios y cristales: gu\u00edas de onda, elementos difractivos (modificaci\u00f3n de \u00edndice o de relieve)\u2026                    <\/h3>\n                <p><\/p>\n        <\/div><div class=\"col-md-3 text-normal element-top-0 element-bottom-20 text-center\" data-os-animation=\"none\" data-os-animation-delay=\"0s\">\n                    <div class=\"box box-rect box-big box-simple\">\n            <div class=\"box-dummy\"><\/div>\n                            <a class=\"box-inner grid-overlay-0\" href=\"https:\/\/laser.usal.es\/alf\/our-services\/caracterizacion-no-lineal-de-materiales-opticos-generacion-de-segundo-armonico-y-de-frecuencias-suma-o-diferencia-indice-de-refraccion-no-lineal\/\" target=\"_self\" >\n                        <div class=\"box-animate\" data-animation=\"bounce\">\n                            <\/div>\n                            <\/a>\n                    <\/div>\n                        <h3>\n                        Caracterizaci\u00f3n no lineal de materiales \u00f3pticos: generaci\u00f3n de segundo arm\u00f3nico y de frecuencias suma o diferencia, \u00edndice de refracci\u00f3n no lineal\u2026                    <\/h3>\n                <p><\/p>\n        <\/div><\/div><\/div>        <\/div>\n    <\/div>\n<\/section>\n\n\n<div class=\"twitter-share\"><a href=\"https:\/\/twitter.com\/intent\/tweet?via=OpticaExtrema\" class=\"twitter-share-button\">Twittear<\/a><\/div>\n","protected":false},"excerpt":{"rendered":"","protected":false},"author":1,"featured_media":0,"parent":0,"menu_order":6,"comment_status":"closed","ping_status":"closed","template":"","meta":{"footnotes":""},"class_list":["post-163","page","type-page","status-publish","hentry"],"_links":{"self":[{"href":"https:\/\/laser.usal.es\/alf\/wp-json\/wp\/v2\/pages\/163","targetHints":{"allow":["GET"]}}],"collection":[{"href":"https:\/\/laser.usal.es\/alf\/wp-json\/wp\/v2\/pages"}],"about":[{"href":"https:\/\/laser.usal.es\/alf\/wp-json\/wp\/v2\/types\/page"}],"author":[{"embeddable":true,"href":"https:\/\/laser.usal.es\/alf\/wp-json\/wp\/v2\/users\/1"}],"replies":[{"embeddable":true,"href":"https:\/\/laser.usal.es\/alf\/wp-json\/wp\/v2\/comments?post=163"}],"version-history":[{"count":17,"href":"https:\/\/laser.usal.es\/alf\/wp-json\/wp\/v2\/pages\/163\/revisions"}],"predecessor-version":[{"id":3251,"href":"https:\/\/laser.usal.es\/alf\/wp-json\/wp\/v2\/pages\/163\/revisions\/3251"}],"wp:attachment":[{"href":"https:\/\/laser.usal.es\/alf\/wp-json\/wp\/v2\/media?parent=163"}],"curies":[{"name":"wp","href":"https:\/\/api.w.org\/{rel}","templated":true}]}}