{"id":374,"date":"2015-01-27T17:32:09","date_gmt":"2015-01-27T17:32:09","guid":{"rendered":"http:\/\/campus.usal.es\/~gimmlaser\/?page_id=374"},"modified":"2025-05-20T11:01:01","modified_gmt":"2025-05-20T10:01:01","slug":"tesis-doctorales","status":"publish","type":"page","link":"https:\/\/laser.usal.es\/alf\/es\/investigacion\/publicaciones\/tesis-doctorales\/","title":{"rendered":"Nuestras tesis Doctorales"},"content":{"rendered":"\t\t<div data-elementor-type=\"wp-page\" data-elementor-id=\"374\" class=\"elementor elementor-374\">\n\t\t\t\t\t\t<section class=\"elementor-section elementor-top-section elementor-element elementor-element-ca2dd02 elementor-section-boxed elementor-section-height-default elementor-section-height-default\" data-id=\"ca2dd02\" data-element_type=\"section\" data-e-type=\"section\">\n\t\t\t\t\t\t<div class=\"elementor-container elementor-column-gap-default\">\n\t\t\t\t\t<div class=\"elementor-column elementor-col-100 elementor-top-column elementor-element elementor-element-e12f540\" data-id=\"e12f540\" data-element_type=\"column\" data-e-type=\"column\">\n\t\t\t<div class=\"elementor-widget-wrap elementor-element-populated\">\n\t\t\t\t\t\t<div class=\"elementor-element elementor-element-87078b5 elementor-widget elementor-widget-text-editor\" data-id=\"87078b5\" data-element_type=\"widget\" data-e-type=\"widget\" data-widget_type=\"text-editor.default\">\n\t\t\t\t<div class=\"elementor-widget-container\">\n\t\t\t\t\t\t\t\t\t<h2 style=\"text-align: center;\">Tesis doctorales dirigidas y\/o realizadas por miembros del grupo<\/h2>\t\t\t\t\t\t\t\t<\/div>\n\t\t\t\t<\/div>\n\t\t\t\t\t<\/div>\n\t\t<\/div>\n\t\t\t\t\t<\/div>\n\t\t<\/section>\n\t\t\t\t<section class=\"elementor-section elementor-top-section elementor-element elementor-element-a745fa9 elementor-section-boxed elementor-section-height-default elementor-section-height-default\" data-id=\"a745fa9\" data-element_type=\"section\" data-e-type=\"section\">\n\t\t\t\t\t\t<div class=\"elementor-container elementor-column-gap-default\">\n\t\t\t\t\t<div class=\"elementor-column elementor-col-100 elementor-top-column elementor-element elementor-element-8f38a9c\" data-id=\"8f38a9c\" data-element_type=\"column\" data-e-type=\"column\">\n\t\t\t<div class=\"elementor-widget-wrap elementor-element-populated\">\n\t\t\t\t\t\t<div class=\"elementor-element elementor-element-f244dfb elementor-widget__width-initial elementor-widget elementor-widget-text-editor\" data-id=\"f244dfb\" data-element_type=\"widget\" data-e-type=\"widget\" data-widget_type=\"text-editor.default\">\n\t\t\t\t<div class=\"elementor-widget-container\">\n\t\t\t\t\t\t\t\t\t<div class=\"infogram-embed\" data-id=\"alftesis_eng-1hnq410vy9z8p23?live\" data-type=\"interactive\"><\/div><script>!function(e,t,s,i){var n=\"InfogramEmbeds\",o=e.getElementsByTagName(\"script\"),d=o[0],r=\/^http:\/.test(e.location)?\"http:\":\"https:\";if(\/^\\\/{2}\/.test(i)&&(i=r+i),window[n]&&window[n].initialized)window[n].process&&window[n].process();else if(!e.getElementById(s)){var a=e.createElement(\"script\");a.async=1,a.id=s,a.src=i,d.parentNode.insertBefore(a,d)}}(document,0,\"infogram-async\",\"\/\/e.infogram.com\/js\/dist\/embed-loader-min.js\");<\/script><\/p>\t\t\t\t\t\t\t\t<\/div>\n\t\t\t\t<\/div>\n\t\t\t\t\t<\/div>\n\t\t<\/div>\n\t\t\t\t\t<\/div>\n\t\t<\/section>\n\t\t\t\t<section class=\"elementor-section elementor-top-section elementor-element elementor-element-479039e9 elementor-section-boxed elementor-section-height-default elementor-section-height-default\" data-id=\"479039e9\" data-element_type=\"section\" data-e-type=\"section\">\n\t\t\t\t\t\t\t<div class=\"elementor-background-overlay\"><\/div>\n\t\t\t\t\t\t\t<div class=\"elementor-container elementor-column-gap-default\">\n\t\t\t\t\t<div class=\"elementor-column elementor-col-100 elementor-top-column elementor-element elementor-element-3f1d7531\" data-id=\"3f1d7531\" data-element_type=\"column\" data-e-type=\"column\">\n\t\t\t<div class=\"elementor-widget-wrap elementor-element-populated\">\n\t\t\t\t\t\t<div class=\"elementor-element elementor-element-1d3b171b elementor-widget elementor-widget-text-editor\" data-id=\"1d3b171b\" data-element_type=\"widget\" data-e-type=\"widget\" data-widget_type=\"text-editor.default\">\n\t\t\t\t<div class=\"elementor-widget-container\">\n\t\t\t\t\t\t\t\t\t<h2 style=\"text-align: center;\">Tesis doctorales presentadas recientemente en el grupo<\/h2><ul><li><strong>Autor<\/strong>: D\u00aa Ana Garc\u00eda Cabrera<ul><li><strong>T\u00edtulo<\/strong>: <em>Efectos de las simetr\u00edas del cristal en la generaci\u00f3n de arm\u00f3nicos altos en grafeno<\/em><\/li><li><strong>Directores<\/strong>: D. Luis Plaja Rustein, D. Carlos Hern\u00e1ndez Garc\u00eda.<\/li><li><strong>Fecha de defensa<\/strong>: \u00a029 de julio de 2024.<\/li><\/ul><\/li><\/ul><hr \/><ul><li><strong>Autor<\/strong>: D\u00aa Alba de las Heras Mu\u00f1oz<ul><li><strong>T\u00edtulo<\/strong>: <a href=\"https:\/\/www.educacion.gob.es\/teseo\/mostrarRef.do?ref=2526021\" target=\"_blank\" rel=\"noopener\"><em>Study of multielectron Dynamics and structured laser beams in attosecond physics<\/em><\/a><\/li><li><strong>Directores<\/strong>: D. Luis Plaja Rustein, D. Carlos Hern\u00e1ndez Garc\u00eda.<\/li><li><strong>Fecha de defensa<\/strong>: \u00a024 de mayo de 2024.<\/li><li><strong>Calificaci\u00f3n<\/strong>: Menci\u00f3n internacional.\u00a0<\/li><\/ul><\/li><\/ul><hr \/><ul><li><strong>Autor<\/strong>: D\u00ba Javier Prada Rodrigo<ul><li><strong>T\u00edtulo<\/strong>: <a href=\"https:\/\/www.educacion.gob.es\/teseo\/mostrarRef.do?ref=2444679\" target=\"_blank\" rel=\"noopener\"><em>Formaci\u00f3n y caracterizaci\u00f3n de micro- y nanoestructuras superficiales en pol\u00edmeros y nanocompuestos polim\u00e9ricos preparadas mediante irradiaci\u00f3n con l\u00e1seres pulsados de nano- y femtosegundos<\/em><\/a><\/li><li><strong>Directores<\/strong>: D. Pablo Moreno Pedraz,\u00a0D\u00aa. Esther Rebollar Gonz\u00e1lez.<\/li><li><strong>Fecha de defensa<\/strong>: \u00a08 de junio de 2023.<\/li><li><strong>Calificaci\u00f3n<\/strong>: Menci\u00f3n internacional.\u00a0<\/li><\/ul><\/li><\/ul><hr \/><ul><li><strong>Autor<\/strong>: D\u00ba Miguel L\u00f3pez Ripa<ul><li><strong>T\u00edtulo<\/strong>: <em>Desarrollo de t\u00e9cnicas ultraestables para la caracterizaci\u00f3n de haces l\u00e1ser ultracortos<\/em><\/li><li><strong>Directores<\/strong>: \u00a0\u00cd\u00f1igo Juan Sola Larra\u00f1aga, Benjam\u00edn Alonso Fern\u00e1ndez.<\/li><li><strong>Fecha de defensa<\/strong>: \u00a026 de mayo de 2023.<\/li><\/ul><\/li><\/ul><hr \/><ul><li><strong>Autor<\/strong>: D\u00ba Roberto Boyero Garc\u00eda<ul><li><strong>T\u00edtulo<\/strong>: <a href=\"https:\/\/www.educacion.gob.es\/teseo\/mostrarRef.do?ref=2340351\" target=\"_blank\" rel=\"noopener\"><em>Study of the macroscopic high-order harmonic emission from single-layer graphene<\/em><\/a><\/li><li><strong>Director<\/strong>: Luis Plaja, Carlos Hern\u00e1ndez Garc\u00eda<\/li><li><strong>Fecha de defensa<\/strong>: \u00a021 de noviembre de 2022.<\/li><\/ul><\/li><\/ul><hr \/><ul><li><strong>Autora<\/strong>: D\u00aa Laura Rego Cabezas<ul><li><strong>T\u00edtulo<\/strong>: <a href=\"https:\/\/www.educacion.gob.es\/teseo\/mostrarRef.do?ref=2054265\" target=\"_blank\" rel=\"noopener\"><em>Structuring high-order harmonic generation with the angular momentum of light<\/em><\/a><\/li><li><strong>Director<\/strong>: Luis Plaja, Carlos Hern\u00e1ndez Garc\u00eda<\/li><li><strong>Fecha de defensa<\/strong>: \u00a030 de septiembre de 2021.<\/li><li><strong>Calificaci\u00f3n<\/strong>: Sobresaliente cum Laude (m\u00e1xima calificaci\u00f3n). Menci\u00f3n internacional. Premio Extraordinario de Doctorado.<\/li><\/ul><\/li><\/ul><hr \/><ul><li><strong>Autora<\/strong>: D\u00aa Aurora Crego Garc\u00eda<ul><li><strong>T\u00edtulo<\/strong>: <a href=\"https:\/\/www.educacion.gob.es\/teseo\/mostrarRef.do?ref=2032017\" target=\"_blank\" rel=\"noopener\"><em>Optimization of the post-compression process of ultrashort laser pulses in hollow capillary fibers<\/em><\/a><\/li><li><strong>Director<\/strong>: Julio San Rom\u00e1n \u00c1lvarez de Lara, Enrique Conejero Jarque<\/li><li><strong>Fecha de defensa<\/strong>: \u00a026 de julio de 2021.<\/li><li><strong>Calificaci\u00f3n<\/strong>: Sobresaliente cum Laude (m\u00e1xima calificaci\u00f3n). Menci\u00f3n internacional. Premio Extraordinario de Doctorado.<\/li><\/ul><\/li><\/ul><hr \/><ul><li><strong>Autora<\/strong>: D\u00ba Javier Garc\u00eda Ajates<ul><li><strong>T\u00edtulo<\/strong>: <a href=\"https:\/\/www.educacion.gob.es\/teseo\/mostrarRef.do?ref=2068830\" target=\"_blank\" rel=\"noopener\">Dise\u00f1o y fabricaci\u00f3n de circuitos fot\u00f3nicos integrados 3D mediante microprocesado con l\u00e1seres pulsados<\/a><\/li><li><strong>Director<\/strong>: Javier Rodr\u00edguez V\u00e1zquez de Aldana<\/li><li><strong>Fecha de defensa<\/strong>: \u00a018 de octubre de 2021.<\/li><\/ul><\/li><\/ul><hr \/><ul><li><strong>Autor<\/strong>: D\u00ba \u00d3scar Zurr\u00f3n Cifuentes<ul><li><strong>T\u00edtulo<\/strong>: <a href=\"https:\/\/www.educacion.gob.es\/teseo\/mostrarRef.do?ref=1987545\"><em>High-order harmonic generation in graphene and carbon nanotubes.<\/em><\/a><\/li><li><strong>Director<\/strong>: Luis Plaja<\/li><li><strong>Fecha de defensa<\/strong>: \u00a07 de mayo de 2021.<\/li><li><strong>Calificaci\u00f3n<\/strong>: Sobresaliente cum Laude (m\u00e1xima calificaci\u00f3n). Premio Extraordinario de Doctorado.<\/li><\/ul><\/li><\/ul><hr \/><ul><li><strong>Autora<\/strong>: D\u00aa Ana Sofia Vieira Silva<ul><li><strong>T\u00edtulo<\/strong>: <a href=\"https:\/\/www.educacion.gob.es\/teseo\/mostrarRef.do?ref=1928457\"><em>Ultrafast Magnetization Dynamics in Multilayered Films Down to Few-cucle Regime<\/em><\/a><\/li><li><strong>Director<\/strong>: David Navas Otero (Instituto de Ciencia de Materiales de Madrid, CSIC), Helder Crespo (Universidad de Oporto), \u00cd\u00f1igo Sola.<\/li><li><strong>Fecha de defensa<\/strong>: \u00a025 de noviembre de 2020.<\/li><li><strong>Calificaci\u00f3n<\/strong>: Sobresaliente cum Laude (m\u00e1xima calificaci\u00f3n). Menci\u00f3n internacional.<\/li><\/ul><\/li><\/ul><hr \/><ul><li><strong>Autor<\/strong>: D\u00ba Boris Alberto L\u00f3pez Zubieta<ul><li><strong>T\u00edtulo<\/strong>: <a href=\"https:\/\/www.educacion.gob.es\/teseo\/mostrarRef.do?ref=1927602\"><em>Optimizaci\u00f3n y caracterizaci\u00f3n de procesos no lineales inducidos por luz.<\/em><\/a><\/li><li><strong>Director<\/strong>: Julio San Rom\u00e1n, \u00cd\u00f1igo Sola<\/li><li><strong>Fecha de defensa<\/strong>: \u00a020 de noviembre de 2020.<\/li><li><strong>Calificaci\u00f3n<\/strong>: Sobresaliente cum Laude (m\u00e1xima calificaci\u00f3n). Menci\u00f3n internacional.<\/li><\/ul><\/li><\/ul><hr \/><ul><li><strong>Autor<\/strong>: D\u00ba Enrique Sodupe Ortega<ul><li><strong>T\u00edtulo<\/strong>: <a href=\"https:\/\/www.educacion.gob.es\/teseo\/mostrarRef.do?ref=1755450\"><em>Novel Advances in Bioprinting Based on the Mechanical Design and Optimization of Open-source Systems<\/em><\/a><\/li><li><strong>Director<\/strong>: Alpha Ver\u00f3nica Pern\u00eda Espinoza (dir. tes. Universidad de La Rioja), Andr\u00e9s Sanz Garc\u00eda (dir. tes. Universidad de Salamanca)<\/li><li><strong>Fecha de defensa<\/strong>: \u00a029 de abril de 2019.<\/li><li><strong>Calificaci\u00f3n<\/strong>: Sobresaliente cum Laude (m\u00e1xima calificaci\u00f3n). Menci\u00f3n internacional.<\/li><\/ul><\/li><\/ul><hr \/><ul><li><strong>Autor<\/strong>: D\u00ba Ren\u00e9 Israel Rodr\u00edguez Beltr\u00e1n<ul><li><strong>T\u00edtulo<\/strong>: <a href=\"http:\/\/hdl.handle.net\/10366\/137359\"><em>Nanoestructurado de Composites de Matriz Polim\u00e9rica y Aditivos de Base Carbono con L\u00e1seres Pulsados de Nano- y Femtosegundos<\/em><\/a><\/li><li><strong>Director<\/strong>: Pablo Moreno Pedraz y Esther Rebollar Gonz\u00e1lez (Instituto de Qu\u00edmica F\u00edsica Rocasolano, CSIC)<\/li><li><strong>Fecha de defensa<\/strong>: \u00a013 de marzo de 2018.<\/li><li><strong>Calificaci\u00f3n<\/strong>: Sobresaliente cum Laude (m\u00e1xima calificaci\u00f3n).<\/li><\/ul><\/li><\/ul><hr \/><ul><li><strong>Autor<\/strong>: D\u00ba Gabriel Roberto Castillo Vega<ul><li><strong>T\u00edtulo<\/strong>: <a href=\"http:\/\/hdl.handle.net\/10366\/135755\"><em>Ultrafast laser microprocessing of transparent dielectrics. New schemes for the fabrication of photonic devices.<\/em><\/a><\/li><li><strong>Director<\/strong>: Javier Rodr\u00edguez V\u00e1zquez de Aldana y Santiago Camacho L\u00f3pez (CICESE, Mexico)<\/li><li><strong>Fecha de defensa<\/strong>: \u00a011 de septiembre de 2017.<\/li><li><strong>Calificaci\u00f3n<\/strong>: Sobresaliente cum Laude (m\u00e1xima calificaci\u00f3n).<\/li><\/ul><\/li><\/ul><hr \/><ul><li><strong>Autor<\/strong>: D\u00ba Eduardo Warein Holgado Lage.<ul><li><strong>T\u00edtulo<\/strong>: <em><a href=\"https:\/\/gredos.usal.es\/jspui\/handle\/10366\/132963\">Study of high-order harmonic generation effects under variations of focusing conditions of few cycle laser pulses<\/a>.<\/em><\/li><li><strong>Director<\/strong>: \u00a0\u00cd\u00f1igo Sola.<\/li><li><strong>Fecha de defensa<\/strong>: \u00a010 de noviembre de 2016.<\/li><li><strong>Calificaci\u00f3n<\/strong>: Sobresaliente cum Laude (m\u00e1xima calificaci\u00f3n). Menci\u00f3n internacional.<\/li><\/ul><\/li><\/ul><hr \/><ul><li><strong>Autor<\/strong>: D\u00ba Luca Christopher Stockhausen<ul><li><strong>T\u00edtulo<\/strong>:<a href=\"https:\/\/www.educacion.gob.es\/teseo\/mostrarRef.do?ref=1198515\"><em> Laser-driven ion acceleration from ultrathin solid targets<\/em><\/a><\/li><li><strong>Director<\/strong>: Ricardo Torres y Enrique Conejero Jarque<\/li><li><strong>Fecha de defensa<\/strong>: 11 de diciembre de 2015.<\/li><li><strong>Calificaci\u00f3n<\/strong>: Sobresaliente cum Laude (m\u00e1xima calificaci\u00f3n).<\/li><\/ul><\/li><\/ul><hr \/><ul><li><strong>Autor<\/strong>: D\u00ba Jos\u00e9 Antonio P\u00e9rez Hern\u00e1ndez<ul><li><strong>T\u00edtulo<\/strong>: <em><a href=\"https:\/\/gredos.usal.es\/handle\/10366\/128253\" target=\"_blank\" rel=\"noopener\">Intense-field high-order harmonic generation: beyond the standard picture<\/a><\/em><\/li><li><strong>Director<\/strong>: Luis Plaja<\/li><li><strong>Fecha de defensa<\/strong>: 21 de mayo de 2015.<\/li><li><strong>Calificaci\u00f3n<\/strong>: Sobresaliente cum Laude (m\u00e1xima calificaci\u00f3n). Premio Extraordinario de Doctorado.<\/li><\/ul><\/li><\/ul><hr \/><ul><li><strong>Autor<\/strong>: D\u00ba Alexis Chac\u00f3n Salazar<ul><li><strong>T\u00edtulo<\/strong>: <em><a href=\"https:\/\/gredos.usal.es\/handle\/10366\/127370\">Interaction of attosecond and femtosecond pulses with atoms and molecules.<\/a><\/em><\/li><li><strong>Director<\/strong>: Camilo Ru\u00edz M\u00e9ndez.<\/li><li><strong>Fecha de defensa<\/strong>: 20 de febrero de 2015.<\/li><li><strong>Calificaci\u00f3n<\/strong>: Sobresaliente cum Laude (m\u00e1xima calificaci\u00f3n).<\/li><\/ul><\/li><\/ul><hr \/><ul><li><strong>Autora<\/strong>: D\u00aa Mar\u00eda Portillo Mu\u00f1oz.<ul><li><strong>T\u00edtulo<\/strong>:\u00a0<a href=\"https:\/\/gredos.usal.es\/handle\/10366\/123846\"><em>Aplicaci\u00f3n del L\u00e1ser de Femtosegundo en Dentina: An\u00e1lisis Morfol\u00f3gico y Mejora de la Eficacia Adhesiva Resina-Esmalte.<\/em><\/a><\/li><li><strong>Directores<\/strong>: \u00a0Pablo Moreno Pedraz, Alberto Albaladejo.<\/li><li><strong>Fecha de defensa<\/strong>: \u00a07 de marzo de 2014.<\/li><li><strong>Calificaci\u00f3n<\/strong>: Sobresaliente cum Laude (m\u00e1xima calificaci\u00f3n).<\/li><\/ul><\/li><\/ul><hr \/><ul><li><strong>Autora<\/strong>: D\u00aa Mar\u00eda Cruz Lorenzo Luengo.<ul><li><strong>T\u00edtulo<\/strong>:\u00a0<a href=\"https:\/\/gredos.usal.es\/handle\/10366\/124174\"><em>Aplicaci\u00f3n del L\u00e1ser de Femtosegundo en Esmalte: An\u00e1lisis Morfol\u00f3gico y Mejora de la Eficacia Adhesiva Bracket-Esmalte<\/em><em>.<\/em><\/a><\/li><li><strong>Directores<\/strong>: \u00a0Pablo Moreno Pedraz, Alberto Albaladejo, Jos\u00e9 Miguel Llorente.<\/li><li><strong>Fecha de defensa<\/strong>: \u00a010 de enero de 2014.<\/li><li><strong>Calificaci\u00f3n<\/strong>: Sobresaliente cum Laude (m\u00e1xima calificaci\u00f3n).<\/li><\/ul><\/li><\/ul><hr \/><ul><li><strong>Autor<\/strong>: D\u00ba\u00a0Carlos Hern\u00e1ndez-Garc\u00eda.<ul><li><strong>T\u00edtulo<\/strong>:\u00a0<a href=\"http:\/\/laser.usal.es\/alf\/wp-content\/uploads\/2012\/11\/ThesisCarlosHernandezGarcia.pdf\"><em>Coherent attosecond light sources based on high-order harmonic generation: Influence of the propagation effects.<\/em><\/a><\/li><li><strong>Director<\/strong>: \u00a0Luis Plaja Rustein.<\/li><li><strong>Fecha de defensa<\/strong>: \u00a025 de enero del 2013.<\/li><li><strong>Calificaci\u00f3n<\/strong>: Sobresaliente cum Laude (m\u00e1xima calificaci\u00f3n). Menci\u00f3n internacional.<\/li><\/ul><\/li><\/ul><hr \/><ul><li><strong>Autora<\/strong>: D\u00aa Roc\u00edo Borrego Varillas.<ul><li><strong>T\u00edtulo<\/strong>:\u00a0<a href=\"http:\/\/laser.usal.es\/alf\/wp-content\/uploads\/2012\/11\/Thesis_RocioBorregoVarillas.pdf\"><em>Role of wavefront aberrations of amplified femtosecond pulses in nonlinear optics<\/em><em>.<\/em><\/a><\/li><li><strong>Director<\/strong>: \u00a0Javier Rodr\u00edguez V\u00e1zquez de Aldana.<\/li><li><strong>Fecha de defensa<\/strong>: 18 de enero de 2013.<\/li><li><strong>Calificaci\u00f3n<\/strong>:\u00a0Apto con Menci\u00f3n Europea.<\/li><\/ul><\/li><\/ul><hr \/><ul><li><strong>Autor<\/strong>:\u00a0D\u00ba\u00a0Benjam\u00edn Alonso Fern\u00e1ndez.<ul><li><strong>T\u00edtulo<\/strong>:\u00a0<a href=\"http:\/\/laser.usal.es\/alf\/wp-content\/uploads\/2012\/11\/Thesis_Benjamin_Alonso_STARFISH_2012.pdf\">Spatiotemporal characterization of ultrashort laser pulses<\/a>.<\/li><li><strong>Directores<\/strong>: \u00a0\u00cd\u00f1igo Sola y Julio San Rom\u00e1n.<\/li><li><strong>Fecha de defensa<\/strong>:\u00a017 de diciembre de 2012.<\/li><li><strong>Calificaci\u00f3n<\/strong>: Sobresaliente Cum Laude con Menci\u00f3n Europea. Premio Extraordinario de Doctorado.<\/li><\/ul><\/li><\/ul><hr \/><ul><li><strong>Autora<\/strong>:\u00a0D\u00aa Carolina Romero V\u00e1zquez.<ul><li><strong>T\u00edtulo<\/strong>:\u00a0<a href=\"https:\/\/gredos.usal.es\/handle\/10366\/115608\"><em>Optical Parametric Processes with Femtosecond Pulses in Nonlinear Crystals. Novel Schemes and Applications.<\/em><\/a><\/li><li><strong>Director<\/strong>: \u00a0Javier Rodr\u00edguez V\u00e1zquez de Aldana.<\/li><li><strong>Fecha de defensa<\/strong>: 27 de abril de 2012.<\/li><li><strong>Calificaci\u00f3n<\/strong>:\u00a0Sobresaliente Cum Laude con Menci\u00f3n Europea. Premio Extraordinario de Doctorado.<\/li><\/ul><\/li><\/ul><p>[\/vc_column_text][\/vc_column][\/vc_row]<\/p>\t\t\t\t\t\t\t\t<\/div>\n\t\t\t\t<\/div>\n\t\t\t\t\t<\/div>\n\t\t<\/div>\n\t\t\t\t\t<\/div>\n\t\t<\/section>\n\t\t\t\t<\/div>\n\t\t\n<div class=\"twitter-share\"><a href=\"https:\/\/twitter.com\/intent\/tweet?via=OpticaExtrema\" class=\"twitter-share-button\">Twittear<\/a><\/div>\n","protected":false},"excerpt":{"rendered":"<p>Tesis doctorales dirigidas y\/o realizadas por miembros del grupo Tesis doctorales presentadas recientemente en el grupo Autor: D\u00aa Ana Garc\u00eda Cabrera T\u00edtulo: Efectos de las simetr\u00edas del cristal en la generaci\u00f3n de arm\u00f3nicos altos en grafeno Directores: D. Luis Plaja Rustein, D. Carlos Hern\u00e1ndez Garc\u00eda. Fecha de defensa: \u00a029 de julio de 2024. Autor: D\u00aa<\/p>\n","protected":false},"author":1,"featured_media":0,"parent":2193,"menu_order":1,"comment_status":"open","ping_status":"closed","template":"","meta":{"footnotes":""},"class_list":["post-374","page","type-page","status-publish","hentry"],"_links":{"self":[{"href":"https:\/\/laser.usal.es\/alf\/wp-json\/wp\/v2\/pages\/374","targetHints":{"allow":["GET"]}}],"collection":[{"href":"https:\/\/laser.usal.es\/alf\/wp-json\/wp\/v2\/pages"}],"about":[{"href":"https:\/\/laser.usal.es\/alf\/wp-json\/wp\/v2\/types\/page"}],"author":[{"embeddable":true,"href":"https:\/\/laser.usal.es\/alf\/wp-json\/wp\/v2\/users\/1"}],"replies":[{"embeddable":true,"href":"https:\/\/laser.usal.es\/alf\/wp-json\/wp\/v2\/comments?post=374"}],"version-history":[{"count":77,"href":"https:\/\/laser.usal.es\/alf\/wp-json\/wp\/v2\/pages\/374\/revisions"}],"predecessor-version":[{"id":11631,"href":"https:\/\/laser.usal.es\/alf\/wp-json\/wp\/v2\/pages\/374\/revisions\/11631"}],"up":[{"embeddable":true,"href":"https:\/\/laser.usal.es\/alf\/wp-json\/wp\/v2\/pages\/2193"}],"wp:attachment":[{"href":"https:\/\/laser.usal.es\/alf\/wp-json\/wp\/v2\/media?parent=374"}],"curies":[{"name":"wp","href":"https:\/\/api.w.org\/{rel}","templated":true}]}}