{"id":4544,"date":"2021-07-01T12:51:23","date_gmt":"2021-07-01T11:51:23","guid":{"rendered":"https:\/\/laser.usal.es\/alf\/?page_id=4544"},"modified":"2024-03-19T14:27:00","modified_gmt":"2024-03-19T13:27:00","slug":"divulgacion-2","status":"publish","type":"page","link":"https:\/\/laser.usal.es\/alf\/es\/divulgacion-2\/","title":{"rendered":"Divulgaci\u00f3n"},"content":{"rendered":"\t\t<div data-elementor-type=\"wp-page\" data-elementor-id=\"4544\" class=\"elementor elementor-4544\">\n\t\t\t\t\t\t<section class=\"elementor-section elementor-top-section elementor-element elementor-element-f595238 elementor-section-boxed elementor-section-height-default elementor-section-height-default\" data-id=\"f595238\" data-element_type=\"section\" data-e-type=\"section\">\n\t\t\t\t\t\t<div class=\"elementor-container elementor-column-gap-default\">\n\t\t\t\t\t<div class=\"elementor-column elementor-col-100 elementor-top-column elementor-element elementor-element-11c7c55\" data-id=\"11c7c55\" data-element_type=\"column\" data-e-type=\"column\">\n\t\t\t<div class=\"elementor-widget-wrap elementor-element-populated\">\n\t\t\t\t\t\t<div class=\"elementor-element elementor-element-61e6a07 elementor-widget elementor-widget-shortcode\" data-id=\"61e6a07\" data-element_type=\"widget\" data-e-type=\"widget\" data-widget_type=\"shortcode.default\">\n\t\t\t\t<div class=\"elementor-widget-container\">\n\t\t\t\t\t\t\t<div class=\"elementor-shortcode\"><div class=\"pt-cv-wrapper\"><div class=\"pt-cv-view pt-cv-blockgrid iscvblock iscvhybrid grid1 layout1\" id=\"pt-cv-view-047f826oqf\"><div data-id=\"pt-cv-page-1\" class=\"pt-cv-page\" data-cvc=\"3\"><div class=\" pt-cv-content-item pt-cv-1-col\" ><div class=\"pt-cv-thumb-wrapper  \"><a href=\"https:\/\/laser.usal.es\/alf\/en\/2025\/02\/14\/op-session-colliding-pulses-a-route-to-generating-ultrashort-pulses-in-the-ultraviolet\/\" class=\"_self pt-cv-href-thumbnail pt-cv-thumb-default\" target=\"_self\" ><img fetchpriority=\"high\" decoding=\"async\" width=\"768\" height=\"432\" src=\"https:\/\/laser.usal.es\/alf\/wp-content\/uploads\/2025\/02\/OpSesionMarina-768x432.jpeg\" class=\"pt-cv-thumbnail\" alt=\"\" \/><\/a><\/div>\n<div class=\"pt-cv-taxoterm above_title\"><a href='https:\/\/laser.usal.es\/alf\/en\/category\/post_eng\/wop-sesionalas\/' title='OP Session' class='pt-cv-tax-wop-sesionalas'>OP Session<\/a><\/div>\n<h4 class=\"pt-cv-title\"><a href=\"https:\/\/laser.usal.es\/alf\/en\/2025\/02\/14\/op-session-colliding-pulses-a-route-to-generating-ultrashort-pulses-in-the-ultraviolet\/\" class=\"_self\" target=\"_self\" >OP Session: Colliding pulses: a route to generating ultrashort pulses in the ultraviolet<\/a><\/h4>\n<div class=\"pt-cv-content\">Marina Fern\u00e1ndez Gal\u00e1n from the Laser and Photonics Applications Group and the LUMES Excellence Unit at the University of Salamanca ...<br \/><div class=\"pt-cv-rmwrap\"><a href=\"https:\/\/laser.usal.es\/alf\/en\/2025\/02\/14\/op-session-colliding-pulses-a-route-to-generating-ultrashort-pulses-in-the-ultraviolet\/\" class=\"_self pt-cv-readmore btn btn-success\" target=\"_self\">Leer M\u00e1s<\/a><\/div><\/div><\/div>\n<div class=\" pt-cv-content-item pt-cv-1-col\" ><div class=\"pt-cv-thumb-wrapper  \"><a href=\"https:\/\/laser.usal.es\/alf\/es\/2025\/02\/14\/op-sesion-pulsos-chocones-una-via-para-generar-pulsos-ultracortos-en-el-ultravioleta\/\" class=\"_self pt-cv-href-thumbnail pt-cv-thumb-default\" target=\"_self\" ><img fetchpriority=\"high\" decoding=\"async\" width=\"768\" height=\"432\" src=\"https:\/\/laser.usal.es\/alf\/wp-content\/uploads\/2025\/02\/OpSesionMarina-768x432.jpeg\" class=\"pt-cv-thumbnail\" alt=\"\" \/><\/a><\/div>\n<div class=\"pt-cv-taxoterm above_title\"><a href='https:\/\/laser.usal.es\/alf\/es\/category\/post_spn\/wop-sesiones\/' title='OP Sesiones' class='pt-cv-tax-wop-sesiones'>OP Sesiones<\/a><\/div>\n<h4 class=\"pt-cv-title\"><a href=\"https:\/\/laser.usal.es\/alf\/es\/2025\/02\/14\/op-sesion-pulsos-chocones-una-via-para-generar-pulsos-ultracortos-en-el-ultravioleta\/\" class=\"_self\" target=\"_self\" >OP Sesi\u00f3n &#8211; Pulsos chocones: una v\u00eda para generar pulsos ultracortos en el ultravioleta<\/a><\/h4>\n<div class=\"pt-cv-content\">Marina Fern\u00e1ndez Gal\u00e1n\u00a0 del\u00a0Grupo Aplicaciones del L\u00e1ser y Fot\u00f3nica y la Unidad de Excelencia LUMES de la Universidad de Salamanca ...<br \/><div class=\"pt-cv-rmwrap\"><a href=\"https:\/\/laser.usal.es\/alf\/es\/2025\/02\/14\/op-sesion-pulsos-chocones-una-via-para-generar-pulsos-ultracortos-en-el-ultravioleta\/\" class=\"_self pt-cv-readmore btn btn-success\" target=\"_self\">Leer M\u00e1s<\/a><\/div><\/div><\/div>\n<div class=\" pt-cv-content-item pt-cv-1-col\" ><div class=\"pt-cv-thumb-wrapper  \"><a href=\"https:\/\/laser.usal.es\/alf\/en\/2025\/02\/10\/op-session-understanding-the-space-spectral-homogeneity-in-multipass-cells\/\" class=\"_self pt-cv-href-thumbnail pt-cv-thumb-default\" target=\"_self\" ><img decoding=\"async\" width=\"768\" height=\"432\" data-src=\"https:\/\/laser.usal.es\/alf\/wp-content\/uploads\/2025\/02\/OpSesion_Victor-1-768x432.jpeg\" class=\"pt-cv-thumbnail lazyload\" alt=\"\" src=\"data:image\/svg+xml;base64,PHN2ZyB3aWR0aD0iMSIgaGVpZ2h0PSIxIiB4bWxucz0iaHR0cDovL3d3dy53My5vcmcvMjAwMC9zdmciPjwvc3ZnPg==\" style=\"--smush-placeholder-width: 768px; --smush-placeholder-aspect-ratio: 768\/432;\" \/><\/a><\/div>\n<div class=\"pt-cv-taxoterm above_title\"><a href='https:\/\/laser.usal.es\/alf\/en\/category\/post_eng\/wop-sesionalas\/' title='OP Session' class='pt-cv-tax-wop-sesionalas'>OP Session<\/a><\/div>\n<h4 class=\"pt-cv-title\"><a href=\"https:\/\/laser.usal.es\/alf\/en\/2025\/02\/10\/op-session-understanding-the-space-spectral-homogeneity-in-multipass-cells\/\" class=\"_self\" target=\"_self\" >OP Session \u2013 Understanding the space-spectral homogeneity in multipass cells\u00a0<\/a><\/h4>\n<div class=\"pt-cv-content\">V\u00edctor W. Segundo Staels from the Laser and Photonics Applications Group and the LUMES Excellence Unit at the University of ...<br \/><div class=\"pt-cv-rmwrap\"><a href=\"https:\/\/laser.usal.es\/alf\/en\/2025\/02\/10\/op-session-understanding-the-space-spectral-homogeneity-in-multipass-cells\/\" class=\"_self pt-cv-readmore btn btn-success\" target=\"_self\">Leer M\u00e1s<\/a><\/div><\/div><\/div>\n<div class=\" pt-cv-content-item pt-cv-1-col\" ><div class=\"pt-cv-thumb-wrapper  \"><a href=\"https:\/\/laser.usal.es\/alf\/es\/2025\/02\/10\/op-sesion-comprendiendo-la-homogeneidad-espacio-espectral-en-celdas-multipaso\/\" class=\"_self pt-cv-href-thumbnail pt-cv-thumb-default\" target=\"_self\" ><img decoding=\"async\" width=\"768\" height=\"432\" data-src=\"https:\/\/laser.usal.es\/alf\/wp-content\/uploads\/2025\/02\/OpSesion_Victor-768x432.jpeg\" class=\"pt-cv-thumbnail lazyload\" alt=\"\" src=\"data:image\/svg+xml;base64,PHN2ZyB3aWR0aD0iMSIgaGVpZ2h0PSIxIiB4bWxucz0iaHR0cDovL3d3dy53My5vcmcvMjAwMC9zdmciPjwvc3ZnPg==\" style=\"--smush-placeholder-width: 768px; --smush-placeholder-aspect-ratio: 768\/432;\" \/><\/a><\/div>\n<div class=\"pt-cv-taxoterm above_title\"><a href='https:\/\/laser.usal.es\/alf\/es\/category\/post_spn\/wop-sesiones\/' title='OP Sesiones' class='pt-cv-tax-wop-sesiones'>OP Sesiones<\/a><\/div>\n<h4 class=\"pt-cv-title\"><a href=\"https:\/\/laser.usal.es\/alf\/es\/2025\/02\/10\/op-sesion-comprendiendo-la-homogeneidad-espacio-espectral-en-celdas-multipaso\/\" class=\"_self\" target=\"_self\" >OP Sesi\u00f3n &#8211; Comprendiendo la homogeneidad espacio-espectral en celdas multipaso\u00a0<\/a><\/h4>\n<div class=\"pt-cv-content\">V\u00edctor W. Segundo Staels\u00a0 del\u00a0Grupo Aplicaciones del L\u00e1ser y Fot\u00f3nica y la Unidad de Excelencia LUMES de la Universidad de ...<br \/><div class=\"pt-cv-rmwrap\"><a href=\"https:\/\/laser.usal.es\/alf\/es\/2025\/02\/10\/op-sesion-comprendiendo-la-homogeneidad-espacio-espectral-en-celdas-multipaso\/\" class=\"_self pt-cv-readmore btn btn-success\" target=\"_self\">Leer M\u00e1s<\/a><\/div><\/div><\/div>\n<div class=\" pt-cv-content-item pt-cv-1-col\" ><div class=\"pt-cv-thumb-wrapper  \"><a href=\"https:\/\/laser.usal.es\/alf\/en\/2025\/01\/28\/op-session-dinamica-cuantica-de-estados-excitados-en-sistemas-simplificados-de-grafeno\/\" class=\"_self pt-cv-href-thumbnail pt-cv-thumb-default\" target=\"_self\" ><img decoding=\"async\" width=\"768\" height=\"432\" data-src=\"https:\/\/laser.usal.es\/alf\/wp-content\/uploads\/2025\/01\/SandraGomez-768x432.jpeg\" class=\"pt-cv-thumbnail lazyload\" alt=\"\" src=\"data:image\/svg+xml;base64,PHN2ZyB3aWR0aD0iMSIgaGVpZ2h0PSIxIiB4bWxucz0iaHR0cDovL3d3dy53My5vcmcvMjAwMC9zdmciPjwvc3ZnPg==\" style=\"--smush-placeholder-width: 768px; --smush-placeholder-aspect-ratio: 768\/432;\" \/><\/a><\/div>\n<div class=\"pt-cv-taxoterm above_title\"><a href='https:\/\/laser.usal.es\/alf\/en\/category\/post_eng\/wop-sesionalas\/' title='OP Session' class='pt-cv-tax-wop-sesionalas'>OP Session<\/a><\/div>\n<h4 class=\"pt-cv-title\"><a href=\"https:\/\/laser.usal.es\/alf\/en\/2025\/01\/28\/op-session-dinamica-cuantica-de-estados-excitados-en-sistemas-simplificados-de-grafeno\/\" class=\"_self\" target=\"_self\" >OP Session &#8211; Din\u00e1mica cu\u00e1ntica de estados excitados en sistemas simplificados de grafeno<\/a><\/h4>\n<div class=\"pt-cv-content\">Sandra G\u00f3mez, from the Department of Chemistry at the Autonomous University of Madrid, will deliver the seminar titled \"Quantum dynamics ...<br \/><div class=\"pt-cv-rmwrap\"><a href=\"https:\/\/laser.usal.es\/alf\/en\/2025\/01\/28\/op-session-dinamica-cuantica-de-estados-excitados-en-sistemas-simplificados-de-grafeno\/\" class=\"_self pt-cv-readmore btn btn-success\" target=\"_self\">Leer M\u00e1s<\/a><\/div><\/div><\/div>\n<div class=\" pt-cv-content-item pt-cv-1-col\" ><div class=\"pt-cv-thumb-wrapper  \"><a href=\"https:\/\/laser.usal.es\/alf\/es\/2025\/01\/28\/op-sesion-dinamica-cuantica-de-estados-excitados-en-sistemas-simplificados-de-grafeno\/\" class=\"_self pt-cv-href-thumbnail pt-cv-thumb-default\" target=\"_self\" ><img decoding=\"async\" width=\"768\" height=\"432\" data-src=\"https:\/\/laser.usal.es\/alf\/wp-content\/uploads\/2025\/01\/SandraGomez-768x432.jpeg\" class=\"pt-cv-thumbnail lazyload\" alt=\"\" src=\"data:image\/svg+xml;base64,PHN2ZyB3aWR0aD0iMSIgaGVpZ2h0PSIxIiB4bWxucz0iaHR0cDovL3d3dy53My5vcmcvMjAwMC9zdmciPjwvc3ZnPg==\" style=\"--smush-placeholder-width: 768px; --smush-placeholder-aspect-ratio: 768\/432;\" \/><\/a><\/div>\n<div class=\"pt-cv-taxoterm above_title\"><a href='https:\/\/laser.usal.es\/alf\/es\/category\/post_spn\/wop-sesiones\/' title='OP Sesiones' class='pt-cv-tax-wop-sesiones'>OP Sesiones<\/a><\/div>\n<h4 class=\"pt-cv-title\"><a href=\"https:\/\/laser.usal.es\/alf\/es\/2025\/01\/28\/op-sesion-dinamica-cuantica-de-estados-excitados-en-sistemas-simplificados-de-grafeno\/\" class=\"_self\" target=\"_self\" >OP Sesi\u00f3n &#8211; Din\u00e1mica cu\u00e1ntica de estados excitados en sistemas simplificados de grafeno<\/a><\/h4>\n<div class=\"pt-cv-content\">Sandra G\u00f3mez del Departamento de Qu\u00edmica de la Universidad Aut\u00f3noma de Madrid impartir\u00e1 el seminario titulado \"Din\u00e1mica cu\u00e1ntica de estados ...<br \/><div class=\"pt-cv-rmwrap\"><a href=\"https:\/\/laser.usal.es\/alf\/es\/2025\/01\/28\/op-sesion-dinamica-cuantica-de-estados-excitados-en-sistemas-simplificados-de-grafeno\/\" class=\"_self pt-cv-readmore btn btn-success\" target=\"_self\">Leer M\u00e1s<\/a><\/div><\/div><\/div><\/div><\/div>\n<div class=\" pt-cv-pagination-wrapper\"><ul class=\"pt-cv-pagination pt-cv-ajax pagination\" data-totalpages=\"55\" data-currentpage=\"1\" data-sid=\"047f826oqf\" data-unid=\"\" data-isblock=\"\" data-postid=\"\"><li class=\"active\"><a href=\"#\">1<\/a><\/li>\n\t<li ><a class=\"\" href=\"https:\/\/laser.usal.es\/alf\/wp-json\/wp\/v2\/pages\/4544\/?_page=2\">2<\/a><\/li>\n\t<li ><a class=\"\" href=\"https:\/\/laser.usal.es\/alf\/wp-json\/wp\/v2\/pages\/4544\/?_page=3\">3<\/a><\/li>\n\t<li ><a href=\"#\">&hellip;<\/a><\/li>\n\t<li ><a class=\"\" href=\"https:\/\/laser.usal.es\/alf\/wp-json\/wp\/v2\/pages\/4544\/?_page=55\">55<\/a><\/li>\n\t<li ><a class=\" \" href=\"https:\/\/laser.usal.es\/alf\/wp-json\/wp\/v2\/pages\/4544\/?_page=2\">&rsaquo;<\/a><\/li>\n\t<\/ul><img loading=\"lazy\" decoding=\"async\" width=\"15\" height=\"15\" class=\"pt-cv-spinner\" alt=\"Cargando...\" src=\"data:image\/gif;base64,R0lGODlhDwAPALMPAMrKygwMDJOTkz09PZWVla+vr3p6euTk5M7OzuXl5TMzMwAAAJmZmWZmZszMzP\/\/\/yH\/C05FVFNDQVBFMi4wAwEAAAAh+QQFCgAPACwAAAAADwAPAAAEQvDJaZaZOIcV8iQK8VRX4iTYoAwZ4iCYoAjZ4RxejhVNoT+mRGP4cyF4Pp0N98sBGIBMEMOotl6YZ3S61Bmbkm4mAgAh+QQFCgAPACwAAAAADQANAAAENPDJSRSZeA418itN8QiK8BiLITVsFiyBBIoYqnoewAD4xPw9iY4XLGYSjkQR4UAUD45DLwIAIfkEBQoADwAsAAAAAA8ACQAABC\/wyVlamTi3nSdgwFNdhEJgTJoNyoB9ISYoQmdjiZPcj7EYCAeCF1gEDo4Dz2eIAAAh+QQFCgAPACwCAAAADQANAAAEM\/DJBxiYeLKdX3IJZT1FU0iIg2RNKx3OkZVnZ98ToRD4MyiDnkAh6BkNC0MvsAj0kMpHBAAh+QQFCgAPACwGAAAACQAPAAAEMDC59KpFDll73HkAA2wVY5KgiK5b0RRoI6MuzG6EQqCDMlSGheEhUAgqgUUAFRySIgAh+QQFCgAPACwCAAIADQANAAAEM\/DJKZNLND\/kkKaHc3xk+QAMYDKsiaqmZCxGVjSFFCxB1vwy2oOgIDxuucxAMTAJFAJNBAAh+QQFCgAPACwAAAYADwAJAAAEMNAs86q1yaWwwv2Ig0jUZx3OYa4XoRAfwADXoAwfo1+CIjyFRuEho60aSNYlOPxEAAAh+QQFCgAPACwAAAIADQANAAAENPA9s4y8+IUVcqaWJ4qEQozSoAzoIyhCK2NFU2SJk0hNnyEOhKR2AzAAj4Pj4GE4W0bkJQIAOw==\" \/><div class=\"clear pt-cv-clear-pagination\"><\/div><\/div><\/div>\t\t\t<style type=\"text\/css\" id=\"pt-cv-inline-style-37d20426sq\">\n#pt-cv-view-047f826oqf .pt-cv-thumb-wrapper:not(.miniwrap) {  }#pt-cv-view-047f826oqf .pt-cv-thumbnail:not(.pt-cv-thumbnailsm) { height: 250px; }#pt-cv-view-047f826oqf > .pt-cv-page {grid-template-columns: repeat(3, 1fr);grid-gap: 20px;}\n@media all and (max-width: 1024px) { \n#pt-cv-view-047f826oqf > .pt-cv-page {grid-template-columns: repeat(1, 1fr);}\n} \n@media all and (max-width: 767px) { \n#pt-cv-view-047f826oqf > .pt-cv-page {grid-template-columns: repeat(1, 1fr);}\n} <\/style>\r\n\t\t\t<\/div>\n\t\t\t\t\t\t<\/div>\n\t\t\t\t<\/div>\n\t\t\t\t\t<\/div>\n\t\t<\/div>\n\t\t\t\t\t<\/div>\n\t\t<\/section>\n\t\t\t\t<\/div>\n\t\t\n<div class=\"twitter-share\"><a href=\"https:\/\/twitter.com\/intent\/tweet?via=OpticaExtrema\" class=\"twitter-share-button\">Twittear<\/a><\/div>\n","protected":false},"excerpt":{"rendered":"OP Session OP Session: Colliding pulses: a route to generating ultrashort pulses in the ultraviolet Marina Fern\u00e1ndez Gal\u00e1n from the Laser and Photonics Applications Group and the LUMES Excellence Unit at the University of Salamanca ...Leer M\u00e1s OP Sesiones OP Sesi\u00f3n &#8211; Pulsos chocones: una v\u00eda para generar pulsos ultracortos en el ultravioleta Marina Fern\u00e1ndez","protected":false},"author":1,"featured_media":0,"parent":0,"menu_order":0,"comment_status":"closed","ping_status":"closed","template":"","meta":{"footnotes":""},"class_list":["post-4544","page","type-page","status-publish","hentry"],"_links":{"self":[{"href":"https:\/\/laser.usal.es\/alf\/wp-json\/wp\/v2\/pages\/4544","targetHints":{"allow":["GET"]}}],"collection":[{"href":"https:\/\/laser.usal.es\/alf\/wp-json\/wp\/v2\/pages"}],"about":[{"href":"https:\/\/laser.usal.es\/alf\/wp-json\/wp\/v2\/types\/page"}],"author":[{"embeddable":true,"href":"https:\/\/laser.usal.es\/alf\/wp-json\/wp\/v2\/users\/1"}],"replies":[{"embeddable":true,"href":"https:\/\/laser.usal.es\/alf\/wp-json\/wp\/v2\/comments?post=4544"}],"version-history":[{"count":19,"href":"https:\/\/laser.usal.es\/alf\/wp-json\/wp\/v2\/pages\/4544\/revisions"}],"predecessor-version":[{"id":9578,"href":"https:\/\/laser.usal.es\/alf\/wp-json\/wp\/v2\/pages\/4544\/revisions\/9578"}],"wp:attachment":[{"href":"https:\/\/laser.usal.es\/alf\/wp-json\/wp\/v2\/media?parent=4544"}],"curies":[{"name":"wp","href":"https:\/\/api.w.org\/{rel}","templated":true}]}}