{"id":1431,"date":"2015-08-19T08:56:04","date_gmt":"2015-08-19T08:56:04","guid":{"rendered":"http:\/\/laser.usal.es\/posgrado\/home\/"},"modified":"2019-03-06T09:26:38","modified_gmt":"2019-03-06T09:26:38","slug":"home","status":"publish","type":"page","link":"https:\/\/laser.usal.es\/posgrado\/","title":{"rendered":"Inicio"},"content":{"rendered":"<section class=\"section  text-normal section-text-no-shadow section-inner-no-shadow section-fullheight section-opaque\"  id=\"inicio\" >\n            <div class=\"background-media lazyload\" style=\"background-image:inherit; background-repeat:no-repeat; background-size:cover; background-attachment:fixed; background-position: 50% 0%;\"  data-bg-image=\"url(&#039;https:\/\/laser.usal.es\/posgrado\/wp-content\/uploads\/2018\/01\/IMG-27729-retro.jpg&#039;)\">\n                    <\/div>\n    \n    <div class=\"background-overlay grid-overlay-0 \" style=\"background-color: rgba(0,0,0,0.5);\"><\/div>\n\n    <div class=\"container container-vertical-middle\">\n        <div class=\"row vertical-middle\">\n            <div class=\"col-md-6     text-default small-screen-default\"  ><h1 class=\"text-left  element-top-20 element-bottom-20 text-light os-animation big light\" data-os-animation=\"fadeInLeftBig\" data-os-animation-delay=\"0s\" >\n    M\u00e1ster en F\u00edsica y Tecnolog\u00eda de los L\u00e1seres<\/h1><\/div><div class=\"col-md-6     text-default small-screen-default\"  ><div class=\"col-text-1 text-normal  element-top-20 element-bottom-20\" data-os-animation=\"none\" data-os-animation-delay=\"0s\">\n    <\/div>\n<\/div>        <\/div>\n    <\/div>\n<\/section>\n<section class=\"section  text-normal section-text-no-shadow section-inner-no-shadow section-normal section-opaque\"  id=\"services\" >\n    \n    <div class=\"background-overlay grid-overlay-0 \" style=\"background-color: rgba(0,0,0,0);\"><\/div>\n\n    <div class=\"container container-vertical-default\">\n        <div class=\"row vertical-default\">\n            <div class=\"col-md-2     text-default small-screen-default\"  ><\/div><div class=\"col-md-8     text-default small-screen-default\"  ><div class=\"divider-wrapper \" style=\"visibility:hidden;background-color:#FFFFFF\">\n    <div class=\"visible-xs\" style=\"height:50px;\"><\/div>\n    <div class=\"visible-sm\" style=\"height:50px;\"><\/div>\n    <div class=\"visible-md\" style=\"height:50px;\"><\/div>\n    <div class=\"visible-lg\" style=\"height:50px;\"><\/div>\n<\/div><div class=\"col-text-1 text-normal  element-top-20 element-bottom-20\" data-os-animation=\"none\" data-os-animation-delay=\"0s\">\n    <p>El programa de posgrado en F\u00edsica y Tecnolog\u00eda de los L\u00e1seres es un proyecto formativo ofrecido de forma conjunta por las Universidades de Salamanca (\u00c1rea de \u00d3ptica, Departamento de Ingenier\u00eda Mec\u00e1nica, Departamento de F\u00edsica Fundamental) y de Valladolid (\u00c1rea de \u00d3ptica del Departamento de F\u00edsica Te\u00f3rica, At\u00f3mica y \u00d3ptica, Grupo de Semiconductores del Departamento de F\u00edsica de la Materia Condensada Cristalograf\u00eda y Mineralog\u00eda, y Departamento Teor\u00eda de la Se\u00f1al y Comunicaciones e Ingenier\u00eda Telem\u00e1tica) junto con el Centro de L\u00e1seres Pulsados Ultracortos y Ultraintensos (CLPU). Nuestro programa de posgrado est\u00e1 orientado a la formaci\u00f3n de especialistas en l\u00e1seres, con especial atenci\u00f3n a los campos de alta potencia y pulsos ultracortos.<\/p>\n<p><img decoding=\"async\" class=\"alignnone size-full wp-image-2166 lazyload\" data-src=\"https:\/\/laser.usal.es\/posgrado\/wp-content\/uploads\/2019\/03\/FotosVarias1.jpg\" alt=\"\" width=\"1654\" height=\"596\" data-srcset=\"https:\/\/laser.usal.es\/posgrado\/wp-content\/uploads\/2019\/03\/FotosVarias1.jpg 1654w, https:\/\/laser.usal.es\/posgrado\/wp-content\/uploads\/2019\/03\/FotosVarias1-300x108.jpg 300w, https:\/\/laser.usal.es\/posgrado\/wp-content\/uploads\/2019\/03\/FotosVarias1-768x277.jpg 768w, https:\/\/laser.usal.es\/posgrado\/wp-content\/uploads\/2019\/03\/FotosVarias1-1024x369.jpg 1024w\" data-sizes=\"(max-width: 1654px) 100vw, 1654px\" src=\"data:image\/svg+xml;base64,PHN2ZyB3aWR0aD0iMSIgaGVpZ2h0PSIxIiB4bWxucz0iaHR0cDovL3d3dy53My5vcmcvMjAwMC9zdmciPjwvc3ZnPg==\" style=\"--smush-placeholder-width: 1654px; --smush-placeholder-aspect-ratio: 1654\/596;\" \/><\/p>\n<\/div>\n<div class=\"divider-wrapper \" style=\"visibility:hidden;background-color:#FFFFFF\">\n    <div class=\"visible-xs\" style=\"height:50px;\"><\/div>\n    <div class=\"visible-sm\" style=\"height:50px;\"><\/div>\n    <div class=\"visible-md\" style=\"height:50px;\"><\/div>\n    <div class=\"visible-lg\" style=\"height:50px;\"><\/div>\n<\/div><hr class=\" element-top-20 element-bottom-20\" data-os-animation=\"none\" data-os-animation-delay=\"0s\"><\/div><div class=\"col-md-2     text-default small-screen-default\"  ><\/div>        <\/div>\n    <\/div>\n<\/section>\n<section class=\"section  text-normal section-text-no-shadow section-inner-no-shadow section-normal section-opaque\"  >\n    \n    <div class=\"background-overlay grid-overlay-0 \" style=\"background-color: rgba(0,0,0,0);\"><\/div>\n\n    <div class=\"container container-vertical-default\">\n        <div class=\"row vertical-default\">\n            <div class=\"col-md-12     text-default small-screen-default\"  ><div class=\"divider-wrapper \" style=\"visibility:hidden;background-color:#FFFFFF\">\n    <div class=\"visible-xs\" style=\"height:24px;\"><\/div>\n    <div class=\"visible-sm\" style=\"height:24px;\"><\/div>\n    <div class=\"visible-md\" style=\"height:24px;\"><\/div>\n    <div class=\"visible-lg\" style=\"height:24px;\"><\/div>\n<\/div><h1 class=\"text-left  element-top-20 element-bottom-20 text-normal os-animation normal default\" data-os-animation=\"fadeIn\" data-os-animation-delay=\"0.1s\" >\n    Inf\u00f3rmate de nuestras \u00faltimas novedades<\/h1><div class=\"divider-wrapper \" style=\"visibility:hidden;background-color:#FFFFFF\">\n    <div class=\"visible-xs\" style=\"height:24px;\"><\/div>\n    <div class=\"visible-sm\" style=\"height:24px;\"><\/div>\n    <div class=\"visible-md\" style=\"height:24px;\"><\/div>\n    <div class=\"visible-lg\" style=\"height:24px;\"><\/div>\n<\/div> <div class=\" element-top-20 element-bottom-20 recent-simple-os-container list-container row\">\n    \n        <div class=\"col-md-4 recent-simple-os-animation\" data-os-animation=\"fadeIn\" data-os-animation-delay=\"0.2s\">\n\n        <article id=\"post-2282\" class=\"post-grid element-bottom-20 text-left\">\n        <div class=\"post-grid-content\">\n        <h3 class=\"post-grid-content-title\">\n            <a href=\"https:\/\/laser.usal.es\/posgrado\/2020\/02\/11\/programa-internacional-de-becas-iberdrola-para-estudios-de-master-2020\/\">\n                Programa Internacional de Becas Iberdrola para estudios de m\u00e1ster 2020            <\/a>\n        <\/h3>\n        <p>Iberdrola ha abierto una convocatoria de becas internacionales para cursar estudios de m\u00e1ster para el pr\u00f3ximo curso (2020-2021). Puedes concultar aqu\u00ed toda la informaci\u00f3n.<\/p>\n        <div class=\"post-grid-content-footer\">\n                            admin,\n                        11 febrero, 2020        <\/div>\n    <\/div>\n<\/article>\n\n        <\/div>\n        \n        <div class=\"col-md-4 recent-simple-os-animation\" data-os-animation=\"fadeIn\" data-os-animation-delay=\"0.4s\">\n\n        <article id=\"post-2278\" class=\"post-grid element-bottom-20 text-left\">\n        <div class=\"post-grid-content\">\n        <h3 class=\"post-grid-content-title\">\n            <a href=\"https:\/\/laser.usal.es\/posgrado\/2020\/01\/16\/matricula-extraordinario-en-el-segundo-cuatrimestre\/\">\n                Matr\u00edcula extraordinaria en el segundo cuatrimestre            <\/a>\n        <\/h3>\n        <p>Desde el d\u00eda 20 de enero y hasta el 31 del mismo mes, ambos inclusive, estar\u00e1 abierto el plazo extraordinario de matr\u00edcula en segundo cuatrimestre para m\u00e1steres universitarios de la Universidad de Salamanca. Aquellos interesados, \u00a1aprovechen la ocasi\u00f3n!<\/p>\n        <div class=\"post-grid-content-footer\">\n                            admin,\n                        16 enero, 2020        <\/div>\n    <\/div>\n<\/article>\n\n        <\/div>\n        \n        <div class=\"col-md-4 recent-simple-os-animation\" data-os-animation=\"fadeIn\" data-os-animation-delay=\"0.6s\">\n\n        <article id=\"post-2256\" class=\"post-grid element-bottom-20 text-left\">\n        <div class=\"post-grid-content\">\n        <h3 class=\"post-grid-content-title\">\n            <a href=\"https:\/\/laser.usal.es\/posgrado\/2019\/09\/19\/resuelto-el-premio-monocrom-al-mejor-tfm-del-curso-18-19\/\">\n                Resuelto el Premio Monocrom al mejor TFM del curso 18\/19            <\/a>\n        <\/h3>\n        <p>La edicio\u0301n de este an\u0303o del Premio Monocrom al mejor Trabajo Fin de Ma\u0301ster se ha resuelto con la entrega del premio a la estudiante Elena Santamarina Ortiz, como reconocimiento a su trabajo titulado \u201cFabricacio\u0301n de sistemas compuestos con base polime\u0301rica mediante ablacio\u0301n la\u0301ser en li\u0301quidos\u201d. \u00a1Enhorabuena Elena! Aprovechamos para agradecer un a\u00f1o m\u00e1s a<\/p>\n        <div class=\"post-grid-content-footer\">\n                            admin,\n                        19 septiembre, 2019        <\/div>\n    <\/div>\n<\/article>\n\n        <\/div>\n        <\/div>\n<\/div>        <\/div>\n    <\/div>\n<\/section>\n","protected":false},"excerpt":{"rendered":"Iberdrola ha abierto una convocatoria de becas internacionales para cursar estudios de m\u00e1ster para el pr\u00f3ximo curso (2020-2021). Puedes concultar aqu\u00ed toda la informaci\u00f3n.","protected":false},"author":1,"featured_media":0,"parent":0,"menu_order":0,"comment_status":"closed","ping_status":"closed","template":"","meta":{"_monsterinsights_skip_tracking":false,"_monsterinsights_sitenote_active":false,"_monsterinsights_sitenote_note":"","_monsterinsights_sitenote_category":0,"footnotes":""},"class_list":["post-1431","page","type-page","status-publish","hentry"],"_links":{"self":[{"href":"https:\/\/laser.usal.es\/posgrado\/wp-json\/wp\/v2\/pages\/1431","targetHints":{"allow":["GET"]}}],"collection":[{"href":"https:\/\/laser.usal.es\/posgrado\/wp-json\/wp\/v2\/pages"}],"about":[{"href":"https:\/\/laser.usal.es\/posgrado\/wp-json\/wp\/v2\/types\/page"}],"author":[{"embeddable":true,"href":"https:\/\/laser.usal.es\/posgrado\/wp-json\/wp\/v2\/users\/1"}],"replies":[{"embeddable":true,"href":"https:\/\/laser.usal.es\/posgrado\/wp-json\/wp\/v2\/comments?post=1431"}],"version-history":[{"count":11,"href":"https:\/\/laser.usal.es\/posgrado\/wp-json\/wp\/v2\/pages\/1431\/revisions"}],"predecessor-version":[{"id":2167,"href":"https:\/\/laser.usal.es\/posgrado\/wp-json\/wp\/v2\/pages\/1431\/revisions\/2167"}],"wp:attachment":[{"href":"https:\/\/laser.usal.es\/posgrado\/wp-json\/wp\/v2\/media?parent=1431"}],"curies":[{"name":"wp","href":"https:\/\/api.w.org\/{rel}","templated":true}]}}