{"id":2036,"date":"2018-06-18T18:00:05","date_gmt":"2018-06-18T18:00:05","guid":{"rendered":"http:\/\/laser.usal.es\/posgrado\/?page_id=2036"},"modified":"2024-07-25T19:03:38","modified_gmt":"2024-07-25T19:03:38","slug":"seminarios-temas-avanzados","status":"publish","type":"page","link":"https:\/\/laser.usal.es\/posgrado\/seminarios-temas-avanzados\/","title":{"rendered":"Seminarios (Temas Avanzados)"},"content":{"rendered":"<p>La asistencia a los seminarios organizados por el Grupo de \u00d3ptica y por el CLPU es obligatoria para los estudiantes de m\u00e1ster y doctorado. Los seminarios complementan la formaci\u00f3n b\u00e1sica y ofrecen una perspectiva amplia de la investigaci\u00f3n m\u00e1s reciente en temas relacionados con el l\u00e1ser.<\/p>\n<p>Adem\u00e1s de seminarios individuales, cada cierto tiempo se organizan cursos cortos, talleres o reuniones cient\u00edficas sobre temas concretos que tambi\u00e9n pueden ser \u00fatiles para los estudiantes.<\/p>\n<h3>Lista de seminarios recientes<\/h3>\n<p><strong>Seminarios durante el curso 2023-2024<\/strong><\/p>\n<table>\n<tbody>\n<tr>\n<td><strong>Fecha<\/strong><\/td>\n<td><strong>Nombre<\/strong><\/td>\n<td><strong>Afiliaci\u00f3n<\/strong><\/td>\n<td><strong>T\u00edtulo<\/strong><\/td>\n<\/tr>\n<tr>\n<td>\u00a017\/10\/2023<\/td>\n<td>\u00a0Luis Plaja Rustein<\/td>\n<td>\u00a0ALF-USAL<\/td>\n<td>\u00a0A F***ing attosecond!: Celebrando el Nobel de F\u00edsica 2023 (+F\u00edsica)<\/td>\n<\/tr>\n<tr>\n<td>\u00a003\/11\/2023<\/td>\n<td>Carlos Trallero<\/td>\n<td>Univ. of Connecticut<\/td>\n<td>New regimes in ultrafast and strong field science (Op-sesiones)<\/td>\n<\/tr>\n<tr>\n<td>\u00a024\/11\/2023<\/td>\n<td>\u00a0Laura Rego Cabezas<\/td>\n<td>Univ. Aut\u00f3noma de Madrid<\/td>\n<td>Tailoring Light&#8217;s Polarization for Chiral Discrimination (Op-sesiones)<\/td>\n<\/tr>\n<tr>\n<td>01\/12\/2023<\/td>\n<td>\u00a0Miguel \u00c1ngel Porras<\/td>\n<td>Univ. Polit\u00e9cnica de Madrid<\/td>\n<td>Theoretical advances in structured ligth with longitudinal and transverse orbital angular momentum(Op-sesiones)<\/td>\n<\/tr>\n<tr>\n<td>18\/12\/2023<\/td>\n<td>\u00a0Ignacio L\u00f3pez Quint\u00e1s<\/td>\n<td>Univ. De Salamanca. ALF-USAL<\/td>\n<td>Otra forma de mirar. Una nueva l\u00ednea de investigaci\u00f3n en Microscop\u00eda No Lineal (Op-sesi\u00f3n)<\/td>\n<\/tr>\n<tr>\n<td>22\/03\/2024<\/td>\n<td>Pedro Moronta<\/td>\n<td>Instituto de Ciencias de Materiales Madrid (ICMM) CSIC<\/td>\n<td>Random lasers: controlling their spectral persistence (Op-sesi\u00f3n)<\/td>\n<\/tr>\n<tr>\n<td>11\/06\/2024<\/td>\n<td>Roc\u00edo Borrego Varillas<\/td>\n<td>Istituto di Fotonica e Nanotecnologie Cosiglio Nationale delle Recherche (Italia)<\/td>\n<td>Novel ultrafast sources for attosecond spectroscopy (Op-sesi\u00f3n)<\/td>\n<\/tr>\n<tr>\n<td>17\/06\/2024<\/td>\n<td>Rosa Pilar Merch\u00e1n Corral<\/td>\n<td>Univ. De Salamanca. ALF-USAL<\/td>\n<td>Heat Transfer mechanism in nanoscale materials (Op-sesi\u00f3n)<\/td>\n<\/tr>\n<tr>\n<td>10\/07\/2024<\/td>\n<td>Ming-Chang Chen<\/td>\n<td>National Tsing Hua University en Hsinchu, Taiwan<\/td>\n<td>Advancements in Turn-Key Attosecond Light Sources and Their Application in Probing Spin Dynamics (Op-sesi\u00f3n)<\/td>\n<\/tr>\n<tr>\n<td>11\/07\/2024<\/td>\n<td>Raoul Trines<\/td>\n<td>STFC Rutherford Appleton Laboratory, Didcot, UK<\/td>\n<td>Laser harmonic generation: a beat wave on steroids (Op-sesi\u00f3n)<\/td>\n<\/tr>\n<tr>\n<td>23\/07\/2024<\/td>\n<td>Zhensheng Tao<\/td>\n<td>State Key Laboratory of Surface Physics and Key Laboratory of Micro and Nao Photonic Structures (MOE).<\/p>\n<p>Fudan University, Sanghai (China)<\/td>\n<td>Solid-state High-order Sideband Spectroscopy and Microscopy<\/td>\n<\/tr>\n<\/tbody>\n<\/table>\n<p><strong>Seminarios durante el curso 2022-2023<\/strong><\/p>\n<table border=\"1\">\n<tbody>\n<tr align=\"center\" valign=\"middle\">\n<td>\n<h3>Fecha<\/h3>\n<\/td>\n<td>\n<h3>Nombre<\/h3>\n<\/td>\n<td>\n<h3>Afiliaci\u00f3n<\/h3>\n<\/td>\n<td>\n<h3>T\u00edtulo<\/h3>\n<\/td>\n<\/tr>\n<tr>\n<td>\u00a023\/06\/2023<\/td>\n<td>\u00a0Marta Morales Vidal<\/td>\n<td>\u00a0Holograf\u00eda y Procesado \u00d3ptico (Universidad de Alicante)<\/td>\n<td>\u00a0Holography for disruptive photovoltaic applications (Op-Sesiones)<\/td>\n<\/tr>\n<tr>\n<td>\u00a019\/06\/2023<\/td>\n<td>\u00a0Henry Kapteyn<\/td>\n<td>\u00a0JILA (University of Colorado)<\/td>\n<td>\u00a0Attosecond Quantum Technilogies for Advanced Materials Metrologies<\/td>\n<\/tr>\n<tr>\n<td>\u00a09\/06\/2023<\/td>\n<td>\u00a0Jos\u00e9 Caridad<\/td>\n<td>\u00a0Departamento de F\u00edsica Aplicada (USAL)<\/td>\n<td>\u00a0Detecci\u00f3n de nuevos fen\u00f3menos quirales en nanomateriales (Op-Sesiones)<\/td>\n<\/tr>\n<tr>\n<td>\u00a026\/05\/2023<\/td>\n<td>\u00a0Miguel L\u00f3pez Ripa<\/td>\n<td>\u00a0ALF-USAL<\/td>\n<td>\u00a0Developement of ultra-stable characterization techniques for ultrashort laser beams (acto de defensa de tesis doctoral)<\/td>\n<\/tr>\n<tr>\n<td>\u00a025\/04\/2023<\/td>\n<td>\u00a0\u00cd\u00f1igo J. Sola Larra\u00f1aga<\/td>\n<td>\u00a0ALF-USAL<\/td>\n<td>\u00a0Espectroscopia de bolsillo (+F\u00edsica)<\/td>\n<\/tr>\n<tr>\n<td>\u00a017\/03\/2023<\/td>\n<td>\u00a0Carolina Romero<\/td>\n<td>\u00a0ALF-USAL<\/td>\n<td>\u00a0Fabricaci\u00f3n de dispositivos fot\u00f3nicos 3D con l\u00e1seres ultracortos (II Workshop Mujer, \u00d3ptica y Fot\u00f3nica)<\/td>\n<\/tr>\n<tr>\n<td>\u00a017\/03\/2023<\/td>\n<td>\u00a0Cristina Flors<\/td>\n<td>\u00a0IMDEA Nanociencia<\/td>\n<td>\u00a0Optical Microscopy at the Nanoscale (II Workshop Mujer, \u00d3ptica y Fot\u00f3nica)<\/td>\n<\/tr>\n<tr>\n<td>\u00a024\/02\/2023<\/td>\n<td>\u00a0Benoit Richard<\/td>\n<td>\u00a0Hamburg Center for Ultrafast Imaging (Hamburg University)<\/td>\n<td>\u00a0Coulomb explosion as a potential new tool for the ultrafast imaging of single molecules (Op-sesiones)<\/td>\n<\/tr>\n<tr>\n<td>\u00a017\/01\/2023<\/td>\n<td>\u00a0Varios ponentes (M. Sanz, Z. Qiu y P. P\u00e9rez-Mill\u00e1n)<\/td>\n<td>\u00a0Webminario organizado por la empresa FYLA<\/td>\n<td>\u00a0Aplicaciones del l\u00e1ser de supercontinuo en espectroscopia molecular y en imagen m\u00e9dica<\/td>\n<\/tr>\n<tr>\n<td>\u00a025\/11\/2022<\/td>\n<td>\u00a0Rosa M. Mart\u00ednez-Ojeda<\/td>\n<td>\u00a0Laboratorio de \u00d3ptica, Universidad de Murcia (LO\u00b7UM)<\/td>\n<td>\u00a0Microscop\u00eda Multifot\u00f3nica. Donde cabe uno, caben dos (o m\u00e1s) (Op-sesiones)<\/td>\n<\/tr>\n<tr>\n<td>\u00a021\/11\/2022<\/td>\n<td>\u00a0Roberto Boyero<\/td>\n<td>\u00a0ALF-USAL (Universidad de Salamanca)<\/td>\n<td>\u00a0Study of the macroscopic high-order harmonic emission from single-layer graphene.<\/td>\n<\/tr>\n<tr>\n<td>\u00a025\/10\/2022<\/td>\n<td>\u00a0Kamil Stelmaszczyk<\/td>\n<td>\u00a0CENTERA Laboratories, Institute of High Pressure Physics, Warsaw, Poland<\/td>\n<td>\u00a0Detecting trace amount of contamination or additives in commercial-grade gasolines by means of THz-TDS Time-of-Flight Spectroscopy (Nano-Lab)<\/td>\n<\/tr>\n<tr>\n<td>\u00a021\/10\/2022<\/td>\n<td>\u00a0Julio San Roman<\/td>\n<td>\u00a0ALF-USAL (Universidad de Salamanca)<\/td>\n<td>\u00a0Relativistic Quantum Effects in Laser-Driven Electrons (in memoriam of Howard R. Reiss) (Op-Sesiones)<\/td>\n<\/tr>\n<\/tbody>\n<\/table>\n<p><strong>Seminarios durante el curso 2021-2022<\/strong><\/p>\n<table border=\"1\">\n<tbody>\n<tr align=\"center\" valign=\"middle\">\n<td>\n<h3>Fecha<\/h3>\n<\/td>\n<td>\n<h3>Nombre<\/h3>\n<\/td>\n<td>\n<h3>Afiliaci\u00f3n<\/h3>\n<\/td>\n<td>\n<h3>T\u00edtulo<\/h3>\n<\/td>\n<\/tr>\n<tr>\n<td>\u00a019\/5\/2022<\/td>\n<td>\u00a0Andreas D\u00f6pp<\/td>\n<td>\u00a0Ludwing-Maximilians Universit\u00e4t M\u00fcnchen<\/td>\n<td>\u00a0Laser-plasma X-ray sources&#8230; and how to improve them with machine learning methods (Op-Sesiones)<\/td>\n<\/tr>\n<tr>\n<td>\u00a016\/5\/2022<\/td>\n<td>\u00a0Wojciech Gawelda<\/td>\n<td>\u00a0Departamento de Qu\u00edmica de la UAM (IMDEA, Nanociencia)<\/td>\n<td>\u00a0Tracking ultrafast structural dynamics in condensed phase matter using X-ray free electron lasers (Op-Sesiones)<\/td>\n<\/tr>\n<tr>\n<td>\u00a03\/5\/2022<\/td>\n<td>\u00a0Michelle Edwards<\/td>\n<td>\u00a0Directora asociada del National Observatory Kitt Peak (Arizona, EUA)<\/td>\n<td>\u00a0Ad astra per optica (organizado por OPTICA Photonets UV)<\/td>\n<\/tr>\n<tr>\n<td>\u00a05\/4\/2022<\/td>\n<td>\u00a0Quillermo Mart\u00edn<\/td>\n<td>\u00a0Institut de Plan\u00e9tologie et d&#8217;Astrophysique de Grenoble, Universit\u00e9 Grenoble Alpes (France)<\/td>\n<td>\u00a0Aplicaciones de la foto-inscripci\u00f3n laser para astrofot\u00f3nica y espectrometr\u00eda (Op-Sesiones)<\/td>\n<\/tr>\n<tr>\n<td>\u00a025\/3\/2022<\/td>\n<td>\u00a0Cristian Svetina<\/td>\n<td>\u00a0Paul Scherrer Institute (Switzerland)<\/td>\n<td>\u00a0X-ray transient grating spectroscopy at X-ray free electron lasers (IMDEA)<\/td>\n<\/tr>\n<tr>\n<td>\u00a024\/2\/2022<\/td>\n<td>\u00a0Matthieu Guer<\/td>\n<td>\u00a0\u00c9cole N\u00f3rmale Sup\u00e9rieure de Lyon (France)<\/td>\n<td>\u00a0How do photons combine in non-perturbative physics? (Op-Sesiones)<\/td>\n<\/tr>\n<tr>\n<td>\u00a018\/2\/2022<\/td>\n<td>\u00a0Jacopo Bertolotti<\/td>\n<td>\u00a0University of Exeter (U.K.)<\/td>\n<td>\u00a0Looking at Hidden Things (LOUM invited Seminars Series)<\/td>\n<\/tr>\n<tr>\n<td>\u00a017\/12\/2021<\/td>\n<td>\u00a0Javier Serrano<\/td>\n<td>\u00a0ALF-USAL<\/td>\n<td>\u00a0Deep Learning y generaci\u00f3n de arm\u00f3nicos (Op-Sesiones)<\/td>\n<\/tr>\n<tr>\n<td>\u00a014\/12\/2021<\/td>\n<td>\u00a0Jorge Souto<\/td>\n<td>\u00a0Uniersidad de Valladolid<\/td>\n<td>\u00a0Degradaci\u00f3n de diodos l\u00e1ser: modelos f\u00edsicos y resoluci\u00f3n por m\u00e9todos de elementos finitos (FEM) (Op-Sesiones)<\/td>\n<\/tr>\n<tr>\n<td>\u00a024\/11\/2021<\/td>\n<td>\u00a0Varios ponentes<\/td>\n<td>\u00a0Grupos de \u00d3ptica Cu\u00e1ntica y No Lineal de SEDOPTICA<\/td>\n<td>\u00a0Sesi\u00f3n de \u00d3ptiva Cu\u00e1ntica y No Lineal de la RNO21<\/td>\n<\/tr>\n<tr>\n<td>\u00a023\/11\/2021<\/td>\n<td>\u00a0Prof. Jelena Vuckovic<\/td>\n<td>\u00a0Stanford University (USA)<\/td>\n<td>\u00a0Scalable classical and quantum photonics: an optimized approach (RNO21).<\/td>\n<\/tr>\n<tr>\n<td>\u00a022\/11\/2021<\/td>\n<td>\u00a0Prof. Jannick Rolland<\/td>\n<td>\u00a0Rochester University (USA)<\/td>\n<td>\u00a0Recent Advances in Corneal Imaging (RNO21).<\/td>\n<\/tr>\n<tr>\n<td>\u00a012\/11\/2021<\/td>\n<td>\u00a0Kevin Dorney<\/td>\n<td>\u00a0AttoLab, imec (Leuven &#8211; Belgium)<\/td>\n<td>\u00a0Imec&#8217;s AttoLab: Bridging the Gap Between Fundamental Ultrafast EUV Science and Practical Metrologies for the Semiconductor Industry<\/td>\n<\/tr>\n<tr>\n<td>\u00a020\/10\/2021<\/td>\n<td>\u00a0Teruca Belmonte<\/td>\n<td>\u00a0Universidad de Valladolid<\/td>\n<td>\u00a0Estudiando la composici\u00f3n qu\u00edmica del universo: \u00bfqu\u00e9 puede hacer la espectroscopia por los astr\u00f3nomos?<\/td>\n<\/tr>\n<tr>\n<td>\u00a018\/10\/2021<\/td>\n<td>\u00a0Javier Garc\u00eda Ajates<\/td>\n<td>\u00a0CLPU<\/td>\n<td>\u00a0Dise\u00f1o y fabricaci\u00f3n de circuitos fot\u00f3nicos integrados 3D mediante microprocesado con l\u00e1seres pulsados (defensa de Tesis Doctoral)<\/td>\n<\/tr>\n<\/tbody>\n<\/table>\n<p><strong>Seminarios durante el curso 2020-2021<\/strong><\/p>\n<table border=\"1\">\n<tbody>\n<tr align=\"center\" valign=\"middle\">\n<td>\n<h3>Fecha<\/h3>\n<\/td>\n<td>\n<h3>Nombre<\/h3>\n<\/td>\n<td>\n<h3>Afiliaci\u00f3n<\/h3>\n<\/td>\n<td>\n<h3>T\u00edtulo<\/h3>\n<\/td>\n<\/tr>\n<tr>\n<td>\u00a025\/05\/2021<\/td>\n<td>\u00a0V\u00edctor Berdejo Arceiz<\/td>\n<td>\u00a0Universidad de Zaragoza<\/td>\n<td>\u00a0\u00d3ptica ultrarr\u00e1pida y no lineal en fibras \u00f3pticas (Op-Sesiones)<\/td>\n<\/tr>\n<tr>\n<td>\u00a019\/05\/2021<\/td>\n<td>\u00a0J. Beetar<\/td>\n<td>\u00a0University of central Florida, USA<\/td>\n<td>\u00a0Compressing industrial grade lasers for attosecond science (Ultrafast laser technology for attosecond, Lund Attosecond Science Symposium)<\/td>\n<\/tr>\n<tr>\n<td>\u00a019\/05\/2021<\/td>\n<td>\u00a0F. Belli<\/td>\n<td>\u00a0Heriot-Watt University, Edinburgh, UK<\/td>\n<td>\u00a0Generation of high-energy field transients in gas-filled hollow-core fibers (Ultrafast laser technology for attosecond, Lund Attosecond Science Symposium)<\/td>\n<\/tr>\n<tr>\n<td>\u00a019\/05\/2021<\/td>\n<td>\u00a0R. Budriunas<\/td>\n<td>\u00a0Light Conversion and Vilnius University, Vilnius, Lithuania<\/td>\n<td>\u00a0Development of &gt; 20W, mJ-level OPCPA system tunable from 1.7 \u00b5m to 3 \u00b5m (Ultrafast laser technology for attosecond, Lund Attosecond Science Symposium)<\/td>\n<\/tr>\n<tr>\n<td>\u00a019\/05\/2021<\/td>\n<td>\u00a0P. Russell<\/td>\n<td>\u00a0Max Planck Institute for the Science of Light, Erlangen, Germany<\/td>\n<td>\u00a0Extreme pulse compression and spectral broadening in gas-filled hollow-core photonic crystal fibre (Ultrafast laser technology for attosecond, Lund Attosecond Science Symposium)<\/td>\n<\/tr>\n<tr>\n<td>\u00a004\/05\/2021<\/td>\n<td>\u00a0Laura Rego<\/td>\n<td>\u00a0ALF-USAL (Universidad de Salamanca)<\/td>\n<td>\u00a0Haces de luz de alta frecuencia con momento angular que var\u00eda con el tiempo (Op-Sesiones)<\/td>\n<\/tr>\n<tr>\n<td>\u00a012\/02\/2021<\/td>\n<td>\u00a0Alba Paniagua<\/td>\n<td>\u00a0LOUM (Universidad de Murcia)<\/td>\n<td>\u00a0\u00d3ptica adaptativa y wavefront shaping para la mejora de la visi\u00f3n (Op-Sesiones)<\/td>\n<\/tr>\n<tr>\n<td>\u00a005\/02\/2021<\/td>\n<td>\u00a0Prof. Kyung Taec Kim<\/td>\n<td>\u00a0Gwangju Institute of Science &amp; Technology (GIST) &amp; Associate Director, Center for Relativistic Laser Science (CoReLS), Institute for Basic Science (IBS)) (Corea del Sur)<\/td>\n<td>\u00a0Temporal characterization of a laser pulse in the time domain using tunneling ionization (LPA-Seminars)<\/td>\n<\/tr>\n<tr>\n<td>\u00a022\/12\/2020<\/td>\n<td>\u00a0Pilar Puyuelo<\/td>\n<td>\u00a0CLPU<\/td>\n<td>\u00a0Aceleraci\u00f3n de iones con un l\u00e1ser y blancos gaseosos de alta densidad, y una aplicaci\u00f3n de an\u00e1lisis de elementos (Op-Sesiones)<\/td>\n<\/tr>\n<tr>\n<td>\u00a016\/11\/2020<\/td>\n<td>\u00a0Roc\u00edo Yanes<\/td>\n<td>\u00a0Universidad de Salamanca, ERC Atto-Estructura<\/td>\n<td>\u00a0Din\u00e1mica de la imanaci\u00f3n inducida por pulsos l\u00e1ser (Op-Sesiones)<\/td>\n<\/tr>\n<tr>\n<td>\u00a030\/10\/2020<\/td>\n<td>\u00a0Aurora Crego<\/td>\n<td>\u00a0Universidad de Salamanca, ALF-USAL<\/td>\n<td>Generando pulsos visibles ultracortos con haces de tipo Necklace (Op-Sesiones)<\/td>\n<\/tr>\n<tr>\n<td>\u00a029\/09\/2020<\/td>\n<td>\u00a0Benjam\u00edn Alonso<\/td>\n<td>\u00a0Universidad de Salamanca, ALF-USAL<\/td>\n<td>\u00a0Medida temporal de haces ultracortos con amplitude swing (Op-Sesiones)<\/td>\n<\/tr>\n<\/tbody>\n<\/table>\n<p><strong>Seminarios durante el curso 2019-2020<\/strong><\/p>\n<table border=\"1\">\n<tbody>\n<tr align=\"center\" valign=\"middle\">\n<td>\n<h3>Fecha<\/h3>\n<\/td>\n<td>\n<h3>Nombre<\/h3>\n<\/td>\n<td>\n<h3>Afiliaci\u00f3n<\/h3>\n<\/td>\n<td>\n<h3>T\u00edtulo<\/h3>\n<\/td>\n<\/tr>\n<tr>\n<td>\u00a020\/03\/2020<\/td>\n<td>\u00a0Miguel L\u00f3pez Ripa<\/td>\n<td>\u00a0Universidad de Salamanca, ALF-USAL<\/td>\n<td>\u00a0Caracterizaci\u00f3n de l\u00e1seres pulsados de fibra \u00f3ptica (Op-Sesiones)<\/td>\n<\/tr>\n<tr>\n<td>13\/11\/2019<\/td>\n<td>\u00a0Alba de las Heras<\/td>\n<td>\u00a0Universidad de Salamanca, ALF-USAL<\/td>\n<td>\u00a0Las huellas de la correlaci\u00f3n electr\u00f3nica en la emisi\u00f3n de altas frecuencias arm\u00f3nicas (Op-Sesiones)<\/td>\n<\/tr>\n<tr>\n<td>15\/10\/2019<\/td>\n<td>\u00a0Laura Rego Cabezas<\/td>\n<td>\u00a0Universidad de Salamanca, ALF-USAL<\/td>\n<td>\u00a0Luz l\u00e1ser con torque (+F\u00edsica)<\/td>\n<\/tr>\n<tr>\n<td>\u00a09\/10\/2019<\/td>\n<td>\u00a0Andr\u00e9s Garc\u00eda Ru\u00edz<\/td>\n<td>\u00a0Universidad de Alcal\u00e1, Grupo de Ingenier\u00eda Fot\u00f3nica<\/td>\n<td>\u00a0Sensores de fibra \u00f3ptica basados en scattering Rayleigh<\/td>\n<\/tr>\n<tr>\n<td>\u00a026\/9\/2019<\/td>\n<td>\u00a0Luis Plaja<\/td>\n<td>\u00a0Universidad de Salamanca, ALF-USAL<\/td>\n<td>\u00a0\u00d3ptica Extrema: los l\u00edmites de la luz l\u00e1ser (Conferencia inaugural de las II Jornadas de J\u00f3venes Investigadores INNOVA-USAL)<\/td>\n<\/tr>\n<tr>\n<td>\u00a025\/9\/2019<\/td>\n<td>\u00a0Susana Marcos<\/td>\n<td>\u00a0Grupo de \u00d3ptica Visual y Biofot\u00f3nica (IO, CSIS)<\/td>\n<td>\u00a0\u00bfQu\u00e9 ven mis ojos?<\/td>\n<\/tr>\n<\/tbody>\n<\/table>\n<p><strong>Seminarios durante el curso 2018-2019<\/strong><\/p>\n<table border=\"1\">\n<tbody>\n<tr align=\"center\" valign=\"middle\">\n<td>\n<h3>Fecha<\/h3>\n<\/td>\n<td>\n<h3>Nombre<\/h3>\n<\/td>\n<td>\n<h3>Afiliaci\u00f3n<\/h3>\n<\/td>\n<td>\n<h3>T\u00edtulo<\/h3>\n<\/td>\n<\/tr>\n<tr>\n<td>5\/6\/2019<\/td>\n<td>\u00a0Alex Gaeta<\/td>\n<td>\u00a0Columbia University (USA)<\/td>\n<td>\u00a0Chip-Based Optical Frequency Combs<\/td>\n<\/tr>\n<tr>\n<td>27\/5\/2019<\/td>\n<td>\u00a0Gerad Mourou<\/td>\n<td>\u00a0Premio Nobel de F\u00edsica 2018<\/td>\n<td>\u00a0Passion for Extreme Light<\/td>\n<\/tr>\n<tr>\n<td>5\/4\/2019<\/td>\n<td>\u00a0Javier Prada Rodrigo<\/td>\n<td>\u00a0Universidad de Salamanca, ALF-USAL<\/td>\n<td>\u00a0Plasmones superficiales: F\u00edsica y Aplicaciones (Op-sesiones)<\/td>\n<\/tr>\n<tr>\n<td>26\/3\/2019<\/td>\n<td>\u00a0Javier Rodriguez Vazquez de Aldana<\/td>\n<td>\u00a0Universidad de Salamanca, ALF-USAL<\/td>\n<td>\u00a0Procesado l\u00e1ser de alta precisi\u00f3n: de la microsierra al nanol\u00e1piz (+Fisica)<\/td>\n<\/tr>\n<tr>\n<td>15\/3\/2019<\/td>\n<td>\u00a0Aurora Crego Garcia<\/td>\n<td>\u00a0Universidad de Salamanca, ALF-USAL<\/td>\n<td>\u00a0C\u00f3mo comprimir pulsos de luz de pocos ciclos (Op-sesiones)<\/td>\n<\/tr>\n<tr>\n<td>1\/3\/2019<\/td>\n<td>\u00a0Jose Benito Vazquez Dorrio<\/td>\n<td>\u00a0Embajador de Scientix, Universidad de Vigo<\/td>\n<td>\u00a0F\u00edsica Re-Creativa: Luz, Color e Interferencia (Olimpiadas de F\u00edsica)<\/td>\n<\/tr>\n<tr>\n<td>22\/2\/2019<\/td>\n<td>\u00a0Carlos Hernandez Garcia<\/td>\n<td>\u00a0Universidad de Salamanca, ALF-USAL<\/td>\n<td>\u00a0El twist de la luz (Op-sesiones)<\/td>\n<\/tr>\n<tr>\n<td>17\/12\/2018<\/td>\n<td>\u00a0Antonio M. Caravaca Aguirre<\/td>\n<td>\u00a0Laboratorie Interdisciplinaire de Physique (Liphy), Grenoble<\/td>\n<td>\u00a0Controlling light in complex media for imaging and nonlinear applications (Op-sesiones)<\/td>\n<\/tr>\n<tr>\n<td>27\/11\/2018<\/td>\n<td>\u00a0Cruz M\u00e9ndez Valverde<\/td>\n<td>\u00a0Centro de L\u00e1seres Pulsados (CLPU).<\/td>\n<td>\u00a0CPA (Chirped Pulse Amplification): La t\u00e9cnica amplificadora de pulsos cortos ganadora del nobel de F\u00edsica 2018 (+F\u00edsica)<\/td>\n<\/tr>\n<tr>\n<td>22\/11\/2018<\/td>\n<td>\u00a0Laura Rego Cabezas<\/td>\n<td>\u00a0Universidad de Salamanca, ALF-USAL<\/td>\n<td>\u00a0Ionizaci\u00f3n t\u00fanel frustrada: un nuevo m\u00e9todo para generar radiaci\u00f3n de alta frecuencia (Op-sesiones)<\/td>\n<\/tr>\n<tr>\n<td>6\/11\/2018<\/td>\n<td>\u00a0Roberto Boyero Garc\u00eda<\/td>\n<td>\u00a0Universidad de Salamanca, ALF-USAL<\/td>\n<td>\u00a0Ajuste de fase transversal en la generaci\u00f3n de arm\u00f3nicos de orden alto (Op-sesiones)<\/td>\n<\/tr>\n<tr>\n<td>10\/10\/2018<\/td>\n<td>\u00a0Andr\u00e9s Sanz Garc\u00eda<\/td>\n<td>\u00a0Departamento de Ingenier\u00eda Mec\u00e1nica de la Universidad de Salamanca<\/td>\n<td>\u00a0Femto-biomimetics: New avenues in fabrication of 3D culture models (Op-sesiones)<\/td>\n<\/tr>\n<\/tbody>\n<\/table>\n<p><strong>Seminarios durante el curso 2017-2018<\/strong><\/p>\n<table border=\"1\">\n<tbody>\n<tr align=\"center\" valign=\"middle\">\n<td>\n<h3>Fecha<\/h3>\n<\/td>\n<td>\n<h3>Nombre<\/h3>\n<\/td>\n<td>\n<h3>Afiliaci\u00f3n<\/h3>\n<\/td>\n<td>\n<h3>T\u00edtulo<\/h3>\n<\/td>\n<\/tr>\n<tr>\n<td>\u00a018\/5\/2018<\/td>\n<td>\u00a0Benjam\u00edn Alonso<\/td>\n<td>\u00a0Marie-Curie Fellow (Sphere Ultrafast Photonics)<\/td>\n<td>\u00a0Do it your light (Op-sesiones)<\/td>\n<\/tr>\n<tr>\n<td>\u00a011\/5\/2018<\/td>\n<td>\u00a0Boris L\u00f3pez-Zubieta<\/td>\n<td>\u00a0Universidad de Salamanca, ALF-USAL<\/td>\n<td>\u00a0Auto-compresi\u00f3n en fibra hueca (Op-sesiones)<\/td>\n<\/tr>\n<tr>\n<td>\u00a027\/4\/2018<\/td>\n<td>\u00a0Beatriz Santamar\u00eda<\/td>\n<td>\u00a0Universidad Polit\u00e9cnica de Madrid<\/td>\n<td>\u00a0Sistemas de detecci\u00f3n in-vitro aplicados a biosensores (Op-sesiones)<\/td>\n<\/tr>\n<tr>\n<td>\u00a026\/3\/2018<\/td>\n<td>\u00a0\u00c1lvaro S\u00e1nchez<\/td>\n<td>\u00a0Google DeepMind (Londres)<\/td>\n<td>\u00a0Procesos ultarr\u00e1pidos, l\u00e1seres de electrones libres e inteligencia artificial (+F\u00edsica, RSEF)<\/td>\n<\/tr>\n<tr>\n<td>\u00a021\/3\/2018<\/td>\n<td>\u00a0Enrique Conejero<\/td>\n<td>\u00a0Universidad de Salamanca, ALF-USAL<\/td>\n<td>\u00a0La universalidad de lo ultra-corto (Op-sesiones)<\/td>\n<\/tr>\n<tr>\n<td>\u00a026\/2\/2018<\/td>\n<td>\u00a0Oscar Zurr\u00f3n Cifuentes<\/td>\n<td>\u00a0Universidad de Salamanca, ALF-USAL<\/td>\n<td>\u00a0\u00d3ptica no lineal en grafeno (+F\u00edsica, RSEF)<\/td>\n<\/tr>\n<tr>\n<td>\u00a06\/2\/2018<\/td>\n<td>\u00a0Mario Garc\u00eda Lechuga<\/td>\n<td>\u00a0CLPU<\/td>\n<td>\u00a0FemtoFotos: visualizaci\u00f3n de la superficie tras la irradiaci\u00f3n con un pulso l\u00e1ser (Op-sesiones)<\/td>\n<\/tr>\n<tr>\n<td>\u00a021\/12\/2017<\/td>\n<td>\u00a0Borja Erice Ech\u00e1varri<\/td>\n<td>\u00a0University of Oxford<\/td>\n<td>\u00a0Dynamic behavior of materials across scales (Op-sesiones)<\/td>\n<\/tr>\n<tr>\n<td>\u00a04-5\/12\/2017<\/td>\n<td>\u00a0Andreas D\u00f6pp<\/td>\n<td>\u00a0Ludwig Maximilian University (Munich)<\/td>\n<td>\u00a0<em>Curso corto<\/em>: Modeling and numerical simulation of laser-matter interaction- Basic concepts and some pyton.<\/td>\n<\/tr>\n<tr>\n<td>\u00a027\/11\/2017<\/td>\n<td>\u00a0Antonio Pic\u00f3n<\/td>\n<td>\u00a0Universidad de Salamanca, ALF-USAL (contratado post-doctoral)<\/td>\n<td>\u00a0Nuevos pulsos ultra-cortos para observar el microcosmos (+F\u00edsica, RSEF).<\/td>\n<\/tr>\n<tr>\n<td>\u00a022\/11\/2017<\/td>\n<td>\u00a0Varios<\/td>\n<td>\u00a0Varios<\/td>\n<td>\u00a0USTS conference organizada por el CLPU<a href=\"https:\/\/www.ultrafast.es\/USTS2017\">\u00a0USTS 2017. Ultrafast Science &amp; Technology Spain 2017 (November 22nd to 24th, 2017. Salamanca)<\/a><\/td>\n<\/tr>\n<tr>\n<td>\u00a013\/11\/2017<\/td>\n<td>\u00a0Florence Friebel<\/td>\n<td>\u00a0Marie Curie CERN fellow<\/td>\n<td>\u00a0High Power Laser for Particle Acceleration (Op-sesiones)<\/td>\n<\/tr>\n<tr>\n<td>\u00a013\/11\/2017<\/td>\n<td>\u00a0Camilo Granados<\/td>\n<td>\u00a0ISOLDE-CERN fellow<\/td>\n<td>\u00a0Laser Ion Sources (Op-sesiones)<\/td>\n<\/tr>\n<tr>\n<td>\u00a026\/10\/2017<\/td>\n<td>\u00a0Emilio Pisanty<\/td>\n<td>\u00a0ICFO<\/td>\n<td>\u00a0Haces con nudos de polarizaci\u00f3n (Op-sesiones)<\/td>\n<\/tr>\n<\/tbody>\n<\/table>\n<p><strong>Seminarios durante el curso 2016-2017<\/strong><\/p>\n<table border=\"1\">\n<tbody>\n<tr align=\"center\" valign=\"middle\">\n<td>\n<h3>Fecha<\/h3>\n<\/td>\n<td>\n<h3>Nombre<\/h3>\n<\/td>\n<td>\n<h3>Afiliaci\u00f3n<\/h3>\n<\/td>\n<td>\n<h3>T\u00edtulo<\/h3>\n<\/td>\n<\/tr>\n<tr>\n<td>\u00a023\/2\/2017<\/td>\n<td>\u00a0Salvador Ferrer<\/td>\n<td>\u00a0ALBA Synchrotron Source<\/td>\n<td>\u00a0La naturaleza de la luz: de la Grecia Cl\u00e1sica hasta hoy (Encuentro sobre Fronteras de la Ciencia)<\/td>\n<\/tr>\n<tr>\n<td>\u00a023\/2\/2017<\/td>\n<td>\u00a0Mar\u00eda Aymerich<\/td>\n<td>\u00a0Universidad de Santiago de Compostela<\/td>\n<td>\u00a0Estructurado de materiales con l\u00e1ser para aplicaciones en biomedicina (Op-sesiones)<\/td>\n<\/tr>\n<tr>\n<td>\u00a029\/11\/2016<\/td>\n<td>\u00a0Antonio Pic\u00f3n<\/td>\n<td>\u00a0Universidad de Salamanca (ALF-USAL) contratado post-doctoral Marie-Curie<\/td>\n<td>\u00a0\u00bfSe puede tomar una foto de un electr\u00f3n moviendo?<\/td>\n<\/tr>\n<tr>\n<td>\u00a016\/11\/2016<\/td>\n<td>\u00a0Carlos Hern\u00e1ndez Garc\u00eda<\/td>\n<td>\u00a0Universidad de Salamanca, ALF-USAL (contratado post-doctoral)<\/td>\n<td>\u00a0Attociencia, herramientas para controlar los procesos m\u00e1s breves<\/td>\n<\/tr>\n<tr>\n<td>\u00a08\/11\/2016<\/td>\n<td>\u00a0Irene Heras P\u00e9rez<\/td>\n<td>\u00a0Abengoa Research (Sevilla)<\/td>\n<td>\u00a0Optical coatings for solar thermal applications: from concept to design (Op-sesiones)<\/td>\n<\/tr>\n<tr>\n<td>\u00a025\/10\/2016<\/td>\n<td>\u00a0Guillermo Hern\u00e1ndez<\/td>\n<td>\u00a0\u00c1rea de F\u00edsica At\u00f3mica, Molecular y Nuclear de la USAL<\/td>\n<td>\u00a0Nuevas l\u00edneas de investigaci\u00f3n en f\u00edsica de radiaciones: generaci\u00f3n de rayos X por l\u00e1seres intensos (+F\u00edsica, RSEF)<\/td>\n<\/tr>\n<tr>\n<td>\u00a018\/10\/2016<\/td>\n<td>\u00a0Marta Morales<\/td>\n<td>\u00a0Contratada post-doctoral del ALF-USAL<\/td>\n<td>\u00a0L\u00e1seres org\u00e1nicos en forma de pel\u00edcula delgada y su aplicaci\u00f3n como sensores (Op-sesiones)<\/td>\n<\/tr>\n<tr>\n<td>\u00a011\/10\/2016<\/td>\n<td>\u00a0Charles G. Durfee<\/td>\n<td>\u00a0Colorado School of Mines (USA)<\/td>\n<td>\u00a0Generation, characterization, and application of structured ultrafast pulses<\/td>\n<\/tr>\n<\/tbody>\n<\/table>\n<p><strong>Seminarios durante el curso 2015-2016<\/strong><\/p>\n<table border=\"1\">\n<tbody>\n<tr align=\"center\" valign=\"middle\">\n<td>\n<h3>Fecha<\/h3>\n<\/td>\n<td>\n<h3>Nombre<\/h3>\n<\/td>\n<td>\n<h3>Afiliaci\u00f3n<\/h3>\n<\/td>\n<td>\n<h3>T\u00edtulo<\/h3>\n<\/td>\n<\/tr>\n<tr>\n<td>\u00a023\/6\/2016<\/td>\n<td>\u00a0Jon Lasa<\/td>\n<td>\u00a0Estudiante por la USAL<\/td>\n<td>\u00a0Aproximaci\u00f3n semi-cl\u00e1sica en la generaci\u00f3n de pulsos de attosegundo<\/td>\n<\/tr>\n<tr>\n<td>\u00a010\/6\/2016<\/td>\n<td>\u00a0Tenio Popmintchev<\/td>\n<td>\u00a0University of Colorado at Boulder (USA)<\/td>\n<td>\u00a0Quantum Design of Coherent X-Rays for Dynamic Imaging at the Space-Time Limit<\/td>\n<\/tr>\n<tr>\n<td>\u00a04\/5\/2016<\/td>\n<td>\u00a0Gabriel Castillo Vega<\/td>\n<td>\u00a0Estudiante doctorado por la USAL<\/td>\n<td>\u00a0Microfabricaci\u00f3n l\u00e1ser de dispositivos fot\u00f3nicos<\/td>\n<\/tr>\n<tr>\n<td>\u00a020\/4\/2016<\/td>\n<td>\u00a0Enrique Conejero<\/td>\n<td>\u00a0ALF-USAL<\/td>\n<td>\u00a0Aceleraci\u00f3n con l\u00e1ser en diel\u00e9ctricos<\/td>\n<\/tr>\n<tr>\n<td>\u00a012\/4\/2016<\/td>\n<td>\u00a0Guillermo Mart\u00edn<\/td>\n<td>\u00a0IPAG (Institut de Planetologie et d&#8217;Astrophysique de Grenoble)<\/td>\n<td>\u00a0Optica Integrada para la Astrofisica y la Espectrometria<\/td>\n<\/tr>\n<tr>\n<td>\u00a06\/4\/2016<\/td>\n<td>\u00a0Ren\u00e9 Rodr\u00edguez<\/td>\n<td>\u00a0Estudiante doctorado por la USAL<\/td>\n<td>\u00a0Fabricaci\u00f3n l\u00e1ser de estructuras peri\u00f3dicas en superficies polim\u00e9ricas (Op-Sesiones)<\/td>\n<\/tr>\n<tr>\n<td>\u00a016\/3\/2016<\/td>\n<td>\u00a0Andreas D\u00f6pp<\/td>\n<td>\u00a0Estudiante doctorado por la USAL<\/td>\n<td>\u00a0Laser-based X-ray sources (Op-Sesiones)<\/td>\n<\/tr>\n<tr>\n<td>\u00a09\/3\/2016<\/td>\n<td>\u00a0Carlos Hern\u00e1ndez Garc\u00eda<\/td>\n<td>\u00a0ALF-USAL<\/td>\n<td>\u00a0Pulsos de attosegundo con polarizaci\u00f3n circular (Op-Sesiones)<\/td>\n<\/tr>\n<tr>\n<td>\u00a04\/12\/2015<\/td>\n<td>\u00a0Andreas D\u00f6pp<\/td>\n<td>\u00a0Estudiante de doctorado de la USAL<\/td>\n<td>\u00a0Laser Plasma Light Sources: Research and developments for increased stability, control, gain and brightness<\/td>\n<\/tr>\n<tr>\n<td>\u00a01\/12\/2015 &#8211; 2\/12\/2015<\/td>\n<td>\u00a0Varios<\/td>\n<td>\u00a0Varios<\/td>\n<td>\u00a05th Users Meeting, organizado por el CLPU<strong><a href=\"https:\/\/laser.usal.es\/posgrado\/wp-content\/uploads\/2010\/11\/usersclpu2015.pdf\">\u00a0 Towards an ultraintense ultrafast Laser european community (ELI)<\/a><\/strong><\/td>\n<\/tr>\n<tr>\n<td>\u00a030\/11\/2015<\/td>\n<td>\u00a0Varios<\/td>\n<td>\u00a0Varios<\/td>\n<td>\u00a0 3rd meeting NAUUL (LASERLAB), organizado por el CLPU<strong><a href=\"https:\/\/laser.usal.es\/posgrado\/wp-content\/uploads\/2010\/11\/nauul2015.pdf\">\u00a0 Target area diagnostics with ultrafast ultraintense laser<\/a><\/strong><\/td>\n<\/tr>\n<tr>\n<td>\u00a021\/10\/2015<\/td>\n<td>\u00a0Luca Volpe<\/td>\n<td>\u00a0Director of the CLPU chair at USAL<\/td>\n<td>\u00a0High intensity Laser-plasma physics in Salamanca<\/td>\n<\/tr>\n<\/tbody>\n<\/table>\n<p><strong>Seminarios durante el curso 2014-2015<\/strong><\/p>\n<table border=\"1\">\n<tbody>\n<tr align=\"center\" valign=\"middle\">\n<td>\n<h3>Fecha<\/h3>\n<\/td>\n<td>\n<h3>Nombre<\/h3>\n<\/td>\n<td>\n<h3>Afiliaci\u00f3n<\/h3>\n<\/td>\n<td>\n<h3>T\u00edtulo<\/h3>\n<\/td>\n<\/tr>\n<tr>\n<td>\u00a029\/06\/2015<\/td>\n<td>\u00a0Luis Felipe Devia-Cruz<\/td>\n<td>\u00a0Laboratorio de L\u00e1seres Pulsados Ultracortos del CICESE (M\u00e9xico)<\/td>\n<td>\u00a0Estimaci\u00f3n de la presi\u00f3n intraocular (PIO) a partir de la din\u00e1mica del fen\u00f3meno de cavitaci\u00f3n l\u00e1ser<\/td>\n<\/tr>\n<tr>\n<td>\u00a019\/06\/2015<\/td>\n<td>\u00a0Miguel \u00c1ngel Gonz\u00e1lez Galicia<\/td>\n<td>\u00a0Grupo de Investigaci\u00f3n en \u00d3ptica Extrema de la USAL (GIOE)<\/td>\n<td>\u00a0Dise\u00f1o y construcci\u00f3n de un l\u00e1ser pulsado para el estudio de aberraciones en pulsos ultracortos<\/td>\n<\/tr>\n<tr>\n<td>\u00a011\/6\/2015<\/td>\n<td>\u00a0Carlos Hern\u00e1ndez Garc\u00eda<\/td>\n<td>\u00a0Grupo de Investigaci\u00f3n en \u00d3ptica Extrema de la USAL (GIOE)<\/td>\n<td>\u00a0Circularly Polarized Attosecond X-ray Pulses<\/td>\n<\/tr>\n<tr>\n<td>\u00a027\/4\/2015<\/td>\n<td>\u00a0Benjam\u00edn Alonso<\/td>\n<td>\u00a0Grupo de Investigaci\u00f3n en \u00d3ptica Extrema de la USAL (GIOE)<\/td>\n<td>\u00a0Desarrollo de t\u00e9cnicas de medida de pulsos ultracortos: aplicaci\u00f3n a pulsos de pocos ciclos \u00f3pticos<\/td>\n<\/tr>\n<tr>\n<td>\u00a019\/3\/2015<\/td>\n<td>\u00a0Carolina Romero<\/td>\n<td>\u00a0Grupo de Investigaci\u00f3n sobre Microprocesado de Materiales con L\u00e1ser de la USAL (GIMMLASER)<\/td>\n<td>\u00a0Procesos param\u00e9tricos \u00f3pticos con pulsos de femtosegundo en cristales no lineales: nuevos esquemas y aplicaciones (y otras cosas)<\/td>\n<\/tr>\n<tr>\n<td>\u00a027\/2\/2015<\/td>\n<td>\u00a0Carlos Dorronsoro<\/td>\n<td>\u00a0Instituto de \u00d3ptica (CSIC)<\/td>\n<td>\u00a0F\u00edsica de la Luz y la Visi\u00f3n<\/td>\n<\/tr>\n<tr>\n<td>\u00a010\/12\/2014<\/td>\n<td>\u00a0Juan Jim\u00e9nez<\/td>\n<td>\u00a0Departamento de F\u00edsica de la Materia Condensada, Cristalograf\u00eda y Mineralog\u00eda de la Universidad de Valladolid<\/td>\n<td>\u00a0El LED azul<\/td>\n<\/tr>\n<tr>\n<td>\u00a002\/12\/2014 &#8211; 03\/12\/2014<\/td>\n<td>\u00a0Varios<\/td>\n<td>\u00a0Varios<\/td>\n<td><strong><a href=\"https:\/\/laser.usal.es\/posgrado\/wp-content\/uploads\/2010\/11\/programa_7.pdf\">\u00a0Cuarta reuni\u00f3n de usuarios del CLPU<\/a><\/strong><\/td>\n<\/tr>\n<tr>\n<td>\u00a001\/12\/2014<\/td>\n<td>\u00a0David N\u00f3voa<\/td>\n<td>\u00a0Max Planck Institute for the Science of Light (Erlangen, Alemania)<\/td>\n<td>\u00a0Hollow-core photonic crystal fibers as nonlinear optics microlabs : from efficient VUV emission to opto-molecular modulation<\/td>\n<\/tr>\n<tr>\n<td>\u00a010\/11\/2014<\/td>\n<td>\u00a0Roc\u00edo Borrego<\/td>\n<td>\u00a0Departamento de F\u00edsica del Polit\u00e9cnico de Mil\u00e1n (Italia)<\/td>\n<td>\u00a0Pulsos ultracortos en el UV para aplicaciones en espectroscopia ultrarr\u00e1pida<\/td>\n<\/tr>\n<tr>\n<td>\u00a004\/11\/2014<\/td>\n<td>\u00a0Camilo Granados<\/td>\n<td>\u00a0Nuclear and Radiation Physics Section (KU Leuven)<\/td>\n<td>\u00a0In gas laser ionization and spectroscopy of actinium isotopes<\/td>\n<\/tr>\n<tr>\n<td>\u00a030\/09\/2014<\/td>\n<td>\u00a0Luis Plaja<\/td>\n<td>\u00a0Grupo de investigaci\u00f3n en \u00d3ptica Extrema (GIOE) de la Universidad de Salamanca<\/td>\n<td>\u00a0La Naturaleza en una trillone\u0301sima de segundo, o el fascinante mundo de la attofi\u0301sica<\/td>\n<\/tr>\n<\/tbody>\n<\/table>\n<p><strong>Seminarios durante el curso 2013-2014<\/strong><\/p>\n<table border=\"1\">\n<tbody>\n<tr align=\"center\" valign=\"middle\">\n<td>\n<h3>Fecha<\/h3>\n<\/td>\n<td>\n<h3>Nombre<\/h3>\n<\/td>\n<td>\n<h3>Afiliaci\u00f3n<\/h3>\n<\/td>\n<td>\n<h3>T\u00edtulo<\/h3>\n<\/td>\n<\/tr>\n<tr>\n<td>\u00a022\/05\/2014<\/td>\n<td>\u00a0Rebeca de Nalda<\/td>\n<td>\u00a0Insituto de Qu\u00edmica F\u00edsica Rocasolano del CSIC<\/td>\n<td>\u00a0Detener el tiempo: pulsos de luz para seguir la qu\u00edmica ultrarr\u00e1pida<\/td>\n<\/tr>\n<tr>\n<td>\u00a06\/05\/2014<\/td>\n<td>\u00a0Cruz M\u00e9ndez Valverde<\/td>\n<td>\u00a0Centro de L\u00e1seres Pulsados (CLPU)<\/td>\n<td>\u00a0Un f\u00edsico como jefa del \u00e1rea t\u00e9cnica de una gran instalaci\u00f3n<\/td>\n<\/tr>\n<tr>\n<td>\u00a025\/03\/2014<\/td>\n<td>\u00a0Carlos Dorronsoro<\/td>\n<td>\u00a0Insituto de \u00d3ptica del CSIC<\/td>\n<td>\u00a0Mi carrera profesional en la investigaci\u00f3n<\/td>\n<\/tr>\n<tr>\n<td>\u00a04\/03\/2014<\/td>\n<td>\u00a0Mois\u00e9s Domingo<\/td>\n<td>\u00a0LuxInTec Led Lighting Systems<\/td>\n<td>\u00a0Un f\u00edsico en la industria<\/td>\n<\/tr>\n<tr>\n<td>\u00a031\/01\/2014<\/td>\n<td>\u00a0Jorge Ripoll<\/td>\n<td>\u00a0Laboratorio de Imagen M\u00e9dica de la Universidad Carlos III de Madrid<\/td>\n<td>\u00a0Tomograf\u00eda \u00d3ptica: Nuevos Avances y Aplicaciones<\/td>\n<\/tr>\n<tr>\n<td>\u00a027\/01\/2014 y 29\/01\/2014<\/td>\n<td>\u00a0\u00c1lvaro Peralata<\/td>\n<td>\u00a0Centro de L\u00e1seres Pulsados, Salamanca<\/td>\n<td><em>\u00a0Curso corto<\/em>: Coherence: what do we really know about laser-matter interaction?<\/td>\n<\/tr>\n<tr>\n<td>\u00a010\/12\/2013<\/td>\n<td>\u00a0Max Lederer<\/td>\n<td>\u00a0European XFEL GmbH<\/td>\n<td>\u00a0Status of laser development for the European XFEL Project<\/td>\n<\/tr>\n<tr>\n<td>\u00a010\/12\/2013<\/td>\n<td>\u00a0Carlos Zaldo<\/td>\n<td>\u00a0Insituto de Ciencia de Materiales de Madrid (ICMM)-CSIC<\/td>\n<td>\u00a0Monocristales desordenados para la\u0301seres ultrarra\u0301pidos<\/td>\n<\/tr>\n<tr>\n<td>\u00a004\/12\/2013<\/td>\n<td>\u00a0Marta Castillejo<\/td>\n<td>\u00a0Instituto de Qu\u00edmica F\u00edsica Rocasolano, CSIC, Madrid<\/td>\n<td>\u00a0Nanostructures on the fly: studies on laser induced plasma and deposits<\/td>\n<\/tr>\n<tr>\n<td>\u00a002\/12\/2013 y 03\/12\/2013<\/td>\n<td>\u00a0Varios<\/td>\n<td>\u00a0Varios<\/td>\n<td><strong><a href=\"https:\/\/laser.usal.es\/posgrado\/wp-content\/uploads\/2010\/11\/program_iiiusuariosclpu.pdf\">\u00a0Tercera reuni\u00f3n de usuarios del CLPU<\/a><\/strong><\/td>\n<\/tr>\n<tr>\n<td>\u00a027\/11\/2013<\/td>\n<td>\u00a0Lukas Medisauskas<\/td>\n<td>\u00a0Imperial College, London<\/td>\n<td>\u00a0Electronic control of molecular dissociation with sub-femtosecond precision<\/td>\n<\/tr>\n<tr>\n<td>\u00a006\/10\/2013 al 11\/10\/2013<\/td>\n<td>\u00a0Varios<\/td>\n<td>\u00a0Varios<\/td>\n<td><strong><a href=\"http:\/\/www.isuils.jp\/isuils12\/index.html\">\u00a0International Symposium on Ultrafast Intense Laser Science <\/a><\/strong><\/td>\n<\/tr>\n<\/tbody>\n<\/table>\n<p><strong>Seminarios durante el curso 2012-2013<\/strong><\/p>\n<table border=\"1\">\n<tbody>\n<tr align=\"center\" valign=\"middle\">\n<td>\n<h3>Fecha<\/h3>\n<\/td>\n<td>\n<h3>Nombre<\/h3>\n<\/td>\n<td>\n<h3>Afiliaci\u00f3n<\/h3>\n<\/td>\n<td>\n<h3>T\u00edtulo<\/h3>\n<\/td>\n<\/tr>\n<tr>\n<td>\u00a019\/09\/2012<\/td>\n<td>\u00a0Ricardo Torres<\/td>\n<td>\u00a0Centro de L\u00e1seres Pulsados, Salamanca<\/td>\n<td><em>\u00a0Journal Club<\/em>: High harmonic generation with two-color laser fields<\/td>\n<\/tr>\n<tr>\n<td>\u00a05\/10\/2012<\/td>\n<td>\u00a0Luca Stockhausen<\/td>\n<td>\u00a0Centro de L\u00e1seres Pulsados, Salamanca<\/td>\n<td><em>\u00a0Journal Club<\/em>: Evaluation of Compton Camera Imaging during Boron Neutron Capture Therapy<\/td>\n<\/tr>\n<tr>\n<td>\u00a017\/10\/2012<\/td>\n<td>\u00a0Tahir Shaaran<\/td>\n<td>\u00a0Institut de Ci\u00e8ncies Fot\u00f2niques, Castelldefels<\/td>\n<td>\u00a0Spatially non-homogeneous strong field interaction<\/td>\n<\/tr>\n<tr>\n<td>\u00a019\/10\/2012<\/td>\n<td>\u00a0David Novoa<\/td>\n<td>\u00a0Centro de L\u00e1seres Pulsados, Salamanca<\/td>\n<td><em>\u00a0Journal Club<\/em>: Pressure measurements at the XHV level using ultra-intense lasers<\/td>\n<\/tr>\n<tr>\n<td>\u00a09\/11\/2012<\/td>\n<td>\u00a0Amelle Za\u00efr<\/td>\n<td>\u00a0Imperial College, London<\/td>\n<td>\u00a0Quantum path control to reveal attosecond dynamics in molecules<\/td>\n<\/tr>\n<tr>\n<td>\u00a012\/11\/2012<\/td>\n<td>\u00a0Camilo Ruiz<\/td>\n<td>\u00a0Centro de L\u00e1seres Pulsados, Salamanca<\/td>\n<td><em>\u00a0Semana de la Ciencia<\/em>: Aceleraci\u00f3n de electrones con l\u00e1seres ultracortos ultraintensos<\/td>\n<\/tr>\n<tr>\n<td>\u00a013\/11\/2012<\/td>\n<td>\u00a0David Novoa<\/td>\n<td>\u00a0Centro de L\u00e1seres Pulsados, Salamanca<\/td>\n<td><em>\u00a0Semana de la Ciencia: <\/em>La ciencia de la nada<\/td>\n<\/tr>\n<tr>\n<td>\u00a013\/11\/2012<\/td>\n<td>\u00a0Benjam\u00edn Alonso<\/td>\n<td>\u00a0Grupo de Investigaci\u00f3n de \u00d3ptica Extrema, Universidad de Salamanca<\/td>\n<td><em>\u00a0Journal Club<\/em>: Spatiotemporal characterization of few-cycle pulses from an ultrafast oscillator and a hollow-core fiber<\/td>\n<\/tr>\n<tr>\n<td>\u00a030\/11\/2012<\/td>\n<td>\u00a0Andreas D\u00f6pp<\/td>\n<td>\u00a0Centro de L\u00e1seres Pulsados, Salamanca<\/td>\n<td><em>\u00a0Journal Club<\/em>: Betatron radiation in laser-driven electron accelerators &#8211; or: selected stories from the all but boring life of gases encountering hell a lot of photons<\/td>\n<\/tr>\n<tr>\n<td>\u00a03\/12\/2012 y 4\/12\/2012<\/td>\n<td>\u00a0Varios<\/td>\n<td>\u00a0Varios<\/td>\n<td><a href=\"http:\/\/clpu.es\/es\/ii-reunion-de-usuarios.html\"><strong>\u00a0Segunda reuni\u00f3n de usuarios del CLPU<\/strong><\/a><\/td>\n<\/tr>\n<tr>\n<td>\u00a021\/01\/2013 a 23\/01\/2013<\/td>\n<td>\u00a0\u00c1lvaro Peralta<\/td>\n<td>\u00a0Centro de L\u00e1seres Pulsados, Salamanca<\/td>\n<td><em>\u00a0Curso corto<\/em>: Coherent laser-matter interaction<\/td>\n<\/tr>\n<tr>\n<td>\u00a020\/02\/2013 y 21\/02\/2013<\/td>\n<td>\u00a0Varios<\/td>\n<td>\u00a0Varios<\/td>\n<td><a href=\"http:\/\/www.fds.es\/es\/contenido\/?iddoc=2503\"><strong>\u00a0Encuentro sobre Fronteras de la Ciencia<\/strong><\/a><\/td>\n<\/tr>\n<tr>\n<td>\u00a022\/02\/2013<\/td>\n<td>\u00a0Ricardo Torres<\/td>\n<td>\u00a0Centro de L\u00e1seres Pulsados, Salamanca<\/td>\n<td><em>\u00a0Journal Club<\/em>: Laser acceleration of quasi-monoenergetic proton and ion beams<\/td>\n<\/tr>\n<tr>\n<td>\u00a08\/03\/2013<\/td>\n<td>\u00a0Alexis Chac\u00f3n<\/td>\n<td>\u00a0Centro de L\u00e1seres Pulsados, Salamanca<\/td>\n<td><em>\u00a0Journal Club<\/em>: Attosecond lighthouses from plasma mirrors<\/td>\n<\/tr>\n<tr>\n<td>\u00a025\/03\/2013<\/td>\n<td>\u00a0Camilo Ruiz<\/td>\n<td>\u00a0Centro de L\u00e1seres Pulsados, Salamanca<\/td>\n<td><em>\u00a0Journal Club<\/em>:All-optical Compton gamma-ray source<\/td>\n<\/tr>\n<tr>\n<td>\u00a011\/04\/2013<\/td>\n<td>\u00a0Pedro Corredera<\/td>\n<td>\u00a0Instituto de \u00d3ptica CSIC, Madrid<\/td>\n<td>\u00a0Sincronizaci\u00f3n \u00f3ptica de relojes por fibra \u00f3ptica<\/td>\n<\/tr>\n<tr>\n<td>\u00a011\/04\/2013<\/td>\n<td>\u00a0Pedro Corredera<\/td>\n<td>\u00a0Instituto de \u00d3ptica CSIC, Madrid<\/td>\n<td>\u00a0FOCUS S.L. Una experiencia de emprendimiento<\/td>\n<\/tr>\n<tr>\n<td>\u00a010\/05\/2013<\/td>\n<td>\u00a0Jon I. Api\u00f1aniz<\/td>\n<td>\u00a0Centro de L\u00e1seres Pulsados, Salamanca<\/td>\n<td><em>\u00a0Journal Club<\/em>: Interferometric techniques for plasma diagnostics<\/td>\n<\/tr>\n<tr>\n<td>\u00a024\/05\/2013<\/td>\n<td>\u00a0Juan H. Toro<\/td>\n<td>\u00a0Centro de L\u00e1seres Pulsados, Salamanca<\/td>\n<td><em>\u00a0Journal Club<\/em>: Practical aspects in vacuum<\/td>\n<\/tr>\n<tr>\n<td>\u00a031\/05\/2013<\/td>\n<td>\u00a0Francisco Valle<\/td>\n<td>\u00a0Centro de L\u00e1seres Pulsados, Salamanca<\/td>\n<td><em>\u00a0Journal Club<\/em>: Enhanced proton flux in the MeV range by defocused irradiation<\/td>\n<\/tr>\n<tr>\n<td>\u00a021\/06\/2013<\/td>\n<td>\u00a0\u00c1lvaro Peralta<\/td>\n<td>\u00a0Centro de L\u00e1seres Pulsados, Salamanca<\/td>\n<td><em>\u00a0Journal Club<\/em>: Evanescent phenomena in quantum mechanics or How to get crazy about a half-an-hour experiment<\/td>\n<\/tr>\n<\/tbody>\n<\/table>\n<p><strong>Seminarios durante el curso 2022-2023<\/strong><\/p>\n<table border=\"1\">\n<tbody>\n<tr align=\"center\" valign=\"middle\">\n<td>\n<h3>Fecha<\/h3>\n<\/td>\n<td>\n<h3>Nombre<\/h3>\n<\/td>\n<td>\n<h3>Afiliaci\u00f3n<\/h3>\n<\/td>\n<td>\n<h3>T\u00edtulo<\/h3>\n<\/td>\n<\/tr>\n<tr>\n<td>\u00a023\/06\/2023<\/td>\n<td>\u00a0Marta Morales Vidal<\/td>\n<td>\u00a0Holograf\u00eda y Procesado \u00d3ptico (Universidad de Alicante)<\/td>\n<td>\u00a0Holography for disruptive photovoltaic applications (Op-Sesiones)<\/td>\n<\/tr>\n<tr>\n<td>\u00a019\/06\/2023<\/td>\n<td>\u00a0Henry Kapteyn<\/td>\n<td>\u00a0JILA (University of Colorado)<\/td>\n<td>\u00a0Attosecond Quantum Technilogies for Advanced Materials Metrologies<\/td>\n<\/tr>\n<tr>\n<td>\u00a09\/06\/2023<\/td>\n<td>\u00a0Jos\u00e9 Caridad<\/td>\n<td>\u00a0Departamento de F\u00edsica Aplicada (USAL)<\/td>\n<td>\u00a0Detecci\u00f3n de nuevos fen\u00f3menos quirales en nanomateriales (Op-Sesiones)<\/td>\n<\/tr>\n<tr>\n<td>\u00a026\/05\/2023<\/td>\n<td>\u00a0Miguel L\u00f3pez Ripa<\/td>\n<td>\u00a0ALF-USAL<\/td>\n<td>\u00a0Developement of ultra-stable characterization techniques for ultrashort laser beams (acto de defensa de tesis doctoral)<\/td>\n<\/tr>\n<tr>\n<td>\u00a025\/04\/2023<\/td>\n<td>\u00a0\u00cd\u00f1igo J. Sola Larra\u00f1aga<\/td>\n<td>\u00a0ALF-USAL<\/td>\n<td>\u00a0Espectroscopia de bolsillo (+F\u00edsica)<\/td>\n<\/tr>\n<tr>\n<td>\u00a017\/03\/2023<\/td>\n<td>\u00a0Carolina Romero<\/td>\n<td>\u00a0ALF-USAL<\/td>\n<td>\u00a0Fabricaci\u00f3n de dispositivos fot\u00f3nicos 3D con l\u00e1seres ultracortos (II Workshop Mujer, \u00d3ptica y Fot\u00f3nica)<\/td>\n<\/tr>\n<tr>\n<td>\u00a017\/03\/2023<\/td>\n<td>\u00a0Cristina Flors<\/td>\n<td>\u00a0IMDEA Nanociencia<\/td>\n<td>\u00a0Optical Microscopy at the Nanoscale (II Workshop Mujer, \u00d3ptica y Fot\u00f3nica)<\/td>\n<\/tr>\n<tr>\n<td>\u00a024\/02\/2023<\/td>\n<td>\u00a0Benoit Richard<\/td>\n<td>\u00a0Hamburg Center for Ultrafast Imaging (Hamburg University)<\/td>\n<td>\u00a0Coulomb explosion as a potential new tool for the ultrafast imaging of single molecules (Op-sesiones)<\/td>\n<\/tr>\n<tr>\n<td>\u00a017\/01\/2023<\/td>\n<td>\u00a0Varios ponentes (M. Sanz, Z. Qiu y P. P\u00e9rez-Mill\u00e1n)<\/td>\n<td>\u00a0Webminario organizado por la empresa FYLA<\/td>\n<td>\u00a0Aplicaciones del l\u00e1ser de supercontinuo en espectroscopia molecular y en imagen m\u00e9dica<\/td>\n<\/tr>\n<tr>\n<td>\u00a025\/11\/2022<\/td>\n<td>\u00a0Rosa M. Mart\u00ednez-Ojeda<\/td>\n<td>\u00a0Laboratorio de \u00d3ptica, Universidad de Murcia (LO\u00b7UM)<\/td>\n<td>\u00a0Microscop\u00eda Multifot\u00f3nica. Donde cabe uno, caben dos (o m\u00e1s) (Op-sesiones)<\/td>\n<\/tr>\n<tr>\n<td>\u00a021\/11\/2022<\/td>\n<td>\u00a0Roberto Boyero<\/td>\n<td>\u00a0ALF-USAL (Universidad de Salamanca)<\/td>\n<td>\u00a0Study of the macroscopic high-order harmonic emission from single-layer graphene.<\/td>\n<\/tr>\n<tr>\n<td>\u00a025\/10\/2022<\/td>\n<td>\u00a0Kamil Stelmaszczyk<\/td>\n<td>\u00a0CENTERA Laboratories, Institute of High Pressure Physics, Warsaw, Poland<\/td>\n<td>\u00a0Detecting trace amount of contamination or additives in commercial-grade gasolines by means of THz-TDS Time-of-Flight Spectroscopy (Nano-Lab)<\/td>\n<\/tr>\n<tr>\n<td>\u00a021\/10\/2022<\/td>\n<td>\u00a0Julio San Roman<\/td>\n<td>\u00a0ALF-USAL (Universidad de Salamanca)<\/td>\n<td>\u00a0Relativistic Quantum Effects in Laser-Driven Electrons (in memoriam of Howard R. Reiss) (Op-Sesiones)<\/td>\n<\/tr>\n<\/tbody>\n<\/table>\n<p><strong>Seminarios durante el curso 2021-2022<\/strong><\/p>\n<table border=\"1\">\n<tbody>\n<tr align=\"center\" valign=\"middle\">\n<td>\n<h3>Fecha<\/h3>\n<\/td>\n<td>\n<h3>Nombre<\/h3>\n<\/td>\n<td>\n<h3>Afiliaci\u00f3n<\/h3>\n<\/td>\n<td>\n<h3>T\u00edtulo<\/h3>\n<\/td>\n<\/tr>\n<tr>\n<td>\u00a019\/5\/2022<\/td>\n<td>\u00a0Andreas D\u00f6pp<\/td>\n<td>\u00a0Ludwing-Maximilians Universit\u00e4t M\u00fcnchen<\/td>\n<td>\u00a0Laser-plasma X-ray sources&#8230; and how to improve them with machine learning methods (Op-Sesiones)<\/td>\n<\/tr>\n<tr>\n<td>\u00a016\/5\/2022<\/td>\n<td>\u00a0Wojciech Gawelda<\/td>\n<td>\u00a0Departamento de Qu\u00edmica de la UAM (IMDEA, Nanociencia)<\/td>\n<td>\u00a0Tracking ultrafast structural dynamics in condensed phase matter using X-ray free electron lasers (Op-Sesiones)<\/td>\n<\/tr>\n<tr>\n<td>\u00a03\/5\/2022<\/td>\n<td>\u00a0Michelle Edwards<\/td>\n<td>\u00a0Directora asociada del National Observatory Kitt Peak (Arizona, EUA)<\/td>\n<td>\u00a0Ad astra per optica (organizado por OPTICA Photonets UV)<\/td>\n<\/tr>\n<tr>\n<td>\u00a05\/4\/2022<\/td>\n<td>\u00a0Quillermo Mart\u00edn<\/td>\n<td>\u00a0Institut de Plan\u00e9tologie et d&#8217;Astrophysique de Grenoble, Universit\u00e9 Grenoble Alpes (France)<\/td>\n<td>\u00a0Aplicaciones de la foto-inscripci\u00f3n laser para astrofot\u00f3nica y espectrometr\u00eda (Op-Sesiones)<\/td>\n<\/tr>\n<tr>\n<td>\u00a025\/3\/2022<\/td>\n<td>\u00a0Cristian Svetina<\/td>\n<td>\u00a0Paul Scherrer Institute (Switzerland)<\/td>\n<td>\u00a0X-ray transient grating spectroscopy at X-ray free electron lasers (IMDEA)<\/td>\n<\/tr>\n<tr>\n<td>\u00a024\/2\/2022<\/td>\n<td>\u00a0Matthieu Guer<\/td>\n<td>\u00a0\u00c9cole N\u00f3rmale Sup\u00e9rieure de Lyon (France)<\/td>\n<td>\u00a0How do photons combine in non-perturbative physics? (Op-Sesiones)<\/td>\n<\/tr>\n<tr>\n<td>\u00a018\/2\/2022<\/td>\n<td>\u00a0Jacopo Bertolotti<\/td>\n<td>\u00a0University of Exeter (U.K.)<\/td>\n<td>\u00a0Looking at Hidden Things (LOUM invited Seminars Series)<\/td>\n<\/tr>\n<tr>\n<td>\u00a017\/12\/2021<\/td>\n<td>\u00a0Javier Serrano<\/td>\n<td>\u00a0ALF-USAL<\/td>\n<td>\u00a0Deep Learning y generaci\u00f3n de arm\u00f3nicos (Op-Sesiones)<\/td>\n<\/tr>\n<tr>\n<td>\u00a014\/12\/2021<\/td>\n<td>\u00a0Jorge Souto<\/td>\n<td>\u00a0Uniersidad de Valladolid<\/td>\n<td>\u00a0Degradaci\u00f3n de diodos l\u00e1ser: modelos f\u00edsicos y resoluci\u00f3n por m\u00e9todos de elementos finitos (FEM) (Op-Sesiones)<\/td>\n<\/tr>\n<tr>\n<td>\u00a024\/11\/2021<\/td>\n<td>\u00a0Varios ponentes<\/td>\n<td>\u00a0Grupos de \u00d3ptica Cu\u00e1ntica y No Lineal de SEDOPTICA<\/td>\n<td>\u00a0Sesi\u00f3n de \u00d3ptiva Cu\u00e1ntica y No Lineal de la RNO21<\/td>\n<\/tr>\n<tr>\n<td>\u00a023\/11\/2021<\/td>\n<td>\u00a0Prof. Jelena Vuckovic<\/td>\n<td>\u00a0Stanford University (USA)<\/td>\n<td>\u00a0Scalable classical and quantum photonics: an optimized approach (RNO21).<\/td>\n<\/tr>\n<tr>\n<td>\u00a022\/11\/2021<\/td>\n<td>\u00a0Prof. Jannick Rolland<\/td>\n<td>\u00a0Rochester University (USA)<\/td>\n<td>\u00a0Recent Advances in Corneal Imaging (RNO21).<\/td>\n<\/tr>\n<tr>\n<td>\u00a012\/11\/2021<\/td>\n<td>\u00a0Kevin Dorney<\/td>\n<td>\u00a0AttoLab, imec (Leuven &#8211; Belgium)<\/td>\n<td>\u00a0Imec&#8217;s AttoLab: Bridging the Gap Between Fundamental Ultrafast EUV Science and Practical Metrologies for the Semiconductor Industry<\/td>\n<\/tr>\n<tr>\n<td>\u00a020\/10\/2021<\/td>\n<td>\u00a0Teruca Belmonte<\/td>\n<td>\u00a0Universidad de Valladolid<\/td>\n<td>\u00a0Estudiando la composici\u00f3n qu\u00edmica del universo: \u00bfqu\u00e9 puede hacer la espectroscopia por los astr\u00f3nomos?<\/td>\n<\/tr>\n<tr>\n<td>\u00a018\/10\/2021<\/td>\n<td>\u00a0Javier Garc\u00eda Ajates<\/td>\n<td>\u00a0CLPU<\/td>\n<td>\u00a0Dise\u00f1o y fabricaci\u00f3n de circuitos fot\u00f3nicos integrados 3D mediante microprocesado con l\u00e1seres pulsados (defensa de Tesis Doctoral)<\/td>\n<\/tr>\n<\/tbody>\n<\/table>\n<p><strong>Seminarios durante el curso 2020-2021<\/strong><\/p>\n<table border=\"1\">\n<tbody>\n<tr align=\"center\" valign=\"middle\">\n<td>\n<h3>Fecha<\/h3>\n<\/td>\n<td>\n<h3>Nombre<\/h3>\n<\/td>\n<td>\n<h3>Afiliaci\u00f3n<\/h3>\n<\/td>\n<td>\n<h3>T\u00edtulo<\/h3>\n<\/td>\n<\/tr>\n<tr>\n<td>\u00a025\/05\/2021<\/td>\n<td>\u00a0V\u00edctor Berdejo Arceiz<\/td>\n<td>\u00a0Universidad de Zaragoza<\/td>\n<td>\u00a0\u00d3ptica ultrarr\u00e1pida y no lineal en fibras \u00f3pticas (Op-Sesiones)<\/td>\n<\/tr>\n<tr>\n<td>\u00a019\/05\/2021<\/td>\n<td>\u00a0J. Beetar<\/td>\n<td>\u00a0University of central Florida, USA<\/td>\n<td>\u00a0Compressing industrial grade lasers for attosecond science (Ultrafast laser technology for attosecond, Lund Attosecond Science Symposium)<\/td>\n<\/tr>\n<tr>\n<td>\u00a019\/05\/2021<\/td>\n<td>\u00a0F. Belli<\/td>\n<td>\u00a0Heriot-Watt University, Edinburgh, UK<\/td>\n<td>\u00a0Generation of high-energy field transients in gas-filled hollow-core fibers (Ultrafast laser technology for attosecond, Lund Attosecond Science Symposium)<\/td>\n<\/tr>\n<tr>\n<td>\u00a019\/05\/2021<\/td>\n<td>\u00a0R. Budriunas<\/td>\n<td>\u00a0Light Conversion and Vilnius University, Vilnius, Lithuania<\/td>\n<td>\u00a0Development of &gt; 20W, mJ-level OPCPA system tunable from 1.7 \u00b5m to 3 \u00b5m (Ultrafast laser technology for attosecond, Lund Attosecond Science Symposium)<\/td>\n<\/tr>\n<tr>\n<td>\u00a019\/05\/2021<\/td>\n<td>\u00a0P. Russell<\/td>\n<td>\u00a0Max Planck Institute for the Science of Light, Erlangen, Germany<\/td>\n<td>\u00a0Extreme pulse compression and spectral broadening in gas-filled hollow-core photonic crystal fibre (Ultrafast laser technology for attosecond, Lund Attosecond Science Symposium)<\/td>\n<\/tr>\n<tr>\n<td>\u00a004\/05\/2021<\/td>\n<td>\u00a0Laura Rego<\/td>\n<td>\u00a0ALF-USAL (Universidad de Salamanca)<\/td>\n<td>\u00a0Haces de luz de alta frecuencia con momento angular que var\u00eda con el tiempo (Op-Sesiones)<\/td>\n<\/tr>\n<tr>\n<td>\u00a012\/02\/2021<\/td>\n<td>\u00a0Alba Paniagua<\/td>\n<td>\u00a0LOUM (Universidad de Murcia)<\/td>\n<td>\u00a0\u00d3ptica adaptativa y wavefront shaping para la mejora de la visi\u00f3n (Op-Sesiones)<\/td>\n<\/tr>\n<tr>\n<td>\u00a005\/02\/2021<\/td>\n<td>\u00a0Prof. Kyung Taec Kim<\/td>\n<td>\u00a0Gwangju Institute of Science &amp; Technology (GIST) &amp; Associate Director, Center for Relativistic Laser Science (CoReLS), Institute for Basic Science (IBS)) (Corea del Sur)<\/td>\n<td>\u00a0Temporal characterization of a laser pulse in the time domain using tunneling ionization (LPA-Seminars)<\/td>\n<\/tr>\n<tr>\n<td>\u00a022\/12\/2020<\/td>\n<td>\u00a0Pilar Puyuelo<\/td>\n<td>\u00a0CLPU<\/td>\n<td>\u00a0Aceleraci\u00f3n de iones con un l\u00e1ser y blancos gaseosos de alta densidad, y una aplicaci\u00f3n de an\u00e1lisis de elementos (Op-Sesiones)<\/td>\n<\/tr>\n<tr>\n<td>\u00a016\/11\/2020<\/td>\n<td>\u00a0Roc\u00edo Yanes<\/td>\n<td>\u00a0Universidad de Salamanca, ERC Atto-Estructura<\/td>\n<td>\u00a0Din\u00e1mica de la imanaci\u00f3n inducida por pulsos l\u00e1ser (Op-Sesiones)<\/td>\n<\/tr>\n<tr>\n<td>\u00a030\/10\/2020<\/td>\n<td>\u00a0Aurora Crego<\/td>\n<td>\u00a0Universidad de Salamanca, ALF-USAL<\/td>\n<td>Generando pulsos visibles ultracortos con haces de tipo Necklace (Op-Sesiones)<\/td>\n<\/tr>\n<tr>\n<td>\u00a029\/09\/2020<\/td>\n<td>\u00a0Benjam\u00edn Alonso<\/td>\n<td>\u00a0Universidad de Salamanca, ALF-USAL<\/td>\n<td>\u00a0Medida temporal de haces ultracortos con amplitude swing (Op-Sesiones)<\/td>\n<\/tr>\n<\/tbody>\n<\/table>\n<p><strong>Seminarios durante el curso 2019-2020<\/strong><\/p>\n<table border=\"1\">\n<tbody>\n<tr align=\"center\" valign=\"middle\">\n<td>\n<h3>Fecha<\/h3>\n<\/td>\n<td>\n<h3>Nombre<\/h3>\n<\/td>\n<td>\n<h3>Afiliaci\u00f3n<\/h3>\n<\/td>\n<td>\n<h3>T\u00edtulo<\/h3>\n<\/td>\n<\/tr>\n<tr>\n<td>\u00a020\/03\/2020<\/td>\n<td>\u00a0Miguel L\u00f3pez Ripa<\/td>\n<td>\u00a0Universidad de Salamanca, ALF-USAL<\/td>\n<td>\u00a0Caracterizaci\u00f3n de l\u00e1seres pulsados de fibra \u00f3ptica (Op-Sesiones)<\/td>\n<\/tr>\n<tr>\n<td>13\/11\/2019<\/td>\n<td>\u00a0Alba de las Heras<\/td>\n<td>\u00a0Universidad de Salamanca, ALF-USAL<\/td>\n<td>\u00a0Las huellas de la correlaci\u00f3n electr\u00f3nica en la emisi\u00f3n de altas frecuencias arm\u00f3nicas (Op-Sesiones)<\/td>\n<\/tr>\n<tr>\n<td>15\/10\/2019<\/td>\n<td>\u00a0Laura Rego Cabezas<\/td>\n<td>\u00a0Universidad de Salamanca, ALF-USAL<\/td>\n<td>\u00a0Luz l\u00e1ser con torque (+F\u00edsica)<\/td>\n<\/tr>\n<tr>\n<td>\u00a09\/10\/2019<\/td>\n<td>\u00a0Andr\u00e9s Garc\u00eda Ru\u00edz<\/td>\n<td>\u00a0Universidad de Alcal\u00e1, Grupo de Ingenier\u00eda Fot\u00f3nica<\/td>\n<td>\u00a0Sensores de fibra \u00f3ptica basados en scattering Rayleigh<\/td>\n<\/tr>\n<tr>\n<td>\u00a026\/9\/2019<\/td>\n<td>\u00a0Luis Plaja<\/td>\n<td>\u00a0Universidad de Salamanca, ALF-USAL<\/td>\n<td>\u00a0\u00d3ptica Extrema: los l\u00edmites de la luz l\u00e1ser (Conferencia inaugural de las II Jornadas de J\u00f3venes Investigadores INNOVA-USAL)<\/td>\n<\/tr>\n<tr>\n<td>\u00a025\/9\/2019<\/td>\n<td>\u00a0Susana Marcos<\/td>\n<td>\u00a0Grupo de \u00d3ptica Visual y Biofot\u00f3nica (IO, CSIS)<\/td>\n<td>\u00a0\u00bfQu\u00e9 ven mis ojos?<\/td>\n<\/tr>\n<\/tbody>\n<\/table>\n<p><strong>Seminarios durante el curso 2018-2019<\/strong><\/p>\n<table border=\"1\">\n<tbody>\n<tr align=\"center\" valign=\"middle\">\n<td>\n<h3>Fecha<\/h3>\n<\/td>\n<td>\n<h3>Nombre<\/h3>\n<\/td>\n<td>\n<h3>Afiliaci\u00f3n<\/h3>\n<\/td>\n<td>\n<h3>T\u00edtulo<\/h3>\n<\/td>\n<\/tr>\n<tr>\n<td>5\/6\/2019<\/td>\n<td>\u00a0Alex Gaeta<\/td>\n<td>\u00a0Columbia University (USA)<\/td>\n<td>\u00a0Chip-Based Optical Frequency Combs<\/td>\n<\/tr>\n<tr>\n<td>27\/5\/2019<\/td>\n<td>\u00a0Gerad Mourou<\/td>\n<td>\u00a0Premio Nobel de F\u00edsica 2018<\/td>\n<td>\u00a0Passion for Extreme Light<\/td>\n<\/tr>\n<tr>\n<td>5\/4\/2019<\/td>\n<td>\u00a0Javier Prada Rodrigo<\/td>\n<td>\u00a0Universidad de Salamanca, ALF-USAL<\/td>\n<td>\u00a0Plasmones superficiales: F\u00edsica y Aplicaciones (Op-sesiones)<\/td>\n<\/tr>\n<tr>\n<td>26\/3\/2019<\/td>\n<td>\u00a0Javier Rodriguez Vazquez de Aldana<\/td>\n<td>\u00a0Universidad de Salamanca, ALF-USAL<\/td>\n<td>\u00a0Procesado l\u00e1ser de alta precisi\u00f3n: de la microsierra al nanol\u00e1piz (+Fisica)<\/td>\n<\/tr>\n<tr>\n<td>15\/3\/2019<\/td>\n<td>\u00a0Aurora Crego Garcia<\/td>\n<td>\u00a0Universidad de Salamanca, ALF-USAL<\/td>\n<td>\u00a0C\u00f3mo comprimir pulsos de luz de pocos ciclos (Op-sesiones)<\/td>\n<\/tr>\n<tr>\n<td>1\/3\/2019<\/td>\n<td>\u00a0Jose Benito Vazquez Dorrio<\/td>\n<td>\u00a0Embajador de Scientix, Universidad de Vigo<\/td>\n<td>\u00a0F\u00edsica Re-Creativa: Luz, Color e Interferencia (Olimpiadas de F\u00edsica)<\/td>\n<\/tr>\n<tr>\n<td>22\/2\/2019<\/td>\n<td>\u00a0Carlos Hernandez Garcia<\/td>\n<td>\u00a0Universidad de Salamanca, ALF-USAL<\/td>\n<td>\u00a0El twist de la luz (Op-sesiones)<\/td>\n<\/tr>\n<tr>\n<td>17\/12\/2018<\/td>\n<td>\u00a0Antonio M. Caravaca Aguirre<\/td>\n<td>\u00a0Laboratorie Interdisciplinaire de Physique (Liphy), Grenoble<\/td>\n<td>\u00a0Controlling light in complex media for imaging and nonlinear applications (Op-sesiones)<\/td>\n<\/tr>\n<tr>\n<td>27\/11\/2018<\/td>\n<td>\u00a0Cruz M\u00e9ndez Valverde<\/td>\n<td>\u00a0Centro de L\u00e1seres Pulsados (CLPU).<\/td>\n<td>\u00a0CPA (Chirped Pulse Amplification): La t\u00e9cnica amplificadora de pulsos cortos ganadora del nobel de F\u00edsica 2018 (+F\u00edsica)<\/td>\n<\/tr>\n<tr>\n<td>22\/11\/2018<\/td>\n<td>\u00a0Laura Rego Cabezas<\/td>\n<td>\u00a0Universidad de Salamanca, ALF-USAL<\/td>\n<td>\u00a0Ionizaci\u00f3n t\u00fanel frustrada: un nuevo m\u00e9todo para generar radiaci\u00f3n de alta frecuencia (Op-sesiones)<\/td>\n<\/tr>\n<tr>\n<td>6\/11\/2018<\/td>\n<td>\u00a0Roberto Boyero Garc\u00eda<\/td>\n<td>\u00a0Universidad de Salamanca, ALF-USAL<\/td>\n<td>\u00a0Ajuste de fase transversal en la generaci\u00f3n de arm\u00f3nicos de orden alto (Op-sesiones)<\/td>\n<\/tr>\n<tr>\n<td>10\/10\/2018<\/td>\n<td>\u00a0Andr\u00e9s Sanz Garc\u00eda<\/td>\n<td>\u00a0Departamento de Ingenier\u00eda Mec\u00e1nica de la Universidad de Salamanca<\/td>\n<td>\u00a0Femto-biomimetics: New avenues in fabrication of 3D culture models (Op-sesiones)<\/td>\n<\/tr>\n<\/tbody>\n<\/table>\n<p><strong>Seminarios durante el curso 2017-2018<\/strong><\/p>\n<table border=\"1\">\n<tbody>\n<tr align=\"center\" valign=\"middle\">\n<td>\n<h3>Fecha<\/h3>\n<\/td>\n<td>\n<h3>Nombre<\/h3>\n<\/td>\n<td>\n<h3>Afiliaci\u00f3n<\/h3>\n<\/td>\n<td>\n<h3>T\u00edtulo<\/h3>\n<\/td>\n<\/tr>\n<tr>\n<td>\u00a018\/5\/2018<\/td>\n<td>\u00a0Benjam\u00edn Alonso<\/td>\n<td>\u00a0Marie-Curie Fellow (Sphere Ultrafast Photonics)<\/td>\n<td>\u00a0Do it your light (Op-sesiones)<\/td>\n<\/tr>\n<tr>\n<td>\u00a011\/5\/2018<\/td>\n<td>\u00a0Boris L\u00f3pez-Zubieta<\/td>\n<td>\u00a0Universidad de Salamanca, ALF-USAL<\/td>\n<td>\u00a0Auto-compresi\u00f3n en fibra hueca (Op-sesiones)<\/td>\n<\/tr>\n<tr>\n<td>\u00a027\/4\/2018<\/td>\n<td>\u00a0Beatriz Santamar\u00eda<\/td>\n<td>\u00a0Universidad Polit\u00e9cnica de Madrid<\/td>\n<td>\u00a0Sistemas de detecci\u00f3n in-vitro aplicados a biosensores (Op-sesiones)<\/td>\n<\/tr>\n<tr>\n<td>\u00a026\/3\/2018<\/td>\n<td>\u00a0\u00c1lvaro S\u00e1nchez<\/td>\n<td>\u00a0Google DeepMind (Londres)<\/td>\n<td>\u00a0Procesos ultarr\u00e1pidos, l\u00e1seres de electrones libres e inteligencia artificial (+F\u00edsica, RSEF)<\/td>\n<\/tr>\n<tr>\n<td>\u00a021\/3\/2018<\/td>\n<td>\u00a0Enrique Conejero<\/td>\n<td>\u00a0Universidad de Salamanca, ALF-USAL<\/td>\n<td>\u00a0La universalidad de lo ultra-corto (Op-sesiones)<\/td>\n<\/tr>\n<tr>\n<td>\u00a026\/2\/2018<\/td>\n<td>\u00a0Oscar Zurr\u00f3n Cifuentes<\/td>\n<td>\u00a0Universidad de Salamanca, ALF-USAL<\/td>\n<td>\u00a0\u00d3ptica no lineal en grafeno (+F\u00edsica, RSEF)<\/td>\n<\/tr>\n<tr>\n<td>\u00a06\/2\/2018<\/td>\n<td>\u00a0Mario Garc\u00eda Lechuga<\/td>\n<td>\u00a0CLPU<\/td>\n<td>\u00a0FemtoFotos: visualizaci\u00f3n de la superficie tras la irradiaci\u00f3n con un pulso l\u00e1ser (Op-sesiones)<\/td>\n<\/tr>\n<tr>\n<td>\u00a021\/12\/2017<\/td>\n<td>\u00a0Borja Erice Ech\u00e1varri<\/td>\n<td>\u00a0University of Oxford<\/td>\n<td>\u00a0Dynamic behavior of materials across scales (Op-sesiones)<\/td>\n<\/tr>\n<tr>\n<td>\u00a04-5\/12\/2017<\/td>\n<td>\u00a0Andreas D\u00f6pp<\/td>\n<td>\u00a0Ludwig Maximilian University (Munich)<\/td>\n<td>\u00a0<em>Curso corto<\/em>: Modeling and numerical simulation of laser-matter interaction- Basic concepts and some pyton.<\/td>\n<\/tr>\n<tr>\n<td>\u00a027\/11\/2017<\/td>\n<td>\u00a0Antonio Pic\u00f3n<\/td>\n<td>\u00a0Universidad de Salamanca, ALF-USAL (contratado post-doctoral)<\/td>\n<td>\u00a0Nuevos pulsos ultra-cortos para observar el microcosmos (+F\u00edsica, RSEF).<\/td>\n<\/tr>\n<tr>\n<td>\u00a022\/11\/2017<\/td>\n<td>\u00a0Varios<\/td>\n<td>\u00a0Varios<\/td>\n<td>\u00a0USTS conference organizada por el CLPU<a href=\"https:\/\/www.ultrafast.es\/USTS2017\">\u00a0USTS 2017. Ultrafast Science &amp; Technology Spain 2017 (November 22nd to 24th, 2017. Salamanca)<\/a><\/td>\n<\/tr>\n<tr>\n<td>\u00a013\/11\/2017<\/td>\n<td>\u00a0Florence Friebel<\/td>\n<td>\u00a0Marie Curie CERN fellow<\/td>\n<td>\u00a0High Power Laser for Particle Acceleration (Op-sesiones)<\/td>\n<\/tr>\n<tr>\n<td>\u00a013\/11\/2017<\/td>\n<td>\u00a0Camilo Granados<\/td>\n<td>\u00a0ISOLDE-CERN fellow<\/td>\n<td>\u00a0Laser Ion Sources (Op-sesiones)<\/td>\n<\/tr>\n<tr>\n<td>\u00a026\/10\/2017<\/td>\n<td>\u00a0Emilio Pisanty<\/td>\n<td>\u00a0ICFO<\/td>\n<td>\u00a0Haces con nudos de polarizaci\u00f3n (Op-sesiones)<\/td>\n<\/tr>\n<\/tbody>\n<\/table>\n<p><strong>Seminarios durante el curso 2016-2017<\/strong><\/p>\n<table border=\"1\">\n<tbody>\n<tr align=\"center\" valign=\"middle\">\n<td>\n<h3>Fecha<\/h3>\n<\/td>\n<td>\n<h3>Nombre<\/h3>\n<\/td>\n<td>\n<h3>Afiliaci\u00f3n<\/h3>\n<\/td>\n<td>\n<h3>T\u00edtulo<\/h3>\n<\/td>\n<\/tr>\n<tr>\n<td>\u00a023\/2\/2017<\/td>\n<td>\u00a0Salvador Ferrer<\/td>\n<td>\u00a0ALBA Synchrotron Source<\/td>\n<td>\u00a0La naturaleza de la luz: de la Grecia Cl\u00e1sica hasta hoy (Encuentro sobre Fronteras de la Ciencia)<\/td>\n<\/tr>\n<tr>\n<td>\u00a023\/2\/2017<\/td>\n<td>\u00a0Mar\u00eda Aymerich<\/td>\n<td>\u00a0Universidad de Santiago de Compostela<\/td>\n<td>\u00a0Estructurado de materiales con l\u00e1ser para aplicaciones en biomedicina (Op-sesiones)<\/td>\n<\/tr>\n<tr>\n<td>\u00a029\/11\/2016<\/td>\n<td>\u00a0Antonio Pic\u00f3n<\/td>\n<td>\u00a0Universidad de Salamanca (ALF-USAL) contratado post-doctoral Marie-Curie<\/td>\n<td>\u00a0\u00bfSe puede tomar una foto de un electr\u00f3n moviendo?<\/td>\n<\/tr>\n<tr>\n<td>\u00a016\/11\/2016<\/td>\n<td>\u00a0Carlos Hern\u00e1ndez Garc\u00eda<\/td>\n<td>\u00a0Universidad de Salamanca, ALF-USAL (contratado post-doctoral)<\/td>\n<td>\u00a0Attociencia, herramientas para controlar los procesos m\u00e1s breves<\/td>\n<\/tr>\n<tr>\n<td>\u00a08\/11\/2016<\/td>\n<td>\u00a0Irene Heras P\u00e9rez<\/td>\n<td>\u00a0Abengoa Research (Sevilla)<\/td>\n<td>\u00a0Optical coatings for solar thermal applications: from concept to design (Op-sesiones)<\/td>\n<\/tr>\n<tr>\n<td>\u00a025\/10\/2016<\/td>\n<td>\u00a0Guillermo Hern\u00e1ndez<\/td>\n<td>\u00a0\u00c1rea de F\u00edsica At\u00f3mica, Molecular y Nuclear de la USAL<\/td>\n<td>\u00a0Nuevas l\u00edneas de investigaci\u00f3n en f\u00edsica de radiaciones: generaci\u00f3n de rayos X por l\u00e1seres intensos (+F\u00edsica, RSEF)<\/td>\n<\/tr>\n<tr>\n<td>\u00a018\/10\/2016<\/td>\n<td>\u00a0Marta Morales<\/td>\n<td>\u00a0Contratada post-doctoral del ALF-USAL<\/td>\n<td>\u00a0L\u00e1seres org\u00e1nicos en forma de pel\u00edcula delgada y su aplicaci\u00f3n como sensores (Op-sesiones)<\/td>\n<\/tr>\n<tr>\n<td>\u00a011\/10\/2016<\/td>\n<td>\u00a0Charles G. Durfee<\/td>\n<td>\u00a0Colorado School of Mines (USA)<\/td>\n<td>\u00a0Generation, characterization, and application of structured ultrafast pulses<\/td>\n<\/tr>\n<\/tbody>\n<\/table>\n<p><strong>Seminarios durante el curso 2015-2016<\/strong><\/p>\n<table border=\"1\">\n<tbody>\n<tr align=\"center\" valign=\"middle\">\n<td>\n<h3>Fecha<\/h3>\n<\/td>\n<td>\n<h3>Nombre<\/h3>\n<\/td>\n<td>\n<h3>Afiliaci\u00f3n<\/h3>\n<\/td>\n<td>\n<h3>T\u00edtulo<\/h3>\n<\/td>\n<\/tr>\n<tr>\n<td>\u00a023\/6\/2016<\/td>\n<td>\u00a0Jon Lasa<\/td>\n<td>\u00a0Estudiante por la USAL<\/td>\n<td>\u00a0Aproximaci\u00f3n semi-cl\u00e1sica en la generaci\u00f3n de pulsos de attosegundo<\/td>\n<\/tr>\n<tr>\n<td>\u00a010\/6\/2016<\/td>\n<td>\u00a0Tenio Popmintchev<\/td>\n<td>\u00a0University of Colorado at Boulder (USA)<\/td>\n<td>\u00a0Quantum Design of Coherent X-Rays for Dynamic Imaging at the Space-Time Limit<\/td>\n<\/tr>\n<tr>\n<td>\u00a04\/5\/2016<\/td>\n<td>\u00a0Gabriel Castillo Vega<\/td>\n<td>\u00a0Estudiante doctorado por la USAL<\/td>\n<td>\u00a0Microfabricaci\u00f3n l\u00e1ser de dispositivos fot\u00f3nicos<\/td>\n<\/tr>\n<tr>\n<td>\u00a020\/4\/2016<\/td>\n<td>\u00a0Enrique Conejero<\/td>\n<td>\u00a0ALF-USAL<\/td>\n<td>\u00a0Aceleraci\u00f3n con l\u00e1ser en diel\u00e9ctricos<\/td>\n<\/tr>\n<tr>\n<td>\u00a012\/4\/2016<\/td>\n<td>\u00a0Guillermo Mart\u00edn<\/td>\n<td>\u00a0IPAG (Institut de Planetologie et d&#8217;Astrophysique de Grenoble)<\/td>\n<td>\u00a0Optica Integrada para la Astrofisica y la Espectrometria<\/td>\n<\/tr>\n<tr>\n<td>\u00a06\/4\/2016<\/td>\n<td>\u00a0Ren\u00e9 Rodr\u00edguez<\/td>\n<td>\u00a0Estudiante doctorado por la USAL<\/td>\n<td>\u00a0Fabricaci\u00f3n l\u00e1ser de estructuras peri\u00f3dicas en superficies polim\u00e9ricas (Op-Sesiones)<\/td>\n<\/tr>\n<tr>\n<td>\u00a016\/3\/2016<\/td>\n<td>\u00a0Andreas D\u00f6pp<\/td>\n<td>\u00a0Estudiante doctorado por la USAL<\/td>\n<td>\u00a0Laser-based X-ray sources (Op-Sesiones)<\/td>\n<\/tr>\n<tr>\n<td>\u00a09\/3\/2016<\/td>\n<td>\u00a0Carlos Hern\u00e1ndez Garc\u00eda<\/td>\n<td>\u00a0ALF-USAL<\/td>\n<td>\u00a0Pulsos de attosegundo con polarizaci\u00f3n circular (Op-Sesiones)<\/td>\n<\/tr>\n<tr>\n<td>\u00a04\/12\/2015<\/td>\n<td>\u00a0Andreas D\u00f6pp<\/td>\n<td>\u00a0Estudiante de doctorado de la USAL<\/td>\n<td>\u00a0Laser Plasma Light Sources: Research and developments for increased stability, control, gain and brightness<\/td>\n<\/tr>\n<tr>\n<td>\u00a01\/12\/2015 &#8211; 2\/12\/2015<\/td>\n<td>\u00a0Varios<\/td>\n<td>\u00a0Varios<\/td>\n<td>\u00a05th Users Meeting, organizado por el CLPU<strong><a href=\"https:\/\/laser.usal.es\/posgrado\/wp-content\/uploads\/2010\/11\/usersclpu2015.pdf\">\u00a0 Towards an ultraintense ultrafast Laser european community (ELI)<\/a><\/strong><\/td>\n<\/tr>\n<tr>\n<td>\u00a030\/11\/2015<\/td>\n<td>\u00a0Varios<\/td>\n<td>\u00a0Varios<\/td>\n<td>\u00a0 3rd meeting NAUUL (LASERLAB), organizado por el CLPU<strong><a href=\"https:\/\/laser.usal.es\/posgrado\/wp-content\/uploads\/2010\/11\/nauul2015.pdf\">\u00a0 Target area diagnostics with ultrafast ultraintense laser<\/a><\/strong><\/td>\n<\/tr>\n<tr>\n<td>\u00a021\/10\/2015<\/td>\n<td>\u00a0Luca Volpe<\/td>\n<td>\u00a0Director of the CLPU chair at USAL<\/td>\n<td>\u00a0High intensity Laser-plasma physics in Salamanca<\/td>\n<\/tr>\n<\/tbody>\n<\/table>\n<p><strong>Seminarios durante el curso 2014-2015<\/strong><\/p>\n<table border=\"1\">\n<tbody>\n<tr align=\"center\" valign=\"middle\">\n<td>\n<h3>Fecha<\/h3>\n<\/td>\n<td>\n<h3>Nombre<\/h3>\n<\/td>\n<td>\n<h3>Afiliaci\u00f3n<\/h3>\n<\/td>\n<td>\n<h3>T\u00edtulo<\/h3>\n<\/td>\n<\/tr>\n<tr>\n<td>\u00a029\/06\/2015<\/td>\n<td>\u00a0Luis Felipe Devia-Cruz<\/td>\n<td>\u00a0Laboratorio de L\u00e1seres Pulsados Ultracortos del CICESE (M\u00e9xico)<\/td>\n<td>\u00a0Estimaci\u00f3n de la presi\u00f3n intraocular (PIO) a partir de la din\u00e1mica del fen\u00f3meno de cavitaci\u00f3n l\u00e1ser<\/td>\n<\/tr>\n<tr>\n<td>\u00a019\/06\/2015<\/td>\n<td>\u00a0Miguel \u00c1ngel Gonz\u00e1lez Galicia<\/td>\n<td>\u00a0Grupo de Investigaci\u00f3n en \u00d3ptica Extrema de la USAL (GIOE)<\/td>\n<td>\u00a0Dise\u00f1o y construcci\u00f3n de un l\u00e1ser pulsado para el estudio de aberraciones en pulsos ultracortos<\/td>\n<\/tr>\n<tr>\n<td>\u00a011\/6\/2015<\/td>\n<td>\u00a0Carlos Hern\u00e1ndez Garc\u00eda<\/td>\n<td>\u00a0Grupo de Investigaci\u00f3n en \u00d3ptica Extrema de la USAL (GIOE)<\/td>\n<td>\u00a0Circularly Polarized Attosecond X-ray Pulses<\/td>\n<\/tr>\n<tr>\n<td>\u00a027\/4\/2015<\/td>\n<td>\u00a0Benjam\u00edn Alonso<\/td>\n<td>\u00a0Grupo de Investigaci\u00f3n en \u00d3ptica Extrema de la USAL (GIOE)<\/td>\n<td>\u00a0Desarrollo de t\u00e9cnicas de medida de pulsos ultracortos: aplicaci\u00f3n a pulsos de pocos ciclos \u00f3pticos<\/td>\n<\/tr>\n<tr>\n<td>\u00a019\/3\/2015<\/td>\n<td>\u00a0Carolina Romero<\/td>\n<td>\u00a0Grupo de Investigaci\u00f3n sobre Microprocesado de Materiales con L\u00e1ser de la USAL (GIMMLASER)<\/td>\n<td>\u00a0Procesos param\u00e9tricos \u00f3pticos con pulsos de femtosegundo en cristales no lineales: nuevos esquemas y aplicaciones (y otras cosas)<\/td>\n<\/tr>\n<tr>\n<td>\u00a027\/2\/2015<\/td>\n<td>\u00a0Carlos Dorronsoro<\/td>\n<td>\u00a0Instituto de \u00d3ptica (CSIC)<\/td>\n<td>\u00a0F\u00edsica de la Luz y la Visi\u00f3n<\/td>\n<\/tr>\n<tr>\n<td>\u00a010\/12\/2014<\/td>\n<td>\u00a0Juan Jim\u00e9nez<\/td>\n<td>\u00a0Departamento de F\u00edsica de la Materia Condensada, Cristalograf\u00eda y Mineralog\u00eda de la Universidad de Valladolid<\/td>\n<td>\u00a0El LED azul<\/td>\n<\/tr>\n<tr>\n<td>\u00a002\/12\/2014 &#8211; 03\/12\/2014<\/td>\n<td>\u00a0Varios<\/td>\n<td>\u00a0Varios<\/td>\n<td><strong><a href=\"https:\/\/laser.usal.es\/posgrado\/wp-content\/uploads\/2010\/11\/programa_7.pdf\">\u00a0Cuarta reuni\u00f3n de usuarios del CLPU<\/a><\/strong><\/td>\n<\/tr>\n<tr>\n<td>\u00a001\/12\/2014<\/td>\n<td>\u00a0David N\u00f3voa<\/td>\n<td>\u00a0Max Planck Institute for the Science of Light (Erlangen, Alemania)<\/td>\n<td>\u00a0Hollow-core photonic crystal fibers as nonlinear optics microlabs : from efficient VUV emission to opto-molecular modulation<\/td>\n<\/tr>\n<tr>\n<td>\u00a010\/11\/2014<\/td>\n<td>\u00a0Roc\u00edo Borrego<\/td>\n<td>\u00a0Departamento de F\u00edsica del Polit\u00e9cnico de Mil\u00e1n (Italia)<\/td>\n<td>\u00a0Pulsos ultracortos en el UV para aplicaciones en espectroscopia ultrarr\u00e1pida<\/td>\n<\/tr>\n<tr>\n<td>\u00a004\/11\/2014<\/td>\n<td>\u00a0Camilo Granados<\/td>\n<td>\u00a0Nuclear and Radiation Physics Section (KU Leuven)<\/td>\n<td>\u00a0In gas laser ionization and spectroscopy of actinium isotopes<\/td>\n<\/tr>\n<tr>\n<td>\u00a030\/09\/2014<\/td>\n<td>\u00a0Luis Plaja<\/td>\n<td>\u00a0Grupo de investigaci\u00f3n en \u00d3ptica Extrema (GIOE) de la Universidad de Salamanca<\/td>\n<td>\u00a0La Naturaleza en una trillone\u0301sima de segundo, o el fascinante mundo de la attofi\u0301sica<\/td>\n<\/tr>\n<\/tbody>\n<\/table>\n<p><strong>Seminarios durante el curso 2013-2014<\/strong><\/p>\n<table border=\"1\">\n<tbody>\n<tr align=\"center\" valign=\"middle\">\n<td>\n<h3>Fecha<\/h3>\n<\/td>\n<td>\n<h3>Nombre<\/h3>\n<\/td>\n<td>\n<h3>Afiliaci\u00f3n<\/h3>\n<\/td>\n<td>\n<h3>T\u00edtulo<\/h3>\n<\/td>\n<\/tr>\n<tr>\n<td>\u00a022\/05\/2014<\/td>\n<td>\u00a0Rebeca de Nalda<\/td>\n<td>\u00a0Insituto de Qu\u00edmica F\u00edsica Rocasolano del CSIC<\/td>\n<td>\u00a0Detener el tiempo: pulsos de luz para seguir la qu\u00edmica ultrarr\u00e1pida<\/td>\n<\/tr>\n<tr>\n<td>\u00a06\/05\/2014<\/td>\n<td>\u00a0Cruz M\u00e9ndez Valverde<\/td>\n<td>\u00a0Centro de L\u00e1seres Pulsados (CLPU)<\/td>\n<td>\u00a0Un f\u00edsico como jefa del \u00e1rea t\u00e9cnica de una gran instalaci\u00f3n<\/td>\n<\/tr>\n<tr>\n<td>\u00a025\/03\/2014<\/td>\n<td>\u00a0Carlos Dorronsoro<\/td>\n<td>\u00a0Insituto de \u00d3ptica del CSIC<\/td>\n<td>\u00a0Mi carrera profesional en la investigaci\u00f3n<\/td>\n<\/tr>\n<tr>\n<td>\u00a04\/03\/2014<\/td>\n<td>\u00a0Mois\u00e9s Domingo<\/td>\n<td>\u00a0LuxInTec Led Lighting Systems<\/td>\n<td>\u00a0Un f\u00edsico en la industria<\/td>\n<\/tr>\n<tr>\n<td>\u00a031\/01\/2014<\/td>\n<td>\u00a0Jorge Ripoll<\/td>\n<td>\u00a0Laboratorio de Imagen M\u00e9dica de la Universidad Carlos III de Madrid<\/td>\n<td>\u00a0Tomograf\u00eda \u00d3ptica: Nuevos Avances y Aplicaciones<\/td>\n<\/tr>\n<tr>\n<td>\u00a027\/01\/2014 y 29\/01\/2014<\/td>\n<td>\u00a0\u00c1lvaro Peralata<\/td>\n<td>\u00a0Centro de L\u00e1seres Pulsados, Salamanca<\/td>\n<td><em>\u00a0Curso corto<\/em>: Coherence: what do we really know about laser-matter interaction?<\/td>\n<\/tr>\n<tr>\n<td>\u00a010\/12\/2013<\/td>\n<td>\u00a0Max Lederer<\/td>\n<td>\u00a0European XFEL GmbH<\/td>\n<td>\u00a0Status of laser development for the European XFEL Project<\/td>\n<\/tr>\n<tr>\n<td>\u00a010\/12\/2013<\/td>\n<td>\u00a0Carlos Zaldo<\/td>\n<td>\u00a0Insituto de Ciencia de Materiales de Madrid (ICMM)-CSIC<\/td>\n<td>\u00a0Monocristales desordenados para la\u0301seres ultrarra\u0301pidos<\/td>\n<\/tr>\n<tr>\n<td>\u00a004\/12\/2013<\/td>\n<td>\u00a0Marta Castillejo<\/td>\n<td>\u00a0Instituto de Qu\u00edmica F\u00edsica Rocasolano, CSIC, Madrid<\/td>\n<td>\u00a0Nanostructures on the fly: studies on laser induced plasma and deposits<\/td>\n<\/tr>\n<tr>\n<td>\u00a002\/12\/2013 y 03\/12\/2013<\/td>\n<td>\u00a0Varios<\/td>\n<td>\u00a0Varios<\/td>\n<td><strong><a href=\"https:\/\/laser.usal.es\/posgrado\/wp-content\/uploads\/2010\/11\/program_iiiusuariosclpu.pdf\">\u00a0Tercera reuni\u00f3n de usuarios del CLPU<\/a><\/strong><\/td>\n<\/tr>\n<tr>\n<td>\u00a027\/11\/2013<\/td>\n<td>\u00a0Lukas Medisauskas<\/td>\n<td>\u00a0Imperial College, London<\/td>\n<td>\u00a0Electronic control of molecular dissociation with sub-femtosecond precision<\/td>\n<\/tr>\n<tr>\n<td>\u00a006\/10\/2013 al 11\/10\/2013<\/td>\n<td>\u00a0Varios<\/td>\n<td>\u00a0Varios<\/td>\n<td><strong><a href=\"http:\/\/www.isuils.jp\/isuils12\/index.html\">\u00a0International Symposium on Ultrafast Intense Laser Science <\/a><\/strong><\/td>\n<\/tr>\n<\/tbody>\n<\/table>\n<p><strong>Seminarios durante el curso 2012-2013<\/strong><\/p>\n<table border=\"1\">\n<tbody>\n<tr align=\"center\" valign=\"middle\">\n<td>\n<h3>Fecha<\/h3>\n<\/td>\n<td>\n<h3>Nombre<\/h3>\n<\/td>\n<td>\n<h3>Afiliaci\u00f3n<\/h3>\n<\/td>\n<td>\n<h3>T\u00edtulo<\/h3>\n<\/td>\n<\/tr>\n<tr>\n<td>\u00a019\/09\/2012<\/td>\n<td>\u00a0Ricardo Torres<\/td>\n<td>\u00a0Centro de L\u00e1seres Pulsados, Salamanca<\/td>\n<td><em>\u00a0Journal Club<\/em>: High harmonic generation with two-color laser fields<\/td>\n<\/tr>\n<tr>\n<td>\u00a05\/10\/2012<\/td>\n<td>\u00a0Luca Stockhausen<\/td>\n<td>\u00a0Centro de L\u00e1seres Pulsados, Salamanca<\/td>\n<td><em>\u00a0Journal Club<\/em>: Evaluation of Compton Camera Imaging during Boron Neutron Capture Therapy<\/td>\n<\/tr>\n<tr>\n<td>\u00a017\/10\/2012<\/td>\n<td>\u00a0Tahir Shaaran<\/td>\n<td>\u00a0Institut de Ci\u00e8ncies Fot\u00f2niques, Castelldefels<\/td>\n<td>\u00a0Spatially non-homogeneous strong field interaction<\/td>\n<\/tr>\n<tr>\n<td>\u00a019\/10\/2012<\/td>\n<td>\u00a0David Novoa<\/td>\n<td>\u00a0Centro de L\u00e1seres Pulsados, Salamanca<\/td>\n<td><em>\u00a0Journal Club<\/em>: Pressure measurements at the XHV level using ultra-intense lasers<\/td>\n<\/tr>\n<tr>\n<td>\u00a09\/11\/2012<\/td>\n<td>\u00a0Amelle Za\u00efr<\/td>\n<td>\u00a0Imperial College, London<\/td>\n<td>\u00a0Quantum path control to reveal attosecond dynamics in molecules<\/td>\n<\/tr>\n<tr>\n<td>\u00a012\/11\/2012<\/td>\n<td>\u00a0Camilo Ruiz<\/td>\n<td>\u00a0Centro de L\u00e1seres Pulsados, Salamanca<\/td>\n<td><em>\u00a0Semana de la Ciencia<\/em>: Aceleraci\u00f3n de electrones con l\u00e1seres ultracortos ultraintensos<\/td>\n<\/tr>\n<tr>\n<td>\u00a013\/11\/2012<\/td>\n<td>\u00a0David Novoa<\/td>\n<td>\u00a0Centro de L\u00e1seres Pulsados, Salamanca<\/td>\n<td><em>\u00a0Semana de la Ciencia: <\/em>La ciencia de la nada<\/td>\n<\/tr>\n<tr>\n<td>\u00a013\/11\/2012<\/td>\n<td>\u00a0Benjam\u00edn Alonso<\/td>\n<td>\u00a0Grupo de Investigaci\u00f3n de \u00d3ptica Extrema, Universidad de Salamanca<\/td>\n<td><em>\u00a0Journal Club<\/em>: Spatiotemporal characterization of few-cycle pulses from an ultrafast oscillator and a hollow-core fiber<\/td>\n<\/tr>\n<tr>\n<td>\u00a030\/11\/2012<\/td>\n<td>\u00a0Andreas D\u00f6pp<\/td>\n<td>\u00a0Centro de L\u00e1seres Pulsados, Salamanca<\/td>\n<td><em>\u00a0Journal Club<\/em>: Betatron radiation in laser-driven electron accelerators &#8211; or: selected stories from the all but boring life of gases encountering hell a lot of photons<\/td>\n<\/tr>\n<tr>\n<td>\u00a03\/12\/2012 y 4\/12\/2012<\/td>\n<td>\u00a0Varios<\/td>\n<td>\u00a0Varios<\/td>\n<td><a href=\"http:\/\/clpu.es\/es\/ii-reunion-de-usuarios.html\"><strong>\u00a0Segunda reuni\u00f3n de usuarios del CLPU<\/strong><\/a><\/td>\n<\/tr>\n<tr>\n<td>\u00a021\/01\/2013 a 23\/01\/2013<\/td>\n<td>\u00a0\u00c1lvaro Peralta<\/td>\n<td>\u00a0Centro de L\u00e1seres Pulsados, Salamanca<\/td>\n<td><em>\u00a0Curso corto<\/em>: Coherent laser-matter interaction<\/td>\n<\/tr>\n<tr>\n<td>\u00a020\/02\/2013 y 21\/02\/2013<\/td>\n<td>\u00a0Varios<\/td>\n<td>\u00a0Varios<\/td>\n<td><a href=\"http:\/\/www.fds.es\/es\/contenido\/?iddoc=2503\"><strong>\u00a0Encuentro sobre Fronteras de la Ciencia<\/strong><\/a><\/td>\n<\/tr>\n<tr>\n<td>\u00a022\/02\/2013<\/td>\n<td>\u00a0Ricardo Torres<\/td>\n<td>\u00a0Centro de L\u00e1seres Pulsados, Salamanca<\/td>\n<td><em>\u00a0Journal Club<\/em>: Laser acceleration of quasi-monoenergetic proton and ion beams<\/td>\n<\/tr>\n<tr>\n<td>\u00a08\/03\/2013<\/td>\n<td>\u00a0Alexis Chac\u00f3n<\/td>\n<td>\u00a0Centro de L\u00e1seres Pulsados, Salamanca<\/td>\n<td><em>\u00a0Journal Club<\/em>: Attosecond lighthouses from plasma mirrors<\/td>\n<\/tr>\n<tr>\n<td>\u00a025\/03\/2013<\/td>\n<td>\u00a0Camilo Ruiz<\/td>\n<td>\u00a0Centro de L\u00e1seres Pulsados, Salamanca<\/td>\n<td><em>\u00a0Journal Club<\/em>:All-optical Compton gamma-ray source<\/td>\n<\/tr>\n<tr>\n<td>\u00a011\/04\/2013<\/td>\n<td>\u00a0Pedro Corredera<\/td>\n<td>\u00a0Instituto de \u00d3ptica CSIC, Madrid<\/td>\n<td>\u00a0Sincronizaci\u00f3n \u00f3ptica de relojes por fibra \u00f3ptica<\/td>\n<\/tr>\n<tr>\n<td>\u00a011\/04\/2013<\/td>\n<td>\u00a0Pedro Corredera<\/td>\n<td>\u00a0Instituto de \u00d3ptica CSIC, Madrid<\/td>\n<td>\u00a0FOCUS S.L. Una experiencia de emprendimiento<\/td>\n<\/tr>\n<tr>\n<td>\u00a010\/05\/2013<\/td>\n<td>\u00a0Jon I. Api\u00f1aniz<\/td>\n<td>\u00a0Centro de L\u00e1seres Pulsados, Salamanca<\/td>\n<td><em>\u00a0Journal Club<\/em>: Interferometric techniques for plasma diagnostics<\/td>\n<\/tr>\n<tr>\n<td>\u00a024\/05\/2013<\/td>\n<td>\u00a0Juan H. Toro<\/td>\n<td>\u00a0Centro de L\u00e1seres Pulsados, Salamanca<\/td>\n<td><em>\u00a0Journal Club<\/em>: Practical aspects in vacuum<\/td>\n<\/tr>\n<tr>\n<td>\u00a031\/05\/2013<\/td>\n<td>\u00a0Francisco Valle<\/td>\n<td>\u00a0Centro de L\u00e1seres Pulsados, Salamanca<\/td>\n<td><em>\u00a0Journal Club<\/em>: Enhanced proton flux in the MeV range by defocused irradiation<\/td>\n<\/tr>\n<tr>\n<td>\u00a021\/06\/2013<\/td>\n<td>\u00a0\u00c1lvaro Peralta<\/td>\n<td>\u00a0Centro de L\u00e1seres Pulsados, Salamanca<\/td>\n<td><em>\u00a0Journal Club<\/em>: Evanescent phenomena in quantum mechanics or How to get crazy about a half-an-hour experiment<\/td>\n<\/tr>\n<\/tbody>\n<\/table>\n","protected":false},"excerpt":{"rendered":"<p>La asistencia a los seminarios organizados por el Grupo de \u00d3ptica y por el CLPU es obligatoria para los estudiantes de m\u00e1ster y doctorado. Los seminarios complementan la formaci\u00f3n b\u00e1sica y ofrecen una perspectiva amplia de la investigaci\u00f3n m\u00e1s reciente en temas relacionados con el l\u00e1ser. Adem\u00e1s de seminarios individuales, cada cierto tiempo se organizan<\/p>\n","protected":false},"author":1,"featured_media":0,"parent":0,"menu_order":0,"comment_status":"closed","ping_status":"closed","template":"","meta":{"_monsterinsights_skip_tracking":false,"_monsterinsights_sitenote_active":false,"_monsterinsights_sitenote_note":"","_monsterinsights_sitenote_category":0,"footnotes":""},"class_list":["post-2036","page","type-page","status-publish","hentry"],"_links":{"self":[{"href":"https:\/\/laser.usal.es\/posgrado\/wp-json\/wp\/v2\/pages\/2036","targetHints":{"allow":["GET"]}}],"collection":[{"href":"https:\/\/laser.usal.es\/posgrado\/wp-json\/wp\/v2\/pages"}],"about":[{"href":"https:\/\/laser.usal.es\/posgrado\/wp-json\/wp\/v2\/types\/page"}],"author":[{"embeddable":true,"href":"https:\/\/laser.usal.es\/posgrado\/wp-json\/wp\/v2\/users\/1"}],"replies":[{"embeddable":true,"href":"https:\/\/laser.usal.es\/posgrado\/wp-json\/wp\/v2\/comments?post=2036"}],"version-history":[{"count":78,"href":"https:\/\/laser.usal.es\/posgrado\/wp-json\/wp\/v2\/pages\/2036\/revisions"}],"predecessor-version":[{"id":2817,"href":"https:\/\/laser.usal.es\/posgrado\/wp-json\/wp\/v2\/pages\/2036\/revisions\/2817"}],"wp:attachment":[{"href":"https:\/\/laser.usal.es\/posgrado\/wp-json\/wp\/v2\/media?parent=2036"}],"curies":[{"name":"wp","href":"https:\/\/api.w.org\/{rel}","templated":true}]}}