{"id":2154,"date":"2019-03-05T18:37:23","date_gmt":"2019-03-05T18:37:23","guid":{"rendered":"http:\/\/laser.usal.es\/posgrado\/?page_id=2154"},"modified":"2019-05-16T16:01:54","modified_gmt":"2019-05-16T16:01:54","slug":"concurso-de-fotografia-dia-de-la-luz-2019","status":"publish","type":"page","link":"https:\/\/laser.usal.es\/posgrado\/concurso-fotografia\/concurso-de-fotografia-dia-de-la-luz-2019\/","title":{"rendered":"Concurso de Fotograf\u00eda D\u00eda de la Luz 2019"},"content":{"rendered":"<h3><img decoding=\"async\" class=\"wp-image-2155 aligncenter lazyload\" data-src=\"https:\/\/laser.usal.es\/posgrado\/wp-content\/uploads\/2019\/03\/Concurso2019.png\" alt=\"\" width=\"867\" height=\"443\" data-srcset=\"https:\/\/laser.usal.es\/posgrado\/wp-content\/uploads\/2019\/03\/Concurso2019.png 1051w, https:\/\/laser.usal.es\/posgrado\/wp-content\/uploads\/2019\/03\/Concurso2019-300x153.png 300w, https:\/\/laser.usal.es\/posgrado\/wp-content\/uploads\/2019\/03\/Concurso2019-768x392.png 768w, https:\/\/laser.usal.es\/posgrado\/wp-content\/uploads\/2019\/03\/Concurso2019-1024x523.png 1024w\" data-sizes=\"(max-width: 867px) 100vw, 867px\" src=\"data:image\/svg+xml;base64,PHN2ZyB3aWR0aD0iMSIgaGVpZ2h0PSIxIiB4bWxucz0iaHR0cDovL3d3dy53My5vcmcvMjAwMC9zdmciPjwvc3ZnPg==\" style=\"--smush-placeholder-width: 867px; --smush-placeholder-aspect-ratio: 867\/443;\" \/><\/h3>\n<hr \/>\n<h1 style=\"text-align: center;\"><img decoding=\"async\" class=\"alignnone size-full wp-image-2196 lazyload\" data-src=\"https:\/\/laser.usal.es\/posgrado\/wp-content\/uploads\/2019\/05\/Arrownew.gif\" alt=\"\" width=\"45\" height=\"37\" src=\"data:image\/svg+xml;base64,PHN2ZyB3aWR0aD0iMSIgaGVpZ2h0PSIxIiB4bWxucz0iaHR0cDovL3d3dy53My5vcmcvMjAwMC9zdmciPjwvc3ZnPg==\" style=\"--smush-placeholder-width: 45px; --smush-placeholder-aspect-ratio: 45\/37;\" \/> FALLO DEL III CONCURSO FOTOGR\u00c1FICO \u201cD\u00cdA DE LA LUZ\u201d 2019<\/h1>\n<p style=\"text-align: left;\">Aqu\u00ed est\u00e1 el acta del jurado con los premiados (<a href=\"https:\/\/laser.usal.es\/posgrado\/wp-content\/uploads\/2019\/05\/Acta-del-jurado2019.pdf\">Acta del jurado 2019<\/a>). Enhorabuena a todos por participar!<\/p>\n<p>&nbsp;<\/p>\n<hr \/>\n<h1><\/h1>\n<h1 style=\"text-align: center;\">BASES DEL III CONCURSO FOTOGR\u00c1FICO \u201cD\u00cdA DE LA LUZ\u201d 2019<\/h1>\n<h5 style=\"text-align: center;\">Organiza: M\u00e1ster en F\u00edsica y Tecnolog\u00eda de los L\u00e1seres<\/h5>\n<h4>Objeto del Certamen:<\/h4>\n<p>Aprovechando que la Organizaci\u00f3n de las Naciones Unidas (ONU) proclam\u00f3 el d\u00eda 16 de mayo como el \u201cD\u00eda Internacional de la Luz y las Tecnolog\u00edas basadas en Luz\u201d, y como parte de las actividades de promoci\u00f3n del M\u00e1ster Universitario en F\u00edsica y Tecnolog\u00eda de los L\u00e1seres, se convoca el III Concurso Fotogr\u00e1fico \u201cD\u00eda de la Luz\u201d. Colaboran: la Secci\u00f3n Local de Salamanca de la Real Sociedad Espa\u00f1ola de F\u00edsica y la Asociaci\u00f3n Universitaria OSAL Student Chapter y la Asociaci\u00f3n Universitaria Supernova.<\/p>\n<h4><strong>Bases:<\/strong><\/h4>\n<p><strong><span style=\"color: #008080;\">Art\u00edculo 1.<\/span><\/strong> Se establecen dos categor\u00edas:<br \/>\n1\u00aa Categor\u00eda: Tecnolog\u00edas de la Luz y Fen\u00f3menos \u00d3pticos.<br \/>\n2\u00aa Categor\u00eda: El L\u00e1ser.<\/p>\n<p><strong><span style=\"color: #008080;\">Art\u00edculo 2.<\/span><\/strong> Podr\u00e1n participar estudiantes de Grado, M\u00e1ster o Doctorado y profesorado pertenecientes a Facultades de la Universidad de Salamanca y de la Universidad de Valladolid, que no formen parte del jurado, as\u00ed como egresados del M\u00e1ster en F\u00edsica y Tecnolog\u00eda de los L\u00e1seres.<\/p>\n<p><strong><span style=\"color: #008080;\">Art\u00edculo 3.<\/span><\/strong> \u00a0Cada participante podr\u00e1 presentar un <strong>m\u00e1ximo de 2 fotograf\u00edas en cada categor\u00eda<\/strong>, sin poder enviar la misma fotograf\u00eda a las dos categor\u00edas. Las fotograf\u00edas deber\u00e1n ajustarse al tema propuesto.<\/p>\n<p><strong><span style=\"color: #008080;\">Art\u00edculo 4.<\/span><\/strong> \u00a0Las fotograf\u00edas deber\u00e1n ser in\u00e9ditas y enviarse a la direcci\u00f3n de correo electr\u00f3nico: <strong>master.laser@usal.es<\/strong> en un formato digital est\u00e1ndar (jpg, tiff, png, eps o pdf) <strong>antes del 1 de mayo del 2019<\/strong>. En el correo electr\u00f3nico el autor deber\u00e1 indicar sus datos (nombre y apellidos, email y tel\u00e9fono de contacto, procedencia), t\u00edtulo de la imagen, categor\u00eda en la que se participa, y una breve descripci\u00f3n de la imagen (m\u00e1ximo 50 palabras). Se ruega indicar en el asunto del correo: \u00abConcurso Fotogr\u00e1fico D\u00eda de la Luz: Nombre y Apellidos del participante\u00bb.<\/p>\n<p><strong><span style=\"color: #008080;\">Art\u00edculo 5.<\/span><\/strong> Se otorgar\u00e1n cuatro premios:<br \/>\n\u2022 Primer premio en la categor\u00eda Tecnolog\u00edas de la Luz y Fen\u00f3menos \u00d3pticos: <strong>100 euros<\/strong>.<br \/>\n\u2022 Segundo premio en la categor\u00eda Tecnolog\u00edas de la Luz y Fen\u00f3menos \u00d3pticos: <strong>50 euros.<\/strong><br \/>\n\u2022 Primer premio en la categor\u00eda El L\u00e1ser: <strong>100 euros.<\/strong><br \/>\n\u2022 Segundo premio en la categor\u00eda El L\u00e1ser: <strong>50 euros.<\/strong><br \/>\nAdem\u00e1s, todos los premiados recibir\u00e1n un a\u00f1o de suscripci\u00f3n gratuita a la Real Sociedad Espa\u00f1ola de F\u00edsica.<br \/>\nSe tendr\u00e1 en cuenta la originalidad, al calidad de la imagen y la adecuaci\u00f3n a los temas propuestos.<\/p>\n<p><strong><span style=\"color: #008080;\">Art\u00edculo 6.<\/span><\/strong>\u00a0El fallo del Concurso se har\u00e1 p\u00fablico en la p\u00e1gina web del m\u00e1ster en F\u00edsica y Tecnolog\u00eda de los L\u00e1seres (laser.usal.es\/posgrado) antes del d\u00eda de la luz (16 de mayo de 2019). El jurado contactar\u00e1 por correo electr\u00f3nico con los ganadores del Concurso. Las fotograf\u00edas del certamen se expondr\u00e1n en la p\u00e1gina web del m\u00e1ster, y en la Facultades de Ciencias de las Universidades de Salamanca y de Valladolid.<\/p>\n<p><strong><span style=\"color: #008080;\">Art\u00edculo 7.<\/span><\/strong>\u00a0El Jurado del Concurso estar\u00e1 formado por 7 componentes:<br \/>\nDr. Julio San Rom\u00e1n (Director del M\u00e1ster en F\u00edsica y Tecnolog\u00eda de los L\u00e1seres)<br \/>\nDra. Noem\u00ed Merayo (Directora del M\u00e1ster en F\u00edsica y Tecnolog\u00eda de los L\u00e1seres en la Universidad de Valladolid)<br \/>\nDra. Ana Mar\u00eda Garc\u00eda (Profesora del M\u00e1ster en F\u00edsica y Tecnolog\u00eda de los L\u00e1seres)<br \/>\nDr. Carlos Hern\u00e1ndez Garc\u00eda (Presidente de la Secci\u00f3n Local de Salamanca de la Real Sociedad Espa\u00f1ola de F\u00edsica).<br \/>\nD. Alejandro del Bosque (Miembro de la Asociaci\u00f3n Universitaria OSAL Student Chapter).<br \/>\nD\u00f1a. Mar\u00eda Losada Moncada (Miembro de la Asociaci\u00f3n Universitaria Supernova).<br \/>\nD. Jorge Monz\u00f3n de Castro (Miembro de la Asociaci\u00f3n Universitaria Physics League).<\/p>\n<p><strong><span style=\"color: #008080;\">Art\u00edculo 8.<\/span><\/strong> La participaci\u00f3n en el Concurso implica:<br \/>\n\u2022 Aceptar que las fotos podr\u00e1n ser publicadas en la web, en carteles o folletos informativos del m\u00e1ster.<br \/>\n\u2022 Aceptar que las fotos podr\u00e1n ser presentadas en futuras exposiciones u otras actividades del m\u00e1ster en F\u00edsica y Tecnolog\u00eda de los L\u00e1seres, siempre que sea sin fines lucrativos.<br \/>\n\u2022 La organizaci\u00f3n presupone que el autor tiene la autorizaci\u00f3n pertinente de las personas que pudieran aparecer en las fotograf\u00edas presentadas, recayendo sobre el autor toda responsabilidad relacionada con el derecho a la intimidad.<br \/>\n\u2022 El jurado queda facultado para resolver cualquier contingencia no prevista en estas Bases.<\/p>\n<p><em>Salamanca, 5 de Marzo de 2019.<\/em><\/p>\n<p><em>Dr. Julio San Rom\u00e1n,<\/em><br \/>\n<em>Director del M\u00e1ster en F\u00edsica y Tecnolog\u00eda de los L\u00e1seres<\/em><\/p>\n","protected":false},"excerpt":{"rendered":"<p>FALLO DEL III CONCURSO FOTOGR\u00c1FICO \u201cD\u00cdA DE LA LUZ\u201d 2019 Aqu\u00ed est\u00e1 el acta del jurado con los premiados (Acta del jurado 2019). Enhorabuena a todos por participar! &nbsp; BASES DEL III CONCURSO FOTOGR\u00c1FICO \u201cD\u00cdA DE LA LUZ\u201d 2019 Organiza: M\u00e1ster en F\u00edsica y Tecnolog\u00eda de los L\u00e1seres Objeto del Certamen: Aprovechando que la Organizaci\u00f3n<\/p>\n","protected":false},"author":1,"featured_media":0,"parent":2141,"menu_order":0,"comment_status":"closed","ping_status":"closed","template":"","meta":{"_monsterinsights_skip_tracking":false,"_monsterinsights_sitenote_active":false,"_monsterinsights_sitenote_note":"","_monsterinsights_sitenote_category":0,"footnotes":""},"class_list":["post-2154","page","type-page","status-publish","hentry"],"_links":{"self":[{"href":"https:\/\/laser.usal.es\/posgrado\/wp-json\/wp\/v2\/pages\/2154","targetHints":{"allow":["GET"]}}],"collection":[{"href":"https:\/\/laser.usal.es\/posgrado\/wp-json\/wp\/v2\/pages"}],"about":[{"href":"https:\/\/laser.usal.es\/posgrado\/wp-json\/wp\/v2\/types\/page"}],"author":[{"embeddable":true,"href":"https:\/\/laser.usal.es\/posgrado\/wp-json\/wp\/v2\/users\/1"}],"replies":[{"embeddable":true,"href":"https:\/\/laser.usal.es\/posgrado\/wp-json\/wp\/v2\/comments?post=2154"}],"version-history":[{"count":10,"href":"https:\/\/laser.usal.es\/posgrado\/wp-json\/wp\/v2\/pages\/2154\/revisions"}],"predecessor-version":[{"id":2464,"href":"https:\/\/laser.usal.es\/posgrado\/wp-json\/wp\/v2\/pages\/2154\/revisions\/2464"}],"up":[{"embeddable":true,"href":"https:\/\/laser.usal.es\/posgrado\/wp-json\/wp\/v2\/pages\/2141"}],"wp:attachment":[{"href":"https:\/\/laser.usal.es\/posgrado\/wp-json\/wp\/v2\/media?parent=2154"}],"curies":[{"name":"wp","href":"https:\/\/api.w.org\/{rel}","templated":true}]}}