{"id":28,"date":"2010-10-25T13:34:44","date_gmt":"2010-10-25T13:34:44","guid":{"rendered":"http:\/\/laser.usal.es\/posgrado\/2010\/10\/25\/asignaturas\/"},"modified":"2024-10-22T16:21:49","modified_gmt":"2024-10-22T16:21:49","slug":"asignaturas","status":"publish","type":"page","link":"https:\/\/laser.usal.es\/posgrado\/estudios-de-master\/asignaturas\/","title":{"rendered":"Gu\u00eda del estudiante"},"content":{"rendered":"<section class=\"section  text-normal section-text-no-shadow section-inner-no-shadow section-normal section-opaque\"  >\n    \n    <div class=\"background-overlay grid-overlay-0 \" style=\"background-color: rgba(0,0,0,0);\"><\/div>\n\n    <div class=\"container container-vertical-default\">\n        <div class=\"row vertical-default\">\n            <div class=\"col-md-12     text-default small-screen-default\"  ><div class=\"col-text-1 text-normal  element-top-20 element-bottom-20\" data-os-animation=\"none\" data-os-animation-delay=\"0s\">\n    <h1 style=\"text-align: justify;\"><span style=\"font-size: small;\"><strong>Objetivos y competencias<\/strong><\/span><\/h1>\n<p style=\"text-align: justify;\">En el siguiente enlace puedes encontrar informaci\u00f3n sobre los <strong><a href=\"https:\/\/laser.usal.es\/posgrado\/2012\/07\/25\/objetivos\/\">objetivos y competencias del m\u00e1ster<\/a><\/strong>.<\/p>\n<h1 style=\"text-align: justify;\"><span style=\"font-size: small;\"><strong>Descripci\u00f3n del plan de estudios<br \/>\n<\/strong><\/span><\/h1>\n<p>Pulsa en <a href=\"https:\/\/guias.usal.es\/filesg\/guias2015\/Fichas%20Asignaturas%202021-2022_0.pdf\" target=\"_blank\" rel=\"noopener\"><strong>este enlace<\/strong><\/a> para acceder a la gu\u00eda docente donde se resume la informacion de todas las asignaturas. Consulta con el coordinador del m\u00e1ster (<a href=\"mailto:master.laser@usal.es\">master.laser@usal.es<\/a>) cualquier duda que te surja.<\/p>\n<\/div>\n<\/div>        <\/div>\n    <\/div>\n<\/section>\n<section class=\"section  text-normal section-text-no-shadow section-inner-no-shadow section-normal section-opaque\"  >\n    \n    <div class=\"background-overlay grid-overlay-0 \" style=\"background-color: rgba(0,0,0,0);\"><\/div>\n\n    <div class=\"container container-vertical-default\">\n        <div class=\"row vertical-default\">\n            <div class=\"col-md-12     text-default small-screen-default\"  ><p class=\"lead text-center center  text-normal element-top-20 element-bottom-20\" data-os-animation=\"none\" data-os-animation-delay=\"0s\">Complementos formativos (1)<\/p><div class=\"row \"><div class=\"col-md-6     text-default small-screen-default\"  ><div class=\"panel panel-danger  element-top-20 element-bottom-20\" data-os-animation=\"none\" data-os-animation-delay=\"0s\">\n        <div class=\"panel-heading\">\n        <h3 class=\"panel-title\">\n            Primer cuatrimestre        <\/h3>\n    <\/div>\n        <div class=\"panel-body\">\n        <div class=\"col-text-1 text-normal  element-top-20 element-bottom-20\" data-os-animation=\"none\" data-os-animation-delay=\"0s\">\n    <ul>\n<li><a href=\"https:\/\/laser.usal.es\/posgrado\/wp-content\/uploads\/2022\/05\/Bases-de-optica.pdf\" target=\"_blank\" rel=\"noopener\">Bases de \u00f3ptica (USAL)<\/a><\/li>\n<li><a href=\"https:\/\/laser.usal.es\/posgrado\/wp-content\/uploads\/2022\/03\/Bases-de-Fisica-Cuantica.pdf\" target=\"_blank\" rel=\"noopener\">Bases de f\u00edsica cu\u00e1ntica (USAL)<\/a><\/li>\n<\/ul>\n<\/div>\n    <\/div>\n<\/div><\/div><div class=\"col-md-6     text-default small-screen-default\"  ><div class=\"panel panel-danger  element-top-20 element-bottom-20\" data-os-animation=\"none\" data-os-animation-delay=\"0s\">\n        <div class=\"panel-heading\">\n        <h3 class=\"panel-title\">\n            Segundo cuatrimestre        <\/h3>\n    <\/div>\n        <div class=\"panel-body\">\n            <\/div>\n<\/div><\/div><\/div><\/div>        <\/div>\n    <\/div>\n<\/section>\n<section class=\"section  text-normal section-text-no-shadow section-inner-no-shadow section-normal section-opaque\"  >\n    \n    <div class=\"background-overlay grid-overlay-0 \" style=\"background-color: rgba(0,0,0,0);\"><\/div>\n\n    <div class=\"container container-vertical-default\">\n        <div class=\"row vertical-default\">\n            <div class=\"col-md-12     text-default small-screen-default\"  ><p class=\"lead text-center center  text-normal element-top-20 element-bottom-20\" data-os-animation=\"none\" data-os-animation-delay=\"0s\">Asignaturas obligatorias<\/p><div class=\"row \"><div class=\"col-md-6     text-default small-screen-default\"  ><div class=\"panel panel-danger  element-top-20 element-bottom-20\" data-os-animation=\"none\" data-os-animation-delay=\"0s\">\n        <div class=\"panel-heading\">\n        <h3 class=\"panel-title\">\n            Primer cuatrimestre        <\/h3>\n    <\/div>\n        <div class=\"panel-body\">\n        <div class=\"col-text-1 text-normal  element-top-20 element-bottom-20\" data-os-animation=\"none\" data-os-animation-delay=\"0s\">\n    <ul>\n<li><a href=\"https:\/\/guias.usal.es\/filesg\/guias2015\/Introducci\u00f3n%20a%20la%20interacci\u00f3n%20l\u00e1ser-materia.pdf\" target=\"_blank\" rel=\"noopener\">Introducci\u00f3n a la interacci\u00f3n l\u00e1ser-materia (USAL)<\/a><\/li>\n<li><a href=\"https:\/\/guias.usal.es\/filesg\/guias2015\/Fundamentos%20de%20los%20l\u00e1seres.pdf\" target=\"_blank\" rel=\"noopener\">Fundamentos de los l\u00e1seres<\/a><a href=\"https:\/\/laser.usal.es\/posgrado\/wp-content\/uploads\/2022\/05\/Introduccion-a-la-interaccion-laser-materia.pdf\" target=\"_blank\" rel=\"noopener\"> (USAL)<\/a><\/li>\n<li><a href=\"https:\/\/laser.usal.es\/posgrado\/wp-content\/uploads\/2022\/03\/Laboratorios-de-laseres.pdf\" target=\"_blank\" rel=\"noopener\">Laboratorio de l\u00e1seres<\/a><a href=\"https:\/\/laser.usal.es\/posgrado\/wp-content\/uploads\/2022\/05\/Introduccion-a-la-interaccion-laser-materia.pdf\" target=\"_blank\" rel=\"noopener\"> (USAL)<\/a><\/li>\n<li><a href=\"https:\/\/laser.usal.es\/posgrado\/wp-content\/uploads\/2022\/03\/Metodos-computacionales.pdf\" target=\"_blank\" rel=\"noopener\">M\u00e9todos computacionales en \u00f3ptica<\/a><a href=\"https:\/\/laser.usal.es\/posgrado\/wp-content\/uploads\/2022\/05\/Introduccion-a-la-interaccion-laser-materia.pdf\" target=\"_blank\" rel=\"noopener\"> (USAL)<\/a><\/li>\n<li><a href=\"https:\/\/laser.usal.es\/posgrado\/wp-content\/uploads\/2022\/03\/Instrumentacion-y-tecnicas-de-analisis-del-haz-laser.pdf\" target=\"_blank\" rel=\"noopener\">Instrumentaci\u00f3n y t\u00e9cnicas de an\u00e1lisis del haz l\u00e1ser<\/a><a href=\"https:\/\/laser.usal.es\/posgrado\/wp-content\/uploads\/2022\/05\/Introduccion-a-la-interaccion-laser-materia.pdf\" target=\"_blank\" rel=\"noopener\"> (USAL)<\/a><\/li>\n<li><a href=\"https:\/\/laser.usal.es\/posgrado\/wp-content\/uploads\/2022\/03\/Laseres-de-semiconductor-y-optoelectronica.pdf\" target=\"_blank\" rel=\"noopener\">L\u00e1seres de semiconductor y optoelectr\u00f3nica (UVa)<\/a><\/li>\n<li><a href=\"https:\/\/laser.usal.es\/posgrado\/wp-content\/uploads\/2022\/03\/Transferencia-y-comunicacion.pdf\" target=\"_blank\" rel=\"noopener\">Transferencia y comunicaci\u00f3n de los resultados de la investigaci\u00f3n<\/a><a href=\"https:\/\/laser.usal.es\/posgrado\/wp-content\/uploads\/2022\/05\/Introduccion-a-la-interaccion-laser-materia.pdf\" target=\"_blank\" rel=\"noopener\"> (USAL)<\/a><\/li>\n<\/ul>\n<\/div>\n    <\/div>\n<\/div><\/div><div class=\"col-md-6     text-default small-screen-default\"  ><div class=\"panel panel-danger  element-top-20 element-bottom-20\" data-os-animation=\"none\" data-os-animation-delay=\"0s\">\n        <div class=\"panel-heading\">\n        <h3 class=\"panel-title\">\n            Segundo cuatrimestre        <\/h3>\n    <\/div>\n        <div class=\"panel-body\">\n        <div class=\"col-text-1 text-normal  element-top-20 element-bottom-20\" data-os-animation=\"none\" data-os-animation-delay=\"0s\">\n    <ul>\n<li><a href=\"https:\/\/guias.usal.es\/filesg\/guias2015\/Pulsos%20ultracortos.pdf\" target=\"_blank\" rel=\"noopener\">Pulsos ultracortos <\/a><a href=\"https:\/\/laser.usal.es\/posgrado\/wp-content\/uploads\/2022\/05\/Introduccion-a-la-interaccion-laser-materia.pdf\" target=\"_blank\" rel=\"noopener\"> (USAL)<\/a><\/li>\n<li><a href=\"https:\/\/guias.usal.es\/filesg\/guias2015\/L\u00e1seres%20de%20fibra.pdf\" target=\"_blank\" rel=\"noopener\">L\u00e1seres de fibra (UVa)<\/a><\/li>\n<\/ul>\n<\/div>\n    <\/div>\n<\/div><\/div><\/div><div class=\"row \"><div class=\"col-md-12     text-default small-screen-default\"  ><div class=\"panel panel-danger  element-top-20 element-bottom-20\" data-os-animation=\"none\" data-os-animation-delay=\"0s\">\n        <div class=\"panel-heading\">\n        <h3 class=\"panel-title\">\n            Primer y segundo cuatrimestre        <\/h3>\n    <\/div>\n        <div class=\"panel-body\">\n        <div class=\"col-text-1 text-normal  element-top-20 element-bottom-20\" data-os-animation=\"none\" data-os-animation-delay=\"0s\">\n    <ul>\n<li><a href=\"https:\/\/laser.usal.es\/posgrado\/wp-content\/uploads\/2022\/03\/Temas-avanzados-en-la-interaccion-laser-materia.pdf\" target=\"_blank\" rel=\"noopener\">Temas avanzados en la interacci\u00f3n l\u00e1ser-materia <\/a><a href=\"https:\/\/laser.usal.es\/posgrado\/wp-content\/uploads\/2022\/05\/Introduccion-a-la-interaccion-laser-materia.pdf\" target=\"_blank\" rel=\"noopener\">(USAL)<\/a><\/li>\n<\/ul>\n<\/div>\n    <\/div>\n<\/div><\/div><\/div><\/div>        <\/div>\n    <\/div>\n<\/section>\n<section class=\"section  text-normal section-text-no-shadow section-inner-no-shadow section-normal section-opaque\"  >\n    \n    <div class=\"background-overlay grid-overlay-0 \" style=\"background-color: rgba(0,0,0,0);\"><\/div>\n\n    <div class=\"container container-vertical-default\">\n        <div class=\"row vertical-default\">\n            <div class=\"col-md-12     text-default small-screen-default\"  ><p class=\"lead text-center center  text-normal element-top-20 element-bottom-20\" data-os-animation=\"none\" data-os-animation-delay=\"0s\">Asignaturas optativas (2)<\/p><div class=\"row \"><div class=\"col-md-6     text-default small-screen-default\"  ><div class=\"panel panel-danger  element-top-20 element-bottom-20\" data-os-animation=\"none\" data-os-animation-delay=\"0s\">\n        <div class=\"panel-heading\">\n        <h3 class=\"panel-title\">\n            Primer cuatrimestre        <\/h3>\n    <\/div>\n        <div class=\"panel-body\">\n        <div class=\"col-text-1 text-normal  element-top-20 element-bottom-20\" data-os-animation=\"none\" data-os-animation-delay=\"0s\">\n    <ul>\n<li><a href=\"https:\/\/guias.usal.es\/filesg\/guias2015\/L\u00e1seres%20en%20biomedicina.pdf\">L\u00e1seres en biomedicina (USAL \/ IO-CSIC)<\/a><\/li>\n<li><a href=\"https:\/\/laser.usal.es\/posgrado\/wp-content\/uploads\/2022\/03\/Optica-cuantica.pdf\" target=\"_blank\" rel=\"noopener\">\u00d3ptica cu\u00e1ntica<\/a><a href=\"https:\/\/laser.usal.es\/posgrado\/wp-content\/uploads\/2022\/05\/Introduccion-a-la-interaccion-laser-materia.pdf\" target=\"_blank\" rel=\"noopener\"> (USAL)<\/a><\/li>\n<\/ul>\n<\/div>\n    <\/div>\n<\/div><\/div><div class=\"col-md-6     text-default small-screen-default\"  ><div class=\"panel panel-danger  element-top-20 element-bottom-20\" data-os-animation=\"none\" data-os-animation-delay=\"0s\">\n        <div class=\"panel-heading\">\n        <h3 class=\"panel-title\">\n            Segundo cuatrimestre        <\/h3>\n    <\/div>\n        <div class=\"panel-body\">\n        <div class=\"col-text-1 text-normal  element-top-20 element-bottom-20\" data-os-animation=\"none\" data-os-animation-delay=\"0s\">\n    <ul>\n<li><a href=\"https:\/\/laser.usal.es\/posgrado\/wp-content\/uploads\/2022\/03\/Laboratorio-de-laseres-intensos.pdf\" target=\"_blank\" rel=\"noopener\">Laboratorio de l\u00e1seres intensos <\/a><a href=\"https:\/\/laser.usal.es\/posgrado\/wp-content\/uploads\/2022\/05\/Introduccion-a-la-interaccion-laser-materia.pdf\" target=\"_blank\" rel=\"noopener\"> (USAL)<\/a><\/li>\n<li><a href=\"https:\/\/laser.usal.es\/posgrado\/wp-content\/uploads\/2022\/05\/Aplicaciones-de-los-laseres-al-procesad-o-y-caracterizacion-de-materiales.pdf\" target=\"_blank\" rel=\"noopener\">Aplicaciones de los l\u00e1seres al procesado y caracterizaci\u00f3n de materiales<\/a><a href=\"https:\/\/laser.usal.es\/posgrado\/wp-content\/uploads\/2022\/05\/Introduccion-a-la-interaccion-laser-materia.pdf\" target=\"_blank\" rel=\"noopener\"> (USAL)<\/a><\/li>\n<li><a href=\"https:\/\/laser.usal.es\/posgrado\/wp-content\/uploads\/2022\/03\/Radiacion-fuera-del-rango-optico.pdf\" target=\"_blank\" rel=\"noopener\">Radiaci\u00f3n fuera del rango \u00f3ptico<\/a><a href=\"https:\/\/laser.usal.es\/posgrado\/wp-content\/uploads\/2022\/05\/Introduccion-a-la-interaccion-laser-materia.pdf\" target=\"_blank\" rel=\"noopener\"> (USAL)<\/a><\/li>\n<li><a href=\"https:\/\/laser.usal.es\/posgrado\/wp-content\/uploads\/2022\/03\/Fisica-de-campos-intensos.pdf\" target=\"_blank\" rel=\"noopener\">F\u00edsica de campos intensos<\/a><a href=\"https:\/\/laser.usal.es\/posgrado\/wp-content\/uploads\/2022\/05\/Introduccion-a-la-interaccion-laser-materia.pdf\" target=\"_blank\" rel=\"noopener\"> (USAL)<\/a><\/li>\n<li><a href=\"https:\/\/laser.usal.es\/posgrado\/wp-content\/uploads\/2022\/03\/Interaccion-l\u2002ser-plasma.pdf\" target=\"_blank\" rel=\"noopener\">Interacci\u00f3n l\u00e1ser-plasma<\/a><a href=\"https:\/\/laser.usal.es\/posgrado\/wp-content\/uploads\/2022\/05\/Introduccion-a-la-interaccion-laser-materia.pdf\" target=\"_blank\" rel=\"noopener\"> (USAL)<\/a><\/li>\n<li><a href=\"https:\/\/laser.usal.es\/posgrado\/wp-content\/uploads\/2022\/03\/Comunicaciones-opticas.pdf\" target=\"_blank\" rel=\"noopener\">Comunicaciones \u00f3pticas (UVa)<\/a><\/li>\n<li><a href=\"https:\/\/laser.usal.es\/posgrado\/wp-content\/uploads\/2022\/05\/Espectroscopia-Avanzada.pdf\" target=\"_blank\" rel=\"noopener\">Espectroscopia Avanzada (UVa)<\/a><\/li>\n<li><a href=\"https:\/\/laser.usal.es\/posgrado\/wp-content\/uploads\/2022\/05\/Ampliacion-de-Laseres-de-semiconductor.pdf\" target=\"_blank\" rel=\"noopener\">Ampliaci\u00f3n en L\u00e1seres de Semiconductor y Optoelectr\u00f3nica (UVa)<\/a><\/li>\n<\/ul>\n<\/div>\n    <\/div>\n<\/div><\/div><\/div><\/div>        <\/div>\n    <\/div>\n<\/section>\n<section class=\"section  text-normal section-text-no-shadow section-inner-no-shadow section-normal section-opaque\"  >\n    \n    <div class=\"background-overlay grid-overlay-0 \" style=\"background-color: rgba(0,0,0,0);\"><\/div>\n\n    <div class=\"container container-vertical-default\">\n        <div class=\"row vertical-default\">\n            <div class=\"col-md-12     text-default small-screen-default\"  ><p class=\"lead text-center center  text-normal element-top-20 element-bottom-20\" data-os-animation=\"none\" data-os-animation-delay=\"0s\"><\/p><div class=\"row \"><div class=\"col-md-12     text-default small-screen-default\"  ><div class=\"panel panel-danger  element-top-20 element-bottom-20\" data-os-animation=\"none\" data-os-animation-delay=\"0s\">\n        <div class=\"panel-heading\">\n        <h3 class=\"panel-title\">\n            Primer y segundo cuatrimestre        <\/h3>\n    <\/div>\n        <div class=\"panel-body\">\n        <div class=\"col-text-1 text-normal  element-top-20 element-bottom-20\" data-os-animation=\"none\" data-os-animation-delay=\"0s\">\n    <ul>\n<li><a href=\"https:\/\/laser.usal.es\/posgrado\/wp-content\/uploads\/2022\/03\/Trabajo-fin-de-master.pdf\" target=\"_blank\" rel=\"noopener\">Trabajo Fin de M\u00e1ster<\/a><\/li>\n<\/ul>\n<\/div>\n    <\/div>\n<\/div><\/div><\/div><\/div>        <\/div>\n    <\/div>\n<\/section>\n<section class=\"section  text-normal section-text-no-shadow section-inner-no-shadow section-normal section-opaque\"  >\n    \n    <div class=\"background-overlay grid-overlay-0 \" style=\"background-color: rgba(0,0,0,0);\"><\/div>\n\n    <div class=\"container container-vertical-default\">\n        <div class=\"row vertical-default\">\n            <div class=\"col-md-12     text-default small-screen-default\"  ><div class=\"col-text-1 text-normal  element-top-20 element-bottom-20\" data-os-animation=\"none\" data-os-animation-delay=\"0s\">\n    <p>(1) Los Complementos formativos deber\u00e1n ser cursados por algunos estudiantes en funci\u00f3n de lo que decida la Comisi\u00f3n Acad\u00e9mica durante el proceso de admisi\u00f3n. Esta decisi\u00f3n estar\u00e1 basada en la formaci\u00f3n previa de los estudiantes.<\/p>\n<p>(2) Cada estudiante deber\u00e1 elegir un total de 15 cr\u00e9ditos de asignaturas optativas (5 asignaturas de 3 cr\u00e9ditos cada una).<\/p>\n<\/div>\n<\/div>        <\/div>\n    <\/div>\n<\/section>\n","protected":false},"excerpt":{"rendered":"Objetivos y competencias En el siguiente enlace puedes encontrar informaci\u00f3n sobre los objetivos y competencias del m\u00e1ster. Descripci\u00f3n del plan de estudios Pulsa en este enlace para acceder a la gu\u00eda docente donde se resume la informacion de todas las asignaturas. Consulta con el coordinador del m\u00e1ster (master.laser@usal.es) cualquier duda que te surja. Complementos formativos","protected":false},"author":1,"featured_media":0,"parent":795,"menu_order":3,"comment_status":"open","ping_status":"closed","template":"","meta":{"_monsterinsights_skip_tracking":false,"_monsterinsights_sitenote_active":false,"_monsterinsights_sitenote_note":"","_monsterinsights_sitenote_category":0,"footnotes":""},"class_list":["post-28","page","type-page","status-publish","hentry"],"_links":{"self":[{"href":"https:\/\/laser.usal.es\/posgrado\/wp-json\/wp\/v2\/pages\/28","targetHints":{"allow":["GET"]}}],"collection":[{"href":"https:\/\/laser.usal.es\/posgrado\/wp-json\/wp\/v2\/pages"}],"about":[{"href":"https:\/\/laser.usal.es\/posgrado\/wp-json\/wp\/v2\/types\/page"}],"author":[{"embeddable":true,"href":"https:\/\/laser.usal.es\/posgrado\/wp-json\/wp\/v2\/users\/1"}],"replies":[{"embeddable":true,"href":"https:\/\/laser.usal.es\/posgrado\/wp-json\/wp\/v2\/comments?post=28"}],"version-history":[{"count":27,"href":"https:\/\/laser.usal.es\/posgrado\/wp-json\/wp\/v2\/pages\/28\/revisions"}],"predecessor-version":[{"id":2862,"href":"https:\/\/laser.usal.es\/posgrado\/wp-json\/wp\/v2\/pages\/28\/revisions\/2862"}],"up":[{"embeddable":true,"href":"https:\/\/laser.usal.es\/posgrado\/wp-json\/wp\/v2\/pages\/795"}],"wp:attachment":[{"href":"https:\/\/laser.usal.es\/posgrado\/wp-json\/wp\/v2\/media?parent=28"}],"curies":[{"name":"wp","href":"https:\/\/api.w.org\/{rel}","templated":true}]}}